{"id":187,"date":"2014-05-20T08:40:20","date_gmt":"2014-05-20T06:40:20","guid":{"rendered":"http:\/\/www.maritimemeile-haren.de\/admin\/?page_id=187"},"modified":"2014-11-06T10:24:03","modified_gmt":"2014-11-06T08:24:03","slug":"146-reederei-hs-schiffahrts-gmbh-co-kg","status":"publish","type":"page","link":"http:\/\/www.maritimemeile-haren.de\/admin\/146-reederei-hs-schiffahrts-gmbh-co-kg\/","title":{"rendered":"146 REEDEREI HS SCHIFFAHRT"},"content":{"rendered":"<p><a href=\"http:\/\/www.maritimemeile-haren.de\/admin\/wp-content\/uploads\/2014\/05\/146_tab1.jpg\"><img loading=\"lazy\" decoding=\"async\" class=\"alignnone wp-image-4938 size-full\" src=\"http:\/\/www.maritimemeile-haren.de\/admin\/wp-content\/uploads\/2014\/05\/146_tab1.jpg\" alt=\"\" width=\"600\" height=\"292\" srcset=\"http:\/\/www.maritimemeile-haren.de\/admin\/wp-content\/uploads\/2014\/05\/146_tab1.jpg 600w, http:\/\/www.maritimemeile-haren.de\/admin\/wp-content\/uploads\/2014\/05\/146_tab1-300x146.jpg 300w\" sizes=\"(max-width: 600px) 100vw, 600px\" \/><\/a><\/p>\n<p><span style=\"font-size: 12pt;\"><a href=\"http:\/\/www.hs-schiffahrt.de\">www.hs-schiffahrt.de<\/a><\/span><\/p>\n<p><a href=\"http:\/\/www.maritimemeile-haren.de\/admin\/wp-content\/uploads\/2014\/05\/146_Reederei-HS_1.jpg\"><img loading=\"lazy\" decoding=\"async\" class=\"alignnone size-full wp-image-1521\" src=\"http:\/\/www.maritimemeile-haren.de\/admin\/wp-content\/uploads\/2014\/05\/146_Reederei-HS_1.jpg\" alt=\"146_Reederei HS_1\" width=\"600\" height=\"400\" srcset=\"http:\/\/www.maritimemeile-haren.de\/admin\/wp-content\/uploads\/2014\/05\/146_Reederei-HS_1.jpg 600w, http:\/\/www.maritimemeile-haren.de\/admin\/wp-content\/uploads\/2014\/05\/146_Reederei-HS_1-300x200.jpg 300w\" sizes=\"(max-width: 600px) 100vw, 600px\" \/><\/a><\/p>\n<p style=\"text-align: justify;\"><span style=\"font-size: 10pt;\">Reederei HS Schiffahrt<\/span><\/p>\n<p style=\"text-align: justify;\"><a href=\"http:\/\/www.maritimemeile-haren.de\/admin\/wp-content\/uploads\/2014\/05\/146_306.jpg\"><img loading=\"lazy\" decoding=\"async\" class=\"alignnone size-full wp-image-3571\" src=\"http:\/\/www.maritimemeile-haren.de\/admin\/wp-content\/uploads\/2014\/05\/146_306.jpg\" alt=\"146_306\" width=\"600\" height=\"359\" srcset=\"http:\/\/www.maritimemeile-haren.de\/admin\/wp-content\/uploads\/2014\/05\/146_306.jpg 600w, http:\/\/www.maritimemeile-haren.de\/admin\/wp-content\/uploads\/2014\/05\/146_306-300x179.jpg 300w\" sizes=\"(max-width: 600px) 100vw, 600px\" \/><\/a><\/p>\n<p style=\"text-align: justify;\"><a href=\"http:\/\/www.maritimemeile-haren.de\/admin\/wp-content\/uploads\/2014\/05\/146_305.jpg\"><img loading=\"lazy\" decoding=\"async\" class=\"alignnone size-full wp-image-3572\" src=\"http:\/\/www.maritimemeile-haren.de\/admin\/wp-content\/uploads\/2014\/05\/146_305.jpg\" alt=\"146_305\" width=\"600\" height=\"346\" srcset=\"http:\/\/www.maritimemeile-haren.de\/admin\/wp-content\/uploads\/2014\/05\/146_305.jpg 600w, http:\/\/www.maritimemeile-haren.de\/admin\/wp-content\/uploads\/2014\/05\/146_305-300x173.jpg 300w\" sizes=\"(max-width: 600px) 100vw, 600px\" \/><\/a><\/p>\n<p style=\"text-align: justify;\"><a href=\"http:\/\/www.maritimemeile-haren.de\/admin\/wp-content\/uploads\/2014\/05\/146_304.jpg\"><img loading=\"lazy\" decoding=\"async\" class=\"alignnone size-full wp-image-3573\" src=\"http:\/\/www.maritimemeile-haren.de\/admin\/wp-content\/uploads\/2014\/05\/146_304.jpg\" alt=\"146_304\" width=\"600\" height=\"274\" srcset=\"http:\/\/www.maritimemeile-haren.de\/admin\/wp-content\/uploads\/2014\/05\/146_304.jpg 600w, http:\/\/www.maritimemeile-haren.de\/admin\/wp-content\/uploads\/2014\/05\/146_304-300x137.jpg 300w\" sizes=\"(max-width: 600px) 100vw, 600px\" \/><\/a><\/p>\n<p style=\"text-align: justify;\"><a href=\"http:\/\/www.maritimemeile-haren.de\/admin\/wp-content\/uploads\/2014\/05\/146_303.jpg\"><img loading=\"lazy\" decoding=\"async\" class=\"alignnone size-full wp-image-3574\" src=\"http:\/\/www.maritimemeile-haren.de\/admin\/wp-content\/uploads\/2014\/05\/146_303.jpg\" alt=\"146_303\" width=\"600\" height=\"328\" srcset=\"http:\/\/www.maritimemeile-haren.de\/admin\/wp-content\/uploads\/2014\/05\/146_303.jpg 600w, http:\/\/www.maritimemeile-haren.de\/admin\/wp-content\/uploads\/2014\/05\/146_303-300x164.jpg 300w\" sizes=\"(max-width: 600px) 100vw, 600px\" \/><\/a><\/p>\n<p style=\"text-align: justify;\"><a href=\"http:\/\/www.maritimemeile-haren.de\/admin\/wp-content\/uploads\/2014\/05\/146_302.jpg\"><img loading=\"lazy\" decoding=\"async\" class=\"alignnone size-full wp-image-3575\" src=\"http:\/\/www.maritimemeile-haren.de\/admin\/wp-content\/uploads\/2014\/05\/146_302.jpg\" alt=\"146_302\" width=\"600\" height=\"333\" srcset=\"http:\/\/www.maritimemeile-haren.de\/admin\/wp-content\/uploads\/2014\/05\/146_302.jpg 600w, http:\/\/www.maritimemeile-haren.de\/admin\/wp-content\/uploads\/2014\/05\/146_302-300x166.jpg 300w\" sizes=\"(max-width: 600px) 100vw, 600px\" \/><\/a><\/p>\n<p style=\"text-align: justify;\"><a href=\"http:\/\/www.maritimemeile-haren.de\/admin\/wp-content\/uploads\/2014\/05\/146_301.jpg\"><img loading=\"lazy\" decoding=\"async\" class=\"alignnone size-full wp-image-3576\" src=\"http:\/\/www.maritimemeile-haren.de\/admin\/wp-content\/uploads\/2014\/05\/146_301.jpg\" alt=\"146_301\" width=\"600\" height=\"315\" srcset=\"http:\/\/www.maritimemeile-haren.de\/admin\/wp-content\/uploads\/2014\/05\/146_301.jpg 600w, http:\/\/www.maritimemeile-haren.de\/admin\/wp-content\/uploads\/2014\/05\/146_301-300x157.jpg 300w\" sizes=\"(max-width: 600px) 100vw, 600px\" \/><\/a><\/p>\n<p style=\"text-align: justify;\"><a href=\"http:\/\/www.maritimemeile-haren.de\/admin\/wp-content\/uploads\/2014\/05\/146_300.jpg\"><img loading=\"lazy\" decoding=\"async\" class=\"alignnone size-full wp-image-3577\" src=\"http:\/\/www.maritimemeile-haren.de\/admin\/wp-content\/uploads\/2014\/05\/146_300.jpg\" alt=\"146_300\" width=\"600\" height=\"253\" srcset=\"http:\/\/www.maritimemeile-haren.de\/admin\/wp-content\/uploads\/2014\/05\/146_300.jpg 600w, http:\/\/www.maritimemeile-haren.de\/admin\/wp-content\/uploads\/2014\/05\/146_300-300x126.jpg 300w\" sizes=\"(max-width: 600px) 100vw, 600px\" \/><\/a><\/p>\n<p style=\"text-align: justify;\"><a href=\"http:\/\/www.maritimemeile-haren.de\/admin\/wp-content\/uploads\/2014\/05\/146_3021.jpg\"><img loading=\"lazy\" decoding=\"async\" class=\"alignnone size-full wp-image-3692\" src=\"http:\/\/www.maritimemeile-haren.de\/admin\/wp-content\/uploads\/2014\/05\/146_3021.jpg\" alt=\"146_302\" width=\"600\" height=\"326\" srcset=\"http:\/\/www.maritimemeile-haren.de\/admin\/wp-content\/uploads\/2014\/05\/146_3021.jpg 600w, http:\/\/www.maritimemeile-haren.de\/admin\/wp-content\/uploads\/2014\/05\/146_3021-300x163.jpg 300w\" sizes=\"(max-width: 600px) 100vw, 600px\" \/><\/a><\/p>\n<p style=\"text-align: justify;\"><a href=\"http:\/\/www.maritimemeile-haren.de\/admin\/wp-content\/uploads\/2014\/05\/146_3011.jpg\"><img loading=\"lazy\" decoding=\"async\" class=\"alignnone size-full wp-image-3693\" src=\"http:\/\/www.maritimemeile-haren.de\/admin\/wp-content\/uploads\/2014\/05\/146_3011.jpg\" alt=\"146_301\" width=\"600\" height=\"320\" srcset=\"http:\/\/www.maritimemeile-haren.de\/admin\/wp-content\/uploads\/2014\/05\/146_3011.jpg 600w, http:\/\/www.maritimemeile-haren.de\/admin\/wp-content\/uploads\/2014\/05\/146_3011-300x160.jpg 300w\" sizes=\"(max-width: 600px) 100vw, 600px\" \/><\/a><\/p>\n<p style=\"text-align: justify;\"><a href=\"http:\/\/www.maritimemeile-haren.de\/admin\/wp-content\/uploads\/2014\/05\/146_3001.jpg\"><img loading=\"lazy\" decoding=\"async\" class=\"alignnone size-full wp-image-3694\" src=\"http:\/\/www.maritimemeile-haren.de\/admin\/wp-content\/uploads\/2014\/05\/146_3001.jpg\" alt=\"146_300\" width=\"600\" height=\"349\" srcset=\"http:\/\/www.maritimemeile-haren.de\/admin\/wp-content\/uploads\/2014\/05\/146_3001.jpg 600w, http:\/\/www.maritimemeile-haren.de\/admin\/wp-content\/uploads\/2014\/05\/146_3001-300x174.jpg 300w\" sizes=\"(max-width: 600px) 100vw, 600px\" \/><\/a><\/p>\n<hr \/>\n<h5 style=\"text-align: justify;\">Aus der Geschichte:<\/h5>\n<p style=\"text-align: justify;\"><span style=\"font-size: 12pt;\">Nunmehr in der f\u00fcnften Generation f\u00fchrt die Reederei HS Schiffahrt die erfolgreiche Tradition der Familie Schepers in der Seeschifffahrt fort. Kapit\u00e4n Heinrich Schepers (*1858) erwarb am 10.12.1885 die Tjalk &#8222;MARIA&#8220;, die 1889 vor Norderney bei schwerem Sturm sank. Alle Besatzungsmitglieder fanden dabei den Seemannstod.<\/span><\/p>\n<p style=\"text-align: justify;\"><a href=\"http:\/\/www.maritimemeile-haren.de\/admin\/wp-content\/uploads\/2014\/05\/146_10c.jpg\"><img loading=\"lazy\" decoding=\"async\" class=\"alignnone size-full wp-image-3469\" src=\"http:\/\/www.maritimemeile-haren.de\/admin\/wp-content\/uploads\/2014\/05\/146_10c.jpg\" alt=\"146_10c\" width=\"300\" height=\"435\" srcset=\"http:\/\/www.maritimemeile-haren.de\/admin\/wp-content\/uploads\/2014\/05\/146_10c.jpg 300w, http:\/\/www.maritimemeile-haren.de\/admin\/wp-content\/uploads\/2014\/05\/146_10c-206x300.jpg 206w\" sizes=\"(max-width: 300px) 100vw, 300px\" \/><\/a><\/p>\n<p style=\"text-align: justify;\"><span style=\"font-size: 10pt;\">Musterrolle der MARIA vom 29.03.1876<\/span><br \/>\n<span style=\"font-size: 10pt;\"> Innenseite des Heuervertrages:<\/span><br \/>\n<span style=\"font-size: 10pt;\"> \u201eVor der K\u00f6niglich Preussischen Musterungsbeh\u00f6rde zu Leer sind erschienen der Schiffer Gerhard Gerdelmann aus Haren, f\u00fchrend das Deutsche Schiff \u201eMARIA\u201c einerseits, und die nachbenannten Schiffsleute andererseits, 1. Der Bestmann Weert Schaa aus Holterfehn, 2. Der Matrose Gerhard Boll aus Haren; Heuer monatlich 63 Mark bzw. 30 Mark.\u201c (wortgetreue Wiedergabe) Die Mannschaft wurde im Oktober\/November 1876 wieder abgemustert.<\/span><br \/>\n<span style=\"font-size: 10pt;\"> (Bildvorlage: Reinhard Wessels)<\/span><\/p>\n<p style=\"text-align: justify;\"><span style=\"font-size: 12pt;\">1913 Sein Sohn Kapit\u00e4n Bernhard Schepers (*1887) trat durch den Erwerb des eisernen Segelschiffes &#8222;MARIA ELISE&#8220; in die Fu\u00dfstapfen seines Vaters. Das Schiff wurde sp\u00e4ter zu einem Motorsegler umgebaut.<\/span><\/p>\n<p style=\"text-align: justify;\"><a href=\"http:\/\/www.maritimemeile-haren.de\/admin\/wp-content\/uploads\/2014\/05\/146_30.jpg\"><img loading=\"lazy\" decoding=\"async\" class=\"alignnone size-full wp-image-4216\" src=\"http:\/\/www.maritimemeile-haren.de\/admin\/wp-content\/uploads\/2014\/05\/146_30.jpg\" alt=\"146_30\" width=\"600\" height=\"895\" srcset=\"http:\/\/www.maritimemeile-haren.de\/admin\/wp-content\/uploads\/2014\/05\/146_30.jpg 600w, http:\/\/www.maritimemeile-haren.de\/admin\/wp-content\/uploads\/2014\/05\/146_30-201x300.jpg 201w\" sizes=\"(max-width: 600px) 100vw, 600px\" \/><\/a><\/p>\n<p><span style=\"font-size: 10pt;\">Heinrich (*1929) und <\/span><br \/>\n<span style=\"font-size: 10pt;\">Bernhard Schepers (*1887)<\/span><br \/>\n<span style=\"font-size: 10pt;\">Foto: Familie Schepers<\/span><\/p>\n<p style=\"text-align: justify;\"><a href=\"http:\/\/www.maritimemeile-haren.de\/admin\/wp-content\/uploads\/2014\/05\/146_3.jpg\"><img loading=\"lazy\" decoding=\"async\" class=\"alignnone size-full wp-image-3471\" src=\"http:\/\/www.maritimemeile-haren.de\/admin\/wp-content\/uploads\/2014\/05\/146_3.jpg\" alt=\"146_3\" width=\"600\" height=\"326\" srcset=\"http:\/\/www.maritimemeile-haren.de\/admin\/wp-content\/uploads\/2014\/05\/146_3.jpg 600w, http:\/\/www.maritimemeile-haren.de\/admin\/wp-content\/uploads\/2014\/05\/146_3-300x163.jpg 300w\" sizes=\"(max-width: 600px) 100vw, 600px\" \/><\/a><\/p>\n<p style=\"text-align: justify;\"><span style=\"font-size: 10pt;\">Motorsegler MARIA ELISE in der Nordsee\u00a0\u00a0\u00a0 (Foto: Reinhard Wessels)<\/span><\/p>\n<p style=\"text-align: justify;\"><span style=\"font-size: 12pt;\">1943 Wie damals in Haren \u00fcblich, wandte sich auch ein Sohn Heinrich Schepers (Vater der Reedereiinhaber) bereits im Alter von 14 Jahren dem Seemannsberuf zu. Im Jahre 1953 erwarb er das Kapit\u00e4nspatent an der Seefahrtsschule in Leer.<\/span><\/p>\n<p style=\"text-align: justify;\"><span style=\"font-size: 12pt;\">1954 Kapit\u00e4n Heinrich Schepers \u00fcbernahm die v\u00e4terliche &#8222;MARIA ELISE&#8220;.<\/span><\/p>\n<p style=\"text-align: justify;\"><span style=\"font-size: 12pt;\">1960-1965 Der Familienbetrieb Schepers setzte die &#8222;BERNHARD SCHEPERS&#8220; (1960) und die &#8222;HELENA SCHEPERS&#8220; (1965) in Fahrt. Bei seinen vielf\u00e4ltigen Aufgaben als Partikulierschiffer wurde Kapit\u00e4n Heinrich Schepers selbstverst\u00e4ndlich von seiner Ehefrau Maria Schepers, geb. Held sowohl an Land als auch durch die Absolvierung des CMot- Maschinenpatentes an Bord unterst\u00fctzt. Auch sie entstammt einer alten Harener Schifferfamilie. Mit dem Motorsegler &#8222;MARGARETHA&#8220; befuhr ihr Vater Johann Held bereits die Nord- und Ostsee.<\/span><\/p>\n<p style=\"text-align: justify;\"><a href=\"http:\/\/www.maritimemeile-haren.de\/admin\/wp-content\/uploads\/2014\/05\/146_31.jpg\"><img loading=\"lazy\" decoding=\"async\" class=\"alignnone size-full wp-image-4217\" src=\"http:\/\/www.maritimemeile-haren.de\/admin\/wp-content\/uploads\/2014\/05\/146_31.jpg\" alt=\"146_31\" width=\"600\" height=\"509\" srcset=\"http:\/\/www.maritimemeile-haren.de\/admin\/wp-content\/uploads\/2014\/05\/146_31.jpg 600w, http:\/\/www.maritimemeile-haren.de\/admin\/wp-content\/uploads\/2014\/05\/146_31-300x254.jpg 300w\" sizes=\"(max-width: 600px) 100vw, 600px\" \/><\/a><\/p>\n<p><span style=\"font-size: 10pt;\">Fam. Heinrich Schepers im Steuerhaus der HELENA SCHEPERS\u00a0\u00a0\u00a0\u00a0\u00a0 Foto: Familie Schepers<\/span><\/p>\n<p style=\"text-align: justify;\"><a href=\"http:\/\/www.maritimemeile-haren.de\/admin\/wp-content\/uploads\/2014\/05\/146_33.jpg\"><img loading=\"lazy\" decoding=\"async\" class=\"alignnone size-full wp-image-4219\" src=\"http:\/\/www.maritimemeile-haren.de\/admin\/wp-content\/uploads\/2014\/05\/146_33.jpg\" alt=\"146_33\" width=\"600\" height=\"449\" srcset=\"http:\/\/www.maritimemeile-haren.de\/admin\/wp-content\/uploads\/2014\/05\/146_33.jpg 600w, http:\/\/www.maritimemeile-haren.de\/admin\/wp-content\/uploads\/2014\/05\/146_33-300x224.jpg 300w\" sizes=\"(max-width: 600px) 100vw, 600px\" \/><\/a><\/p>\n<p><span style=\"font-size: 10pt;\">Heino Schepers mit seinen Eltern an Bord der HELENA SCHEPERS Foto: Familie Schepers<\/span><\/p>\n<p style=\"text-align: justify;\"><span style=\"font-size: 12pt;\">1978 Kapit\u00e4n Heinrich Schepers vollzog den \u00dcbergang\u2028zu den heutigen Schiffsbeteiligungsformen. Zusammen mit Kapit\u00e4n Bernhard Lohmann (MS STEPHAN) und Kapit\u00e4n Laurenz Held (MS JAN LAURENZ) wurde 1978 die Ems-Trans Schiffahrtsgesellschaft und 1985 die Ems-Fracht Schiffahrtsgesellschaft gegr\u00fcndet.<\/span><\/p>\n<p style=\"text-align: justify;\"><!--more--><!--nextpage--><\/p>\n<p style=\"text-align: justify;\"><span style=\"font-size: 12pt;\">Durch die Neubauten &#8222;EMSTAL&#8220; (1995) und &#8222;RHEINTAL&#8220; (1996) wurde der \u00dcbergang von der traditionellen Bulk- bzw. St\u00fcckgutfahrt zur Bereederung moderner Containertonnage vollzogen. Bis heute wurden sieben Neubauprojekte initiiert, von denen nunmehr drei Projekte durch den Verkauf der Schiffe abgeschlossen wurden. Die drei Gr\u00fcndungskapit\u00e4ne sind weiterhin als Gesch\u00e4ftsf\u00fchrer der Schifffahrtsgesellschaften t\u00e4tig.<\/span><\/p>\n<p style=\"text-align: justify;\"><a href=\"http:\/\/www.maritimemeile-haren.de\/admin\/wp-content\/uploads\/2014\/05\/146_32.jpg\"><img loading=\"lazy\" decoding=\"async\" class=\"alignnone size-full wp-image-4218\" src=\"http:\/\/www.maritimemeile-haren.de\/admin\/wp-content\/uploads\/2014\/05\/146_32.jpg\" alt=\"146_32\" width=\"600\" height=\"306\" srcset=\"http:\/\/www.maritimemeile-haren.de\/admin\/wp-content\/uploads\/2014\/05\/146_32.jpg 600w, http:\/\/www.maritimemeile-haren.de\/admin\/wp-content\/uploads\/2014\/05\/146_32-300x153.jpg 300w\" sizes=\"(max-width: 600px) 100vw, 600px\" \/><\/a><\/p>\n<p><span style=\"font-size: 10pt;\">ISARTAL\u00a0 (Bauj. 1989, 2.777 tdw)\u00a0\u00a0 \u00a0Foto: FotoFlite inc. Skyfotos<\/span><\/p>\n<p style=\"text-align: justify;\"><span style=\"font-size: 12pt;\">1987 Hans-Bernd und Heino, die beiden S\u00f6hne von Kapit\u00e4n Heinrich Schepers zeigten bereits in fr\u00fchen Jahren reges Interesse am Schifffahrtsgeschehen. Auf dem elterlichen Schiff der &#8222;HELENA SCHEPERS&#8220; lernten sie die Vielfalt des Schifffahrtsberufes kennen und sch\u00e4tzen. Selbstverst\u00e4ndlich war es daher, dass man sich dem Schifffahrtsgewerbe zuwenden wollte. Der Vater legte dabei gro\u00dfen Wert auf Qualifikationen f\u00fcr diesen Berufszweig und erm\u00f6glichte ihnen eine umfassende Ausbildung. Hans-Bernd Schepers erlernte den Beruf von der &#8222;Pike&#8220; auf. Auf Schiffen aus Haren erwarb er \u00fcber die klassische Ausbildung zum Schiffsmechaniker im Jahre 1993 an der Seefahrtsschule in Leer das Kapit\u00e4nspatent AG. Anschlie\u00dfend fuhr er als Steuermann und Kapit\u00e4n auf Harener Schiffen und erhielt Einblicke in die Bereederung moderner Tonnage Heino Schepers absolvierte zun\u00e4chst eine Ausbildung in den steuerberatenden Berufen. Anschlie\u00dfend schloss er erfolgreich im Jahre 1999 das Betriebswirtschaftsstudium an der Universit\u00e4t Oldenburg zum Diplom Kaufmann ab. Nach einem Auslandpraktikum bei einer Schiffsfinanzierungsgesellschaft in New York konnte er anschlie\u00dfend bei der Briese Schiffahrtsgesellschaft<\/span> <span style=\"font-size: 12pt;\">in Leer weitreichende Kenntnisse in der kaufm\u00e4nnischen Abwicklung eines Reedereibetriebes erwerben.<\/span><\/p>\n<p style=\"text-align: justify;\"><span style=\"font-size: 12pt;\">2000 Die beiden Br\u00fcder Kapit\u00e4n Hans-Bernd Schepers und Dipl. Kfm. Heino Schepers gr\u00fcndeten die Reederei HS Bereederungs GmbH &amp; Co. KG. Im April des Jahres wurde das Secondhand-Schiff &#8222;SEA EMS&#8220; angekauft.<\/span><\/p>\n<p style=\"text-align: justify;\"><a href=\"http:\/\/www.maritimemeile-haren.de\/admin\/wp-content\/uploads\/2014\/05\/146_34.jpg\"><img loading=\"lazy\" decoding=\"async\" class=\"alignnone size-full wp-image-4220\" src=\"http:\/\/www.maritimemeile-haren.de\/admin\/wp-content\/uploads\/2014\/05\/146_34.jpg\" alt=\"146_34\" width=\"300\" height=\"446\" srcset=\"http:\/\/www.maritimemeile-haren.de\/admin\/wp-content\/uploads\/2014\/05\/146_34.jpg 300w, http:\/\/www.maritimemeile-haren.de\/admin\/wp-content\/uploads\/2014\/05\/146_34-201x300.jpg 201w\" sizes=\"(max-width: 300px) 100vw, 300px\" \/><\/a><\/p>\n<p><span style=\"font-size: 10pt;\">Hans-Bernd Schepers w\u00e4hrend der Ausbildung\u00a0\u00a0 \u00a0Foto: Hans-Bernd Schepers<\/span><\/p>\n<p style=\"text-align: justify;\"><span style=\"font-size: 12pt;\">2001 Im Februar 2001 erfolgte die \u00dcbernahme des baugleichen Schwesterschiffes &#8222;JOHANNA&#8220;. Beide Schiffe wurden in der europ\u00e4ischen K\u00fcstenfahrt eingesetzt. Mit dem Erwerb des Feederschiffes &#8222;MARIA SCHEPERS&#8220; gelang der \u00dcbergang in die Containerschifffahrt.<\/span><\/p>\n<p style=\"text-align: justify;\"><span style=\"font-size: 12pt;\">2002 Im Januar 2002 verst\u00e4rkte Oliver Schepers als\u00a0 Schiffsbetriebstechniker das Team der HS Schiffahrt. Er konnte bereits als Reedereiinspektor umfangreiches technisches Knowhow erlangen, um bei Schiffsbetriebsst\u00f6rungen m\u00f6glichst schnelle Abhilfe zu leisten. Gleichzeitig erfolgte die Gr\u00fcndung der Reederei HS Schiffahrt GmbH &amp; Co. KG. Der Mehrzweckfrachter &#8222;EMS&#8220; wurde im August 2002 \u00fcbernommen 2003 Oliver Schepers \u00fcbernahm im Februar den Mehrzweckfrachter &#8222;SYLVIA&#8220;. Gleichzeitig wurden die Aktivit\u00e4ten im Containerbereich gezielt ausgebaut. Man kaufte im September die &#8222;VERENA B&#8220; und nannte den Containerfeeder &#8222;HELENA SCHEPERS&#8220;; somit lebte ein traditioneller Schiffsname der Reedereifamilie wieder auf. Noch im Dezember konnte dann ein Containerschiff erworben werden, das nach dem Gr\u00fcnder des Unternehmens &#8222;HEINZ SCHEPERS&#8220; benannt wurde. Der Frachter &#8222;SEA EMS&#8220; wurde ver\u00e4u\u00dfert.<\/span><\/p>\n<p style=\"text-align: justify;\"><a href=\"http:\/\/www.maritimemeile-haren.de\/admin\/wp-content\/uploads\/2014\/05\/146_35.jpg\"><img loading=\"lazy\" decoding=\"async\" class=\"alignnone size-full wp-image-4221\" src=\"http:\/\/www.maritimemeile-haren.de\/admin\/wp-content\/uploads\/2014\/05\/146_35.jpg\" alt=\"146_35\" width=\"600\" height=\"397\" srcset=\"http:\/\/www.maritimemeile-haren.de\/admin\/wp-content\/uploads\/2014\/05\/146_35.jpg 600w, http:\/\/www.maritimemeile-haren.de\/admin\/wp-content\/uploads\/2014\/05\/146_35-300x198.jpg 300w\" sizes=\"(max-width: 600px) 100vw, 600px\" \/><\/a><\/p>\n<p><span style=\"font-size: 10pt;\">Der Gr\u00fcnder des Schifffahrtsunternehmens mit seinen S\u00f6hnen\u00a0\u00a0 \u00a0\u00a0\u00a0\u00a0\u00a0\u00a0 Foto: Familie Schepers<\/span><\/p>\n<p style=\"text-align: justify;\"><span style=\"font-size: 12pt;\">2004 Zur Flotte der Reederei HS Schiffahrt geh\u00f6ren nach dem Verkauf der &#8222;EMS&#8220; und &#8222;SEA WAAL&#8220; zurzeit ein Mehrzweckfrachter und drei Containerschiffe, die als Secondhand- Schiffe erworben wurden. Schwerpunkt der weiteren Reedereit\u00e4tigkeit wird das Containerfeedergesch\u00e4ft sein. Man legt dabei gro\u00dfen Wert auf die pers\u00f6nliche Betreuung der Schiffe und deckt einen Tonnagebereich von 2.000 bis 5.400 tdw ab. Die beruflichen Voraussetzungen zur F\u00fchrung eines modernen Reedereibetriebes sind durch die Gesch\u00e4ftsleitung gegeben. Kapit\u00e4n Hans-Bernd Schepers deckt vorwiegend den nautischen Teil der Einschiffgesellschaften ab, w\u00e4hrend Dipl. Kfm. Heino Schepers den kaufm\u00e4nnischen Bereich des Reedereigesch\u00e4ftes betreut.<\/span><\/p>\n<p style=\"text-align: justify;\"><span style=\"font-size: 12pt;\">2008 &#8211; Umzug in ein neues Reedereigeb\u00e4ude<\/span><\/p>\n<p style=\"text-align: justify;\"><span style=\"font-size: 12pt;\">2014 &#8211; 26 Seeschiffe werden bereedert<\/span><\/p>\n<p>&nbsp;<\/p>\n<p>&nbsp;<\/p>\n<p>&nbsp;<\/p>\n","protected":false},"excerpt":{"rendered":"<p>www.hs-schiffahrt.de Reederei HS Schiffahrt Aus der Geschichte: Nunmehr in der f\u00fcnften Generation f\u00fchrt die Reederei HS Schiffahrt die erfolgreiche Tradition der Familie Schepers in der Seeschifffahrt fort. Kapit\u00e4n Heinrich Schepers&hellip; <\/p>\n","protected":false},"author":1,"featured_media":0,"parent":0,"menu_order":146,"comment_status":"closed","ping_status":"closed","template":"","meta":{"footnotes":""},"_links":{"self":[{"href":"http:\/\/www.maritimemeile-haren.de\/admin\/wp-json\/wp\/v2\/pages\/187"}],"collection":[{"href":"http:\/\/www.maritimemeile-haren.de\/admin\/wp-json\/wp\/v2\/pages"}],"about":[{"href":"http:\/\/www.maritimemeile-haren.de\/admin\/wp-json\/wp\/v2\/types\/page"}],"author":[{"embeddable":true,"href":"http:\/\/www.maritimemeile-haren.de\/admin\/wp-json\/wp\/v2\/users\/1"}],"replies":[{"embeddable":true,"href":"http:\/\/www.maritimemeile-haren.de\/admin\/wp-json\/wp\/v2\/comments?post=187"}],"version-history":[{"count":33,"href":"http:\/\/www.maritimemeile-haren.de\/admin\/wp-json\/wp\/v2\/pages\/187\/revisions"}],"predecessor-version":[{"id":4941,"href":"http:\/\/www.maritimemeile-haren.de\/admin\/wp-json\/wp\/v2\/pages\/187\/revisions\/4941"}],"wp:attachment":[{"href":"http:\/\/www.maritimemeile-haren.de\/admin\/wp-json\/wp\/v2\/media?parent=187"}],"curies":[{"name":"wp","href":"https:\/\/api.w.org\/{rel}","templated":true}]}}