{"id":230,"date":"2014-05-20T08:58:06","date_gmt":"2014-05-20T06:58:06","guid":{"rendered":"http:\/\/www.maritimemeile-haren.de\/admin\/?page_id=230"},"modified":"2014-08-11T13:54:51","modified_gmt":"2014-08-11T11:54:51","slug":"165-reederei-bd-shipsnavo","status":"publish","type":"page","link":"http:\/\/www.maritimemeile-haren.de\/admin\/165-reederei-bd-shipsnavo\/","title":{"rendered":"165 REEDEREI BD-SHIPSNAVO"},"content":{"rendered":"<p><a href=\"http:\/\/www.maritimemeile-haren.de\/admin\/wp-content\/uploads\/2014\/05\/165_tab.jpg\"><img loading=\"lazy\" decoding=\"async\" class=\"alignnone size-full wp-image-1598\" src=\"http:\/\/www.maritimemeile-haren.de\/admin\/wp-content\/uploads\/2014\/05\/165_tab.jpg\" alt=\"Layout 1\" width=\"600\" height=\"292\" srcset=\"http:\/\/www.maritimemeile-haren.de\/admin\/wp-content\/uploads\/2014\/05\/165_tab.jpg 600w, http:\/\/www.maritimemeile-haren.de\/admin\/wp-content\/uploads\/2014\/05\/165_tab-300x146.jpg 300w\" sizes=\"(max-width: 600px) 100vw, 600px\" \/><\/a><\/p>\n<p><a href=\"http:\/\/www.shipsnavo.de\"><span style=\"font-size: 12pt;\">www.shipsnavo.de<\/span><\/a><\/p>\n<p><a href=\"http:\/\/www.maritimemeile-haren.de\/admin\/wp-content\/uploads\/2014\/06\/165_Reederei-Shipsnavo_1.jpg\"><img loading=\"lazy\" decoding=\"async\" class=\"alignnone size-full wp-image-1604\" src=\"http:\/\/www.maritimemeile-haren.de\/admin\/wp-content\/uploads\/2014\/06\/165_Reederei-Shipsnavo_1.jpg\" alt=\"165_Reederei Shipsnavo_1\" width=\"600\" height=\"400\" srcset=\"http:\/\/www.maritimemeile-haren.de\/admin\/wp-content\/uploads\/2014\/06\/165_Reederei-Shipsnavo_1.jpg 600w, http:\/\/www.maritimemeile-haren.de\/admin\/wp-content\/uploads\/2014\/06\/165_Reederei-Shipsnavo_1-300x200.jpg 300w\" sizes=\"(max-width: 600px) 100vw, 600px\" \/><\/a><\/p>\n<p><span style=\"font-size: 10pt;\">Reederei BD-Shipsnavo<\/span><\/p>\n<p><a href=\"http:\/\/www.maritimemeile-haren.de\/admin\/wp-content\/uploads\/2014\/05\/165_325.jpg\"><img loading=\"lazy\" decoding=\"async\" class=\"alignnone size-full wp-image-3697\" src=\"http:\/\/www.maritimemeile-haren.de\/admin\/wp-content\/uploads\/2014\/05\/165_325.jpg\" alt=\"165_325\" width=\"600\" height=\"248\" srcset=\"http:\/\/www.maritimemeile-haren.de\/admin\/wp-content\/uploads\/2014\/05\/165_325.jpg 600w, http:\/\/www.maritimemeile-haren.de\/admin\/wp-content\/uploads\/2014\/05\/165_325-300x124.jpg 300w\" sizes=\"(max-width: 600px) 100vw, 600px\" \/><\/a><\/p>\n<hr \/>\n<h5>\u00a0Zur Geschichte:<\/h5>\n<p style=\"text-align: justify;\"><span style=\"font-size: 12pt;\">Die als Familienbetrieb gef\u00fchrte mittelst\u00e4ndische Reederei BD-Shipsnavo GmbH &amp; Co. Reederei KG kann mit Stolz auf eine langj\u00e4hrige maritime Tradition zur\u00fcckblicken<\/span>. <span style=\"font-size: 12pt;\">Bereits die Gro\u00dfeltern und Urgro\u00dfeltern \u201eBernhard Schepers\u201c und \u201eHelena Schepers\u201c der heutigen BD-Shipsnavo\u00a0 von Bernhard Dopp, Peter Dopp und Christian Dopp waren mit ihren Seglern im Bereich der Seeschifffahrt t\u00e4tig.<\/span><\/p>\n<p style=\"text-align: justify;\"><span style=\"font-size: 12pt;\">Die Grundlage f\u00fcr die nun in f\u00fcnfter Generation gef\u00fchrte Reederei legte 1885 Kapit\u00e4n Heinrich Schepers mit dem Erwerb der Tjalk MARIA.\u00a0 Am 27.10.1889 strandete der Segler bei schwerem Sturm vor Norderney. Alle Besatzungsmitglieder fanden dabei den Seemannstod.<\/span><\/p>\n<p style=\"text-align: justify;\"><span style=\"font-size: 12pt;\">Sein Sohn Kapit\u00e4n Bernhard Schepers (*1887) trat 1913 durch den Erwerb des Segelschiffes MARIA ELISE in die Fu\u00dfstapfen seines Vaters. Das Schiff wurde sp\u00e4ter zu einem Motorsegler umgebaut.<\/span><\/p>\n<p style=\"text-align: justify;\"><a href=\"http:\/\/www.maritimemeile-haren.de\/admin\/wp-content\/uploads\/2014\/05\/165_302.jpg\"><img loading=\"lazy\" decoding=\"async\" class=\"alignnone size-full wp-image-3639\" src=\"http:\/\/www.maritimemeile-haren.de\/admin\/wp-content\/uploads\/2014\/05\/165_302.jpg\" alt=\"165_302\" width=\"600\" height=\"279\" srcset=\"http:\/\/www.maritimemeile-haren.de\/admin\/wp-content\/uploads\/2014\/05\/165_302.jpg 600w, http:\/\/www.maritimemeile-haren.de\/admin\/wp-content\/uploads\/2014\/05\/165_302-300x139.jpg 300w\" sizes=\"(max-width: 600px) 100vw, 600px\" \/><\/a><\/p>\n<p style=\"text-align: justify;\"><span style=\"font-size: 12pt;\">Ab Mai 1940 fuhr Kapit\u00e4n Heinrich Dopp auf dem Schiff seines sp\u00e4teren Schwiegervaters. Durch die Heirat mit der Tochter Maria Schepers wurde der Familienbetrieb Schepers\/Dopp fortgesetzt. 1954 wurde er Kapit\u00e4n auf dem K\u00fcstenmotorschiff HELENA SCHEPERS.<\/span><\/p>\n<p style=\"text-align: justify;\"><a href=\"http:\/\/www.maritimemeile-haren.de\/admin\/wp-content\/uploads\/2014\/05\/165_300.jpg\"><img loading=\"lazy\" decoding=\"async\" class=\"alignnone size-full wp-image-3641\" src=\"http:\/\/www.maritimemeile-haren.de\/admin\/wp-content\/uploads\/2014\/05\/165_300.jpg\" alt=\"165_300\" width=\"600\" height=\"354\" srcset=\"http:\/\/www.maritimemeile-haren.de\/admin\/wp-content\/uploads\/2014\/05\/165_300.jpg 600w, http:\/\/www.maritimemeile-haren.de\/admin\/wp-content\/uploads\/2014\/05\/165_300-300x177.jpg 300w\" sizes=\"(max-width: 600px) 100vw, 600px\" \/><\/a><\/p>\n<p style=\"text-align: justify;\"><a href=\"http:\/\/www.maritimemeile-haren.de\/admin\/wp-content\/uploads\/2014\/05\/165_303.jpg\"><img loading=\"lazy\" decoding=\"async\" class=\"alignnone size-full wp-image-3638\" src=\"http:\/\/www.maritimemeile-haren.de\/admin\/wp-content\/uploads\/2014\/05\/165_303.jpg\" alt=\"165_303\" width=\"600\" height=\"301\" srcset=\"http:\/\/www.maritimemeile-haren.de\/admin\/wp-content\/uploads\/2014\/05\/165_303.jpg 600w, http:\/\/www.maritimemeile-haren.de\/admin\/wp-content\/uploads\/2014\/05\/165_303-300x150.jpg 300w\" sizes=\"(max-width: 600px) 100vw, 600px\" \/><\/a><\/p>\n<p style=\"text-align: justify;\"><span style=\"font-size: 12pt;\">Durch Generationswechsel gelangte 1965 die BERNHARD SCHEPERS zur Familie Heinrich Dopp und die HELENA SCHEPERS zur Familie Heinrich Schepers. Die BERNHARD SCHEPERS wurde\u00a0 in der freien Fahrt eingesetzt. Sein Sohn Bernhard Dopp begann gleichzeitig die Ausbildung zum Kapit\u00e4n.<\/span><\/p>\n<p style=\"text-align: justify;\"><span style=\"font-size: 12pt;\">Am 01.08.1983 \u00fcbernahm Kapit\u00e4n Bernhard Dopp das Schiff seines Vaters. 1986 wurde es nach D\u00e4nemark verkauft.<\/span><\/p>\n<p style=\"text-align: justify;\"><span style=\"font-size: 12pt;\">Die Alttonnage wurde durch den Neubau MARIA D. ersetzt. Mit der Gr\u00fcndung der Reedereigesellschaft BD-Navis Bereederungs GmbH im Jahre 1992 wurde die Bereederung von vier weiteren Schiffen \u00fcbernommen.<\/span><\/p>\n<p style=\"text-align: justify;\"><!--more--><\/p>\n<p style=\"text-align: justify;\"><!--nextpage--><\/p>\n<p style=\"text-align: justify;\"><span style=\"font-size: 12pt;\">Die Umwandlung der Firma in die Kommanditgesellschaft BD Shipsnavo GmbH &amp; Co. Reederei KG wurde am 05.04.2000 in das Handelsregister eingetragen. Anfang 2005 wurde die CHRISTIAN D. \u00fcbernommen und in der weltweiten Fahrt eingesetzt.<\/span><\/p>\n<p style=\"text-align: justify;\"><a href=\"http:\/\/www.maritimemeile-haren.de\/admin\/wp-content\/uploads\/2014\/05\/165_301.jpg\"><img loading=\"lazy\" decoding=\"async\" class=\"alignnone size-full wp-image-3640\" src=\"http:\/\/www.maritimemeile-haren.de\/admin\/wp-content\/uploads\/2014\/05\/165_301.jpg\" alt=\"165_301\" width=\"600\" height=\"248\" srcset=\"http:\/\/www.maritimemeile-haren.de\/admin\/wp-content\/uploads\/2014\/05\/165_301.jpg 600w, http:\/\/www.maritimemeile-haren.de\/admin\/wp-content\/uploads\/2014\/05\/165_301-300x124.jpg 300w\" sizes=\"(max-width: 600px) 100vw, 600px\" \/><\/a><\/p>\n<p style=\"text-align: justify;\"><span style=\"font-size: 12pt;\">Mitte 2006 wurde die Flotte durch den Zukauf von vier 737 TEU Container- Schwesterschiffen erweitert. Vor der Finanzkrise wurden sie Anfang 2008 innerhalb Deutschlands profitabel verkauft.<\/span><\/p>\n<p style=\"text-align: justify;\"><a href=\"http:\/\/www.maritimemeile-haren.de\/admin\/wp-content\/uploads\/2014\/05\/165_305.jpg\"><img loading=\"lazy\" decoding=\"async\" class=\"alignnone size-full wp-image-3637\" src=\"http:\/\/www.maritimemeile-haren.de\/admin\/wp-content\/uploads\/2014\/05\/165_305.jpg\" alt=\"165_305\" width=\"600\" height=\"319\" srcset=\"http:\/\/www.maritimemeile-haren.de\/admin\/wp-content\/uploads\/2014\/05\/165_305.jpg 600w, http:\/\/www.maritimemeile-haren.de\/admin\/wp-content\/uploads\/2014\/05\/165_305-300x159.jpg 300w\" sizes=\"(max-width: 600px) 100vw, 600px\" \/><\/a><\/p>\n<p style=\"text-align: justify;\"><span style=\"font-size: 12pt;\">Ende 2007 zog die Reederei mit ihrem Team in das neue Reedereigeb\u00e4ude an der Kruppstra\u00dfe 10 in Haren (Ems) ein.<\/span><\/p>\n<p style=\"text-align: justify;\"><span style=\"font-size: 12pt;\">Ab 2010 wurde die Reedereiflotte durch zwei MPP-Haevylift Schiffe von 12.800 tdw und zwei MPP-Schiffen von 9.000 tdw und 6.000 tdw vergr\u00f6\u00dfert.<\/span><\/p>\n<p style=\"text-align: justify;\"><span style=\"font-size: 12pt;\">Die heutigen \u201eReederei-Nachfolger\u201c Dipl. Ing. Peter Dopp und BA Christian Dopp f\u00fchren mit der BD-Shipsnavo GmbH &amp; Co. Reederei KG die maritime Familientradition fort. Moderne MPP-Schiffe werden bereedert.<\/span><\/p>\n<p style=\"text-align: justify;\"><span style=\"font-size: 12pt;\">Dipl. Ing Peter Dopp erwarb \u00fcber die klassische Ausbildung zum Schiffsmechaniker an der Seefahrtsschule Leer das Kapit\u00e4nspatent AG. Er erlernte den Beruf von der Pike auf verschiedenen Schiffen anderer deutschen Reedereien. In der Position als Kapit\u00e4n erlangte er gro\u00dfe Erfahrungswerte in der weltweiten Container- und MPP-Fahrt. Er deckt in dem heutigen Reedereibetrieb den nautisch-technischen Teil der Einschiffsgesellschaften ab.<\/span><\/p>\n<p style=\"text-align: justify;\"><a href=\"http:\/\/www.maritimemeile-haren.de\/admin\/wp-content\/uploads\/2014\/05\/165_3001.jpg\"><img loading=\"lazy\" decoding=\"async\" class=\"alignnone size-full wp-image-3698\" src=\"http:\/\/www.maritimemeile-haren.de\/admin\/wp-content\/uploads\/2014\/05\/165_3001.jpg\" alt=\"165_300\" width=\"600\" height=\"282\" srcset=\"http:\/\/www.maritimemeile-haren.de\/admin\/wp-content\/uploads\/2014\/05\/165_3001.jpg 600w, http:\/\/www.maritimemeile-haren.de\/admin\/wp-content\/uploads\/2014\/05\/165_3001-300x141.jpg 300w\" sizes=\"(max-width: 600px) 100vw, 600px\" \/><\/a><\/p>\n<p style=\"text-align: justify;\"><span style=\"font-size: 12pt;\">BA Christian Dopp konnte im Anschluss an eine Ausbildung in den steuerberatenden Berufen, sein Wirtschaftsstudium an der Universit\u00e4t M\u00fcnster und Bocholt mit Erfolg abschlie\u00dfen. Weitreichende Kenntnisse in der kaufm\u00e4nnischen Abwicklung des Reedereibetriebes wurden im elterlichen Betrieb erworben. Er sichert die kaufm\u00e4nnische und finanzielle Betreuung des Reedereigesch\u00e4ftes ab.<\/span><\/p>\n<p style=\"text-align: justify;\"><span style=\"font-size: 12pt;\">Kapit\u00e4n Bernhard Dopp ist mit seiner jahrzehntelangen maritimen Erfahrung bis heute aktiv in der Reederei t\u00e4tig und ist ein gesch\u00e4tzter Gespr\u00e4chspartner und Berater seiner S\u00f6hne.<\/span><\/p>\n<p style=\"text-align: justify;\">\n","protected":false},"excerpt":{"rendered":"<p>www.shipsnavo.de Reederei BD-Shipsnavo \u00a0Zur Geschichte: Die als Familienbetrieb gef\u00fchrte mittelst\u00e4ndische Reederei BD-Shipsnavo GmbH &amp; Co. Reederei KG kann mit Stolz auf eine langj\u00e4hrige maritime Tradition zur\u00fcckblicken. Bereits die Gro\u00dfeltern und&hellip; <\/p>\n","protected":false},"author":1,"featured_media":0,"parent":0,"menu_order":165,"comment_status":"closed","ping_status":"closed","template":"","meta":{"footnotes":""},"_links":{"self":[{"href":"http:\/\/www.maritimemeile-haren.de\/admin\/wp-json\/wp\/v2\/pages\/230"}],"collection":[{"href":"http:\/\/www.maritimemeile-haren.de\/admin\/wp-json\/wp\/v2\/pages"}],"about":[{"href":"http:\/\/www.maritimemeile-haren.de\/admin\/wp-json\/wp\/v2\/types\/page"}],"author":[{"embeddable":true,"href":"http:\/\/www.maritimemeile-haren.de\/admin\/wp-json\/wp\/v2\/users\/1"}],"replies":[{"embeddable":true,"href":"http:\/\/www.maritimemeile-haren.de\/admin\/wp-json\/wp\/v2\/comments?post=230"}],"version-history":[{"count":17,"href":"http:\/\/www.maritimemeile-haren.de\/admin\/wp-json\/wp\/v2\/pages\/230\/revisions"}],"predecessor-version":[{"id":4075,"href":"http:\/\/www.maritimemeile-haren.de\/admin\/wp-json\/wp\/v2\/pages\/230\/revisions\/4075"}],"wp:attachment":[{"href":"http:\/\/www.maritimemeile-haren.de\/admin\/wp-json\/wp\/v2\/media?parent=230"}],"curies":[{"name":"wp","href":"https:\/\/api.w.org\/{rel}","templated":true}]}}