{"id":251,"date":"2014-05-20T09:06:17","date_gmt":"2014-05-20T07:06:17","guid":{"rendered":"http:\/\/www.maritimemeile-haren.de\/admin\/?page_id=251"},"modified":"2014-11-12T19:52:23","modified_gmt":"2014-11-12T17:52:23","slug":"175-reederei-thekla-schepers-gmbh-co-kg","status":"publish","type":"page","link":"http:\/\/www.maritimemeile-haren.de\/admin\/175-reederei-thekla-schepers-gmbh-co-kg\/","title":{"rendered":"175 REEDEREI THEKLA SCHEPERS"},"content":{"rendered":"<p><a href=\"http:\/\/www.maritimemeile-haren.de\/admin\/wp-content\/uploads\/2014\/05\/175_tab.jpg\"><img loading=\"lazy\" decoding=\"async\" class=\"alignnone size-full wp-image-1640\" src=\"http:\/\/www.maritimemeile-haren.de\/admin\/wp-content\/uploads\/2014\/05\/175_tab.jpg\" alt=\"Layout 1\" width=\"600\" height=\"292\" srcset=\"http:\/\/www.maritimemeile-haren.de\/admin\/wp-content\/uploads\/2014\/05\/175_tab.jpg 600w, http:\/\/www.maritimemeile-haren.de\/admin\/wp-content\/uploads\/2014\/05\/175_tab-300x146.jpg 300w\" sizes=\"(max-width: 600px) 100vw, 600px\" \/><\/a><\/p>\n<p><a href=\"http:\/\/www.reederei-ts.de\"><span style=\"font-size: 12pt;\">www.reederei-ts.de<\/span><\/a><\/p>\n<p><a href=\"http:\/\/www.maritimemeile-haren.de\/admin\/wp-content\/uploads\/2014\/05\/175_Reederei-T.-Schepers.jpg\"><img loading=\"lazy\" decoding=\"async\" class=\"alignnone size-full wp-image-1639\" src=\"http:\/\/www.maritimemeile-haren.de\/admin\/wp-content\/uploads\/2014\/05\/175_Reederei-T.-Schepers.jpg\" alt=\"175_Reederei T. Schepers\" width=\"600\" height=\"400\" srcset=\"http:\/\/www.maritimemeile-haren.de\/admin\/wp-content\/uploads\/2014\/05\/175_Reederei-T.-Schepers.jpg 600w, http:\/\/www.maritimemeile-haren.de\/admin\/wp-content\/uploads\/2014\/05\/175_Reederei-T.-Schepers-300x200.jpg 300w\" sizes=\"(max-width: 600px) 100vw, 600px\" \/><\/a><\/p>\n<p><span style=\"font-size: 10pt;\">Reederei Thekla Schepers<\/span><\/p>\n<p><a href=\"http:\/\/www.maritimemeile-haren.de\/admin\/wp-content\/uploads\/2014\/05\/175_3051.jpg\"><img loading=\"lazy\" decoding=\"async\" class=\"alignnone wp-image-3901 size-full\" src=\"http:\/\/www.maritimemeile-haren.de\/admin\/wp-content\/uploads\/2014\/05\/175_3051.jpg\" alt=\"\" width=\"600\" height=\"315\" srcset=\"http:\/\/www.maritimemeile-haren.de\/admin\/wp-content\/uploads\/2014\/05\/175_3051.jpg 600w, http:\/\/www.maritimemeile-haren.de\/admin\/wp-content\/uploads\/2014\/05\/175_3051-300x157.jpg 300w\" sizes=\"(max-width: 600px) 100vw, 600px\" \/><\/a><\/p>\n<p><a href=\"http:\/\/www.maritimemeile-haren.de\/admin\/wp-content\/uploads\/2014\/05\/175_3041.jpg\"><img loading=\"lazy\" decoding=\"async\" class=\"alignnone wp-image-3902 size-full\" src=\"http:\/\/www.maritimemeile-haren.de\/admin\/wp-content\/uploads\/2014\/05\/175_3041.jpg\" alt=\"\" width=\"300\" height=\"504\" srcset=\"http:\/\/www.maritimemeile-haren.de\/admin\/wp-content\/uploads\/2014\/05\/175_3041.jpg 300w, http:\/\/www.maritimemeile-haren.de\/admin\/wp-content\/uploads\/2014\/05\/175_3041-178x300.jpg 178w\" sizes=\"(max-width: 300px) 100vw, 300px\" \/><\/a><\/p>\n<p><!--nextpage--><\/p>\n<p><a href=\"http:\/\/www.maritimemeile-haren.de\/admin\/wp-content\/uploads\/2014\/05\/175_3031.jpg\"><img loading=\"lazy\" decoding=\"async\" class=\"alignnone wp-image-3904 size-full\" src=\"http:\/\/www.maritimemeile-haren.de\/admin\/wp-content\/uploads\/2014\/05\/175_3031.jpg\" alt=\"\" width=\"600\" height=\"391\" srcset=\"http:\/\/www.maritimemeile-haren.de\/admin\/wp-content\/uploads\/2014\/05\/175_3031.jpg 600w, http:\/\/www.maritimemeile-haren.de\/admin\/wp-content\/uploads\/2014\/05\/175_3031-300x195.jpg 300w\" sizes=\"(max-width: 600px) 100vw, 600px\" \/><\/a><\/p>\n<p><a href=\"http:\/\/www.maritimemeile-haren.de\/admin\/wp-content\/uploads\/2014\/05\/175_3021.jpg\"><img loading=\"lazy\" decoding=\"async\" class=\"alignnone wp-image-3905 size-full\" src=\"http:\/\/www.maritimemeile-haren.de\/admin\/wp-content\/uploads\/2014\/05\/175_3021.jpg\" alt=\"\" width=\"600\" height=\"436\" srcset=\"http:\/\/www.maritimemeile-haren.de\/admin\/wp-content\/uploads\/2014\/05\/175_3021.jpg 600w, http:\/\/www.maritimemeile-haren.de\/admin\/wp-content\/uploads\/2014\/05\/175_3021-300x218.jpg 300w\" sizes=\"(max-width: 600px) 100vw, 600px\" \/><\/a><\/p>\n<p><a href=\"http:\/\/www.maritimemeile-haren.de\/admin\/wp-content\/uploads\/2014\/05\/175_3011.jpg\"><img loading=\"lazy\" decoding=\"async\" class=\"alignnone wp-image-3906 size-full\" src=\"http:\/\/www.maritimemeile-haren.de\/admin\/wp-content\/uploads\/2014\/05\/175_3011.jpg\" alt=\"\" width=\"600\" height=\"325\" srcset=\"http:\/\/www.maritimemeile-haren.de\/admin\/wp-content\/uploads\/2014\/05\/175_3011.jpg 600w, http:\/\/www.maritimemeile-haren.de\/admin\/wp-content\/uploads\/2014\/05\/175_3011-300x162.jpg 300w\" sizes=\"(max-width: 600px) 100vw, 600px\" \/><\/a><\/p>\n<p><a href=\"http:\/\/www.maritimemeile-haren.de\/admin\/wp-content\/uploads\/2014\/05\/175_3001.jpg\"><img loading=\"lazy\" decoding=\"async\" class=\"alignnone wp-image-3907 size-full\" src=\"http:\/\/www.maritimemeile-haren.de\/admin\/wp-content\/uploads\/2014\/05\/175_3001.jpg\" alt=\"\" width=\"600\" height=\"352\" srcset=\"http:\/\/www.maritimemeile-haren.de\/admin\/wp-content\/uploads\/2014\/05\/175_3001.jpg 600w, http:\/\/www.maritimemeile-haren.de\/admin\/wp-content\/uploads\/2014\/05\/175_3001-300x176.jpg 300w\" sizes=\"(max-width: 600px) 100vw, 600px\" \/><\/a><\/p>\n<p><!--nextpage--><\/p>\n<h5>\u00a0Aus der Geschichte:<\/h5>\n<p style=\"text-align: justify;\"><span style=\"font-size: 12pt;\">In dem Familienzweig Schepers mit dem Beinamen &#8218;Kambernts&#8216; gehen die Anf\u00e4nge der Schifffahrt weit bis ins 18. Jahrhundert zur\u00fcck. Bereits 1910 wurde Rudolf Schepers (*1875) Eigent\u00fcmer der P\u00fcnte HAREN 76 und im Jahr 1926 erwarb er das eiserne Schleppschiff &#8222;THEKLA&#8220;.<\/span><\/p>\n<p style=\"text-align: justify;\"><a href=\"http:\/\/www.maritimemeile-haren.de\/admin\/wp-content\/uploads\/2014\/05\/175_34.jpg\"><img loading=\"lazy\" decoding=\"async\" class=\"alignnone size-full wp-image-4227\" src=\"http:\/\/www.maritimemeile-haren.de\/admin\/wp-content\/uploads\/2014\/05\/175_34.jpg\" alt=\"175_34\" width=\"600\" height=\"291\" srcset=\"http:\/\/www.maritimemeile-haren.de\/admin\/wp-content\/uploads\/2014\/05\/175_34.jpg 600w, http:\/\/www.maritimemeile-haren.de\/admin\/wp-content\/uploads\/2014\/05\/175_34-300x145.jpg 300w\" sizes=\"(max-width: 600px) 100vw, 600px\" \/><\/a><\/p>\n<p><span style=\"font-size: 10pt;\">RUDOLF\u00a0 (Bauj. 1929, 266 tdw)\u00a0\u00a0 \u00a0Foto: C. G. Nystr\u00f6m, Helsingborg<\/span><\/p>\n<p style=\"text-align: justify;\"><span style=\"font-size: 12pt;\">1929 Der Motorsegler &#8222;RUDOLF&#8220; wurde auf der Werft van Diepen in Waterhuizen gebaut. 1934-1937 Die Secondhand-Schiffe &#8222;THEA&#8220; und &#8222;HANS&#8220; wurden von der Familie erworben.<\/span><\/p>\n<p style=\"text-align: justify;\"><a href=\"http:\/\/www.maritimemeile-haren.de\/admin\/wp-content\/uploads\/2014\/05\/175_35.jpg\"><img loading=\"lazy\" decoding=\"async\" class=\"alignnone size-full wp-image-4228\" src=\"http:\/\/www.maritimemeile-haren.de\/admin\/wp-content\/uploads\/2014\/05\/175_35.jpg\" alt=\"175_35\" width=\"600\" height=\"296\" srcset=\"http:\/\/www.maritimemeile-haren.de\/admin\/wp-content\/uploads\/2014\/05\/175_35.jpg 600w, http:\/\/www.maritimemeile-haren.de\/admin\/wp-content\/uploads\/2014\/05\/175_35-300x148.jpg 300w\" sizes=\"(max-width: 600px) 100vw, 600px\" \/><\/a><\/p>\n<p><span style=\"font-size: 10pt;\">THEA\u00a0 (Bauj. 1931, 227 tdw)\u00a0\u00a0 \u00a0Foto: Thekla B\u00f6lle<\/span><\/p>\n<p style=\"text-align: justify;\"><span style=\"font-size: 12pt;\">1950-1957 Kapit\u00e4n Rudolf Schepers (*1915) lie\u00df 1950 auf der Elsflether Schiffswerft die &#8222;RUDOLF SCHEPERS&#8220; bauen. 1955 gab er der Werft Lanke in Spandau den Auftrag zum Bau des Binnenmotorschiffes &#8222;THEKLA SCHEPERS&#8220;. Bereits im Jahre 1957 erhielt man den Neubau &#8222;JOHANN SCHEPERS&#8220;.<\/span><\/p>\n<p style=\"text-align: justify;\"><a href=\"http:\/\/www.maritimemeile-haren.de\/admin\/wp-content\/uploads\/2014\/05\/175_30.jpg\"><img loading=\"lazy\" decoding=\"async\" class=\"alignnone size-full wp-image-4224\" src=\"http:\/\/www.maritimemeile-haren.de\/admin\/wp-content\/uploads\/2014\/05\/175_30.jpg\" alt=\"175_30\" width=\"600\" height=\"367\" srcset=\"http:\/\/www.maritimemeile-haren.de\/admin\/wp-content\/uploads\/2014\/05\/175_30.jpg 600w, http:\/\/www.maritimemeile-haren.de\/admin\/wp-content\/uploads\/2014\/05\/175_30-300x183.jpg 300w\" sizes=\"(max-width: 600px) 100vw, 600px\" \/><\/a><\/p>\n<p><span style=\"font-size: 10pt;\">MARUS ex RUDOLF SCHEPERS (Foto: C. G. Nystr\u00f6m, Helsingborg)<\/span><\/p>\n<p style=\"text-align: justify;\"><span style=\"font-size: 12pt;\">1969 Die Reederei &#8222;Thekla Schepers KG&#8220; wurde von Thekla Schepers und Heinz B\u00f6lle gegr\u00fcndet.<\/span><strong><span style=\"font-size: 12pt;\"><br \/>\n<\/span><\/strong><\/p>\n<p style=\"text-align: justify;\"><span style=\"font-size: 12pt;\">Das Secondhand- Schiff &#8222;MARUS&#8220; ex &#8222;RUDOLF SCHEPERS&#8220; wurde angekauft.<\/span><\/p>\n<p style=\"text-align: justify;\"><a href=\"http:\/\/www.maritimemeile-haren.de\/admin\/wp-content\/uploads\/2014\/05\/175_81.jpg\"><img loading=\"lazy\" decoding=\"async\" class=\"alignnone wp-image-3908 size-full\" src=\"http:\/\/www.maritimemeile-haren.de\/admin\/wp-content\/uploads\/2014\/05\/175_81.jpg\" alt=\"\" width=\"600\" height=\"271\" srcset=\"http:\/\/www.maritimemeile-haren.de\/admin\/wp-content\/uploads\/2014\/05\/175_81.jpg 600w, http:\/\/www.maritimemeile-haren.de\/admin\/wp-content\/uploads\/2014\/05\/175_81-300x135.jpg 300w\" sizes=\"(max-width: 600px) 100vw, 600px\" \/><\/a><\/p>\n<p style=\"text-align: justify;\"><span style=\"font-size: 12pt;\">1978 Der Mehrzweckfrachter &#8222;VERENA&#8220; wurde als erster Neubau durch den Schifffahrtsbetrieb bereedert. Mit der Detlef Hegemann Rolandwerft in Bremen-Hemelingen entstanden enge gesch\u00e4ftliche Beziehungen; mehrere Mehrzweckfrachter wurden f\u00fcr die Reederei gefertigt.<\/span><\/p>\n<p style=\"text-align: justify;\"><span style=\"font-size: 12pt;\">1981-1984 F\u00fcnf weitere Mehrzweckfrachter, die als &#8222;Rhein-See-Schiffe&#8220; eingesetzt wurden, konnte die &#8222;Thekla Schepers KG&#8220; in diesen Jahren in Dienst stellen.<\/span><\/p>\n<p style=\"text-align: justify;\"><a href=\"http:\/\/www.maritimemeile-haren.de\/admin\/wp-content\/uploads\/2014\/05\/175_36.jpg\"><img loading=\"lazy\" decoding=\"async\" class=\"alignnone size-full wp-image-4229\" src=\"http:\/\/www.maritimemeile-haren.de\/admin\/wp-content\/uploads\/2014\/05\/175_36.jpg\" alt=\"175_36\" width=\"600\" height=\"295\" srcset=\"http:\/\/www.maritimemeile-haren.de\/admin\/wp-content\/uploads\/2014\/05\/175_36.jpg 600w, http:\/\/www.maritimemeile-haren.de\/admin\/wp-content\/uploads\/2014\/05\/175_36-300x147.jpg 300w\" sizes=\"(max-width: 600px) 100vw, 600px\" \/><\/a><\/p>\n<p><span style=\"font-size: 10pt;\">SIMONE\u00a0\u00a0 Foto: FotoFlite incorporating Skyfotos<\/span><\/p>\n<p style=\"text-align: justify;\"><span style=\"font-size: 12pt;\">1989 Es erfolgte die Gr\u00fcndung der &#8222;Tesch Bereederungsgesellschaft mbH &amp; Co. KG&#8220;.<\/span><\/p>\n<p style=\"text-align: justify;\"><span style=\"font-size: 12pt;\">1993 Reeder Heinz B\u00f6lle entwickelte und bestellte bei der Rolandwerft Detlef Hegemann das erste Containerschiff mit dem Namen &#8222;VERENA B&#8220;.<\/span><\/p>\n<p style=\"text-align: justify;\"><a href=\"http:\/\/www.maritimemeile-haren.de\/admin\/wp-content\/uploads\/2014\/05\/175_37.jpg\"><img loading=\"lazy\" decoding=\"async\" class=\"alignnone size-full wp-image-4230\" src=\"http:\/\/www.maritimemeile-haren.de\/admin\/wp-content\/uploads\/2014\/05\/175_37.jpg\" alt=\"175_37\" width=\"600\" height=\"370\" srcset=\"http:\/\/www.maritimemeile-haren.de\/admin\/wp-content\/uploads\/2014\/05\/175_37.jpg 600w, http:\/\/www.maritimemeile-haren.de\/admin\/wp-content\/uploads\/2014\/05\/175_37-300x185.jpg 300w\" sizes=\"(max-width: 600px) 100vw, 600px\" \/><\/a><\/p>\n<p><span style=\"font-size: 10pt;\">THEA\u00a0 B\u00a0 (Bauj. 1995, 3.950 tdw, 340 TEU)\u00a0\u00a0 \u00a0Foto: Reederei Thekla Schepers<\/span><\/p>\n<p style=\"text-align: justify;\"><span style=\"font-size: 12pt;\">1995-1998 Der Schwerpunkt der Gesch\u00e4ftsentwicklung wurde auf die Containerfahrt gelegt. Drei weitere Containerschiffe wie die &#8222;THEA B&#8220;, &#8222;KATHARINA B&#8220; und &#8222;MARGARETA B&#8220; lie\u00df die Reederei bauen. 2004 Zurzeit werden drei Seeschiffe durch die Reederei betreut. Seit den Anf\u00e4ngen hat man den Charakter eines Familiebetriebes bewahrt. Dipl. Ing. Heinz B\u00f6lle leitet das operative Gesch\u00e4ft und wird von seiner Frau Thekla und seinen Kindern Verena und Alexander tatkr\u00e4ftig unterst\u00fctzt.<\/span><\/p>\n<p style=\"text-align: justify;\"><span style=\"font-size: 12pt;\">In Planung befinden sich zwei weitere Neubauten (18.000 tdw, 1200 TEU mit der gr\u00f6\u00dften Eisklasse E3), f\u00fcr die bereits langfristige Chartervertr\u00e4ge abgeschlossen wurden.<\/span><\/p>\n<p style=\"text-align: justify;\"><a href=\"http:\/\/www.maritimemeile-haren.de\/admin\/wp-content\/uploads\/2014\/05\/175_7.jpg\"><img loading=\"lazy\" decoding=\"async\" class=\"alignnone size-full wp-image-2555\" src=\"http:\/\/www.maritimemeile-haren.de\/admin\/wp-content\/uploads\/2014\/05\/175_7.jpg\" alt=\"175_7\" width=\"600\" height=\"282\" srcset=\"http:\/\/www.maritimemeile-haren.de\/admin\/wp-content\/uploads\/2014\/05\/175_7.jpg 600w, http:\/\/www.maritimemeile-haren.de\/admin\/wp-content\/uploads\/2014\/05\/175_7-300x141.jpg 300w\" sizes=\"(max-width: 600px) 100vw, 600px\" \/><\/a><\/p>\n<p style=\"text-align: justify;\"><a href=\"http:\/\/www.maritimemeile-haren.de\/admin\/wp-content\/uploads\/2014\/05\/175_10.jpg\"><img loading=\"lazy\" decoding=\"async\" class=\"alignnone size-full wp-image-3500\" src=\"http:\/\/www.maritimemeile-haren.de\/admin\/wp-content\/uploads\/2014\/05\/175_10.jpg\" alt=\"175_10\" width=\"600\" height=\"473\" srcset=\"http:\/\/www.maritimemeile-haren.de\/admin\/wp-content\/uploads\/2014\/05\/175_10.jpg 600w, http:\/\/www.maritimemeile-haren.de\/admin\/wp-content\/uploads\/2014\/05\/175_10-300x236.jpg 300w\" sizes=\"(max-width: 600px) 100vw, 600px\" \/><\/a><\/p>\n<p style=\"text-align: justify;\"><span style=\"font-size: 10pt;\">Taufe der KATHARINA B im Jahre 1997\u00a0 v.l.: Gesch\u00e4ftsf\u00fchrer Thekla und Heinz B\u00f6lle, <\/span><br \/>\n<span style=\"font-size: 10pt;\">Verena und Alexander B\u00f6lle<\/span><br \/>\n<span style=\"font-size: 10pt;\">(Foto: Familie B\u00f6lle)<\/span><!--more--><!--nextpage--><\/p>\n<p style=\"text-align: justify;\"><a href=\"http:\/\/www.maritimemeile-haren.de\/admin\/wp-content\/uploads\/2014\/05\/175_6.jpg\"><img loading=\"lazy\" decoding=\"async\" class=\"alignnone size-full wp-image-3501\" src=\"http:\/\/www.maritimemeile-haren.de\/admin\/wp-content\/uploads\/2014\/05\/175_6.jpg\" alt=\"175_6\" width=\"600\" height=\"398\" srcset=\"http:\/\/www.maritimemeile-haren.de\/admin\/wp-content\/uploads\/2014\/05\/175_6.jpg 600w, http:\/\/www.maritimemeile-haren.de\/admin\/wp-content\/uploads\/2014\/05\/175_6-300x199.jpg 300w\" sizes=\"(max-width: 600px) 100vw, 600px\" \/><\/a><\/p>\n<p><span style=\"font-size: 10pt;\">\u00dcbergabe der Schiffsdokumente an die Reederei Thekla Schepers KG<\/span><br \/>\n<span style=\"font-size: 10pt;\">(Foto: Horst Winkler, Bremen)<\/span><\/p>\n<h5>Aus Band II<\/h5>\n<p style=\"text-align: justify;\"><span style=\"font-size: 12pt;\">Im Jahre 1969 wurde die Reederei Thekla Schepers KG von Thekla Schepers und Heinz B\u00f6lle gegr\u00fcndet. Sie hatte das MS \u201eRUDOLF SCHEPERS\u201c \u00fcbernommen, das bis 1977 unter dem Namen \u201eMARUS\u201c fuhr. Dann wurde es in die Karibik verkauft und als Inselversorger eingesetzt. Vor wenigen Jahren strandete es als Lotsenboot an der chilenischen K\u00fcste. 1970 trat Dipl. Ing. Heinz B\u00f6lle als Kommanditist der Reederei Thekla Schepers KG bei. Die Reederei wird von Thekla Schepers und Heinz B\u00f6lle gef\u00fchrt.<\/span><\/p>\n<p><span style=\"font-size: 12pt;\">Sofort nach dem Verkauf der \u201eMARUS\u201c wurde die \u201eVERENA\u201c bei der Rolandwerft Detlef Hegemann in Bremen-Hemelingen in Auftrag gegeben. Das Schiff hatte am 18. Februar 1978 Stapellauf und wurde am 24. Mai 1978 an die Reederei Thekla Schepers KG abgeliefert.<\/span><\/p>\n<p style=\"text-align: justify;\"><a href=\"http:\/\/www.maritimemeile-haren.de\/admin\/wp-content\/uploads\/2014\/05\/175_31.jpg\"><img loading=\"lazy\" decoding=\"async\" class=\"alignnone size-full wp-image-4225\" src=\"http:\/\/www.maritimemeile-haren.de\/admin\/wp-content\/uploads\/2014\/05\/175_31.jpg\" alt=\"175_31\" width=\"600\" height=\"399\" srcset=\"http:\/\/www.maritimemeile-haren.de\/admin\/wp-content\/uploads\/2014\/05\/175_31.jpg 600w, http:\/\/www.maritimemeile-haren.de\/admin\/wp-content\/uploads\/2014\/05\/175_31-300x199.jpg 300w\" sizes=\"(max-width: 600px) 100vw, 600px\" \/><\/a><\/p>\n<p style=\"text-align: justify;\">Mehrzweckfrachter VERENA\u00a0\u00a0 \u00a0Foto: FotoFlite incorporating Skyfotos<\/p>\n<p style=\"text-align: justify;\"><span style=\"font-size: 12pt;\">Kapit\u00e4n Rudolf Schepers (geb. 1957) trat ab 1977 in die Thekla Schepers KG ein, wurde sp\u00e4ter Kapit\u00e4n auf der \u201eVERENA\u201c und trat im Jahre 1988 wieder aus der Thekla Schepers KG aus.<\/span><span style=\"font-size: 12pt;\">Die Meppener Tagespost erl\u00e4uterte: <\/span><br \/>\n<span style=\"font-size: 12pt;\">\u201eWieder ein neues Schiff unter Harener Flagge. Gesch\u00e4ftsf\u00fchrerin Thekla B\u00f6lle, gleichzeitig Taufpatin, und Ehemann Heinz B\u00f6lle als Gesch\u00e4ftsf\u00fchrer bedankten sich bei der Werft f\u00fcr die Fertigstellung der Verena.\u201c<\/span><\/p>\n<p style=\"text-align: justify;\"><span style=\"font-size: 12pt;\">Dies war der erste Neubau der Werft nach f\u00fcnf Jahren. Es handelte sich um ein Ein-Luken-K\u00fcstenmotorschiff mit extrem niedrigen Aufbauten. Die erste Fahrt des Schiffes f\u00fchrte unter Kapit\u00e4n Hermann Hermes nach Norwegen. <\/span><\/p>\n<p style=\"text-align: justify;\"><span style=\"font-size: 12pt;\">Mit der \u201eSELENA&#8220; wurde der Reederei am 14. M\u00e4rz 1981 das n\u00e4chste Rhein-See-Schiff durch die Werft Hegemann \u00fcbergeben. Das Schiff ist sowohl f\u00fcr die \u201eMittlere Fahrt\u201c als auch f\u00fcr die Fahrt auf dem Rhein ausger\u00fcstet. <\/span><br \/>\n<span style=\"font-size: 12pt;\">Noch zwei weitere Mehrzweckfrachter wurden in den n\u00e4chsten Jahren f\u00fcr die Reederei in Dienst gestellt. Sie erf\u00fcllten alle Erwartungen, die Reeder und Befrachter in diese Neubauten gesetzt hatten.<\/span><\/p>\n<p style=\"text-align: justify;\"><span style=\"font-size: 12pt;\">Anfang der 90er Jahre erlebte die Reederei einen rasanten Wandel. Dipl. Ing. Heinz B\u00f6lle als gesch\u00e4ftsf\u00fchrender Gesellschafter entwickelte und bestellte bei der Rolandwerft Detlef Hegemann in Bremen das erste reine Containerschiff. Diese Entscheidung erwies sich f\u00fcr das Unternehmen als zukunftsweisend, denn so passte man sich der Entwicklung des Marktes an.<\/span><\/p>\n<p style=\"text-align: justify;\"><span style=\"font-size: 12pt;\">Die Meppener Tagespost berichtete:<\/span><\/p>\n<p style=\"text-align: justify;\"><span style=\"font-size: 12pt;\">8.01.1993<\/span><\/p>\n<p style=\"text-align: justify;\"><span style=\"font-size: 12pt;\">\u201eNach den Erfordernissen der Zukunft ausgerichtet. Nach nur elfmonatiger Bauzeit wurde das erste Schiff der neu entwickelten Typenreihe von Containerschiffen bei der Werft Hegemann auf den Namen \u201eVERENA B&#8220; getauft. Taufpatin war Verena B\u00f6lle, Tochter des Harener Reederehepaares. Der 108 Meter lange Neubau verf\u00fcgt \u00fcber 448 Containerstellpl\u00e4tze und ist eine komplette Neuentwicklung, die in enger Zusammenarbeit zwischen Reederei und Werft entstanden ist. Umfangreiche Beladungsm\u00f6glichkeiten von Containern, ein Transport von gef\u00e4hrlichen G\u00fctern und eine moderne \u00f6konomische Antriebskonzeption mussten beim Entwurf f\u00fcr dieses Schiff ber\u00fccksichtigt werden. Die erste Reise tritt das Schiff im Kontinent-Irland-Dienst an.\u201c<\/span><\/p>\n<p style=\"text-align: justify;\"><a href=\"http:\/\/www.maritimemeile-haren.de\/admin\/wp-content\/uploads\/2014\/05\/175_33.jpg\"><img loading=\"lazy\" decoding=\"async\" class=\"alignnone size-full wp-image-4226\" src=\"http:\/\/www.maritimemeile-haren.de\/admin\/wp-content\/uploads\/2014\/05\/175_33.jpg\" alt=\"175_33\" width=\"600\" height=\"283\" srcset=\"http:\/\/www.maritimemeile-haren.de\/admin\/wp-content\/uploads\/2014\/05\/175_33.jpg 600w, http:\/\/www.maritimemeile-haren.de\/admin\/wp-content\/uploads\/2014\/05\/175_33-300x141.jpg 300w\" sizes=\"(max-width: 600px) 100vw, 600px\" \/><\/a><\/p>\n<p><span style=\"font-size: 10pt;\">Containerfrachter VERENA B (Bauj. 1993)<\/span><br \/>\n<span style=\"font-size: 10pt;\">Foto: FotoFlite incorporating Skyfotos<\/span><!--more--><!--nextpage--><\/p>\n<p style=\"text-align: justify;\"><span style=\"font-size: 12pt;\">17.01.1998<\/span><\/p>\n<p style=\"text-align: justify;\"><span style=\"font-size: 12pt;\">\u201eDie Tesch Bereederungsgesellschaft mbH &amp; Co. KG aus Haren hat den Containerfrachter \u201eMARGARETA B&#8220; von der J. J. Sietas Schiffswerft aus Hamburg \u00fcbernommen. Seit April 1997 betreibt die Reederei bereits das Schwesterschiff \u201eKATHARINA B\u201c. Bei dem jetzigen Neubau wurde die Zahl der K\u00fchlcontaineranschl\u00fcsse noch erh\u00f6ht, um den Erfordernissen des Marktes zu entsprechen. Das Schiff ist 100 Meter lang und erreicht eine Servicegeschwindigkeit von 16 Knoten. Die Jungfernreise f\u00fchrt nach Malta ins Mittelmeer.\u201c<\/span><\/p>\n<p style=\"text-align: justify;\"><span style=\"font-size: 12pt;\">Heute lautet der offizielle Name des Familienbetriebes \u201eThekla Schepers GmbH &amp; Co. KG\u201c.<\/span><\/p>\n<p style=\"text-align: justify;\"><span style=\"font-size: 12pt;\">Heinz und Thekla B\u00f6lle geb. Schepers sind Gesch\u00e4ftsf\u00fchrer der Reederei. In relativ kurzer Zeit gelang es ihnen eine gro\u00dfe Flotte von Mehrzweckfrachtern und Containerschiffen f\u00fcr die Reederei in Fahrt zu bringen. Bedingt durch die flexiblen Einsatzm\u00f6glichkeiten der Schiffe pr\u00e4sentiert sich heute die Reederei als ein erfolgreiches und marktorientiertes Unternehmen.<\/span><\/p>\n<p style=\"text-align: justify;\"><span style=\"font-size: 12pt;\">Heinz B\u00f6lle leitet das operative Gesch\u00e4ft. Mit der Entwicklung und dem Bau der Containerschiffe wurde 1989 die Tesch Bereederungsgesellschaft mbH &amp; Co. KG gegr\u00fcndet. Sie geh\u00f6rt seitdem zur Unternehmensgruppe.<\/span><\/p>\n<p style=\"text-align: justify;\"><span style=\"font-size: 12pt;\">Auch die erwachsenen Kinder haben sich f\u00fcr den Betrieb entschieden und sind seit mehreren Jahren in das aktive Gesch\u00e4ft involviert.<\/span><br \/>\n<span style=\"font-size: 12pt;\">Alexander B\u00f6lle als ausgebildeter Internationaler Betriebswirt (MBA) betreut die Schiffe der Reederei, w\u00e4hrend Verena B\u00f6lle als ausgebildete Steuerfachfrau mehr f\u00fcr den kaufm\u00e4nnischen Bereich verantwortlich ist. Sie wickelt besonders den finanziellen Teil bez\u00fcglich der KG-Schiffe ab.<\/span><\/p>\n<p>&nbsp;<\/p>\n<p>&nbsp;<\/p>\n<p>&nbsp;<\/p>\n","protected":false},"excerpt":{"rendered":"<p>www.reederei-ts.de Reederei Thekla Schepers<\/p>\n","protected":false},"author":1,"featured_media":0,"parent":0,"menu_order":175,"comment_status":"closed","ping_status":"closed","template":"","meta":{"footnotes":""},"_links":{"self":[{"href":"http:\/\/www.maritimemeile-haren.de\/admin\/wp-json\/wp\/v2\/pages\/251"}],"collection":[{"href":"http:\/\/www.maritimemeile-haren.de\/admin\/wp-json\/wp\/v2\/pages"}],"about":[{"href":"http:\/\/www.maritimemeile-haren.de\/admin\/wp-json\/wp\/v2\/types\/page"}],"author":[{"embeddable":true,"href":"http:\/\/www.maritimemeile-haren.de\/admin\/wp-json\/wp\/v2\/users\/1"}],"replies":[{"embeddable":true,"href":"http:\/\/www.maritimemeile-haren.de\/admin\/wp-json\/wp\/v2\/comments?post=251"}],"version-history":[{"count":23,"href":"http:\/\/www.maritimemeile-haren.de\/admin\/wp-json\/wp\/v2\/pages\/251\/revisions"}],"predecessor-version":[{"id":5065,"href":"http:\/\/www.maritimemeile-haren.de\/admin\/wp-json\/wp\/v2\/pages\/251\/revisions\/5065"}],"wp:attachment":[{"href":"http:\/\/www.maritimemeile-haren.de\/admin\/wp-json\/wp\/v2\/media?parent=251"}],"curies":[{"name":"wp","href":"https:\/\/api.w.org\/{rel}","templated":true}]}}