{"id":262,"date":"2014-05-20T09:10:17","date_gmt":"2014-05-20T07:10:17","guid":{"rendered":"http:\/\/www.maritimemeile-haren.de\/admin\/?page_id=262"},"modified":"2018-06-14T09:03:02","modified_gmt":"2018-06-14T07:03:02","slug":"impressum","status":"publish","type":"page","link":"http:\/\/www.maritimemeile-haren.de\/admin\/impressum\/","title":{"rendered":"Impressum"},"content":{"rendered":"<p><strong><span style=\"font-size: 12pt;\">Angaben gem\u00e4\u00df \u00a7 5 TMG:<\/span><\/strong><\/p>\n<p><span style=\"font-size: 12pt;\">Heimatverein Haren (Ems) e.V.\u2028<\/span><br \/>\n<span style=\"font-size: 12pt;\"> Sandk\u00fchlerstra\u00dfe 18\u2028<\/span><br \/>\n<span style=\"font-size: 12pt;\"> 49733 Haren (Ems)<\/span><\/p>\n<p><strong><span style=\"font-size: 12pt;\">Vertreten durch:<\/span><\/strong><br \/>\n<span style=\"font-size: 12pt;\"> Vorsitzender Ulrich Schepers\u2028<\/span><br \/>\n<span style=\"font-size: 12pt;\"> 1. stellv. Vorsitzender: Heinz Menke\u2028<\/span><br \/>\n<span style=\"font-size: 12pt;\"> 2. stellv. Vorsitzender: Bernd Hermes<\/span><\/p>\n<p><strong><span style=\"font-size: 12pt;\">Kontakt:<\/span><\/strong><br \/>\n<span style=\"font-size: 12pt;\"> Telefon: 05932 &#8211; 732654<\/span><br \/>\n<span style=\"font-size: 12pt;\"> E-Mail: <a href=\"mailto:info@heimatverein-haren.de\">info@heimatverein-haren.de<\/a><\/span><\/p>\n<p><strong><span style=\"font-size: 12pt;\">Registereintrag:<\/span><\/strong><br \/>\n<span style=\"font-size: 12pt;\"> Eintragung im Vereinsregister. <\/span><br \/>\n<span style=\"font-size: 12pt;\"> Registergericht:Amtsgericht Osnabr\u00fcck <\/span><br \/>\n<span style=\"font-size: 12pt;\"> Registernummer: VR 120050<\/span><\/p>\n<p><strong><span style=\"font-size: 12pt;\">Umsatzsteuer-ID:<\/span><\/strong><br \/>\n<span style=\"font-size: 12pt;\"> Umsatzsteuer-Identifikationsnummer gem\u00e4\u00df \u00a727 a<\/span><br \/>\n<span style=\"font-size: 12pt;\"> Umsatzsteuergesetz:\u2028 DE 192 230 606<\/span><\/p>\n<p>&nbsp;<\/p>\n<p style=\"text-align: justify;\"><span style=\"font-size: 12pt;\">Die Fotos wurden, mit Zustimmung der Autoren, den beiden B\u00fcchern \u00fcber die Geschichte der Harener Binnen-, K\u00fcsten- und Seeschifffahrt entnommen oder von den hiesigen Reedereien zur Verf\u00fcgung gestellt.<\/span><\/p>\n<p style=\"text-align: justify;\"><span style=\"font-size: 12pt;\">Alle Rechte vorbehalten!<\/span><br \/>\n<span style=\"font-size: 12pt;\">Ohne ausdr\u00fcckliche Erlaubnis der Autoren darf das Werk, auch nicht Teile daraus, weder reproduziert, \u00fcbertragen noch kopiert werden, wie z. B. manuell oder mit Hilfe elektronischer und mechanischer Systeme inklusive Fotokopien, Bandaufzeichnungen und Datenspeicherung.<\/span><\/p>\n","protected":false},"excerpt":{"rendered":"<p>Angaben gem\u00e4\u00df \u00a7 5 TMG: Heimatverein Haren (Ems) e.V.\u2028 Sandk\u00fchlerstra\u00dfe 18\u2028 49733 Haren (Ems) Vertreten durch: Vorsitzender Ulrich Schepers\u2028 1. stellv. Vorsitzender: Heinz Menke\u2028 2. stellv. Vorsitzender: Bernd Hermes Kontakt:&hellip; <\/p>\n","protected":false},"author":1,"featured_media":0,"parent":0,"menu_order":0,"comment_status":"closed","ping_status":"closed","template":"","meta":{"footnotes":""},"_links":{"self":[{"href":"http:\/\/www.maritimemeile-haren.de\/admin\/wp-json\/wp\/v2\/pages\/262"}],"collection":[{"href":"http:\/\/www.maritimemeile-haren.de\/admin\/wp-json\/wp\/v2\/pages"}],"about":[{"href":"http:\/\/www.maritimemeile-haren.de\/admin\/wp-json\/wp\/v2\/types\/page"}],"author":[{"embeddable":true,"href":"http:\/\/www.maritimemeile-haren.de\/admin\/wp-json\/wp\/v2\/users\/1"}],"replies":[{"embeddable":true,"href":"http:\/\/www.maritimemeile-haren.de\/admin\/wp-json\/wp\/v2\/comments?post=262"}],"version-history":[{"count":26,"href":"http:\/\/www.maritimemeile-haren.de\/admin\/wp-json\/wp\/v2\/pages\/262\/revisions"}],"predecessor-version":[{"id":5156,"href":"http:\/\/www.maritimemeile-haren.de\/admin\/wp-json\/wp\/v2\/pages\/262\/revisions\/5156"}],"wp:attachment":[{"href":"http:\/\/www.maritimemeile-haren.de\/admin\/wp-json\/wp\/v2\/media?parent=262"}],"curies":[{"name":"wp","href":"https:\/\/api.w.org\/{rel}","templated":true}]}}