{"id":275,"date":"2014-05-20T09:13:15","date_gmt":"2014-05-20T07:13:15","guid":{"rendered":"http:\/\/www.maritimemeile-haren.de\/admin\/?page_id=275"},"modified":"2014-10-02T13:43:41","modified_gmt":"2014-10-02T11:43:41","slug":"185-reederei-gerdes-gruppe","status":"publish","type":"page","link":"http:\/\/www.maritimemeile-haren.de\/admin\/185-reederei-gerdes-gruppe\/","title":{"rendered":"185 REEDEREI GERDES GRUPPE"},"content":{"rendered":"<p style=\"text-align: justify;\"><a href=\"http:\/\/www.maritimemeile-haren.de\/admin\/wp-content\/uploads\/2014\/05\/185_tab.jpg\"><img loading=\"lazy\" decoding=\"async\" class=\"alignnone size-full wp-image-1680\" src=\"http:\/\/www.maritimemeile-haren.de\/admin\/wp-content\/uploads\/2014\/05\/185_tab.jpg\" alt=\"Layout 1\" width=\"600\" height=\"292\" srcset=\"http:\/\/www.maritimemeile-haren.de\/admin\/wp-content\/uploads\/2014\/05\/185_tab.jpg 600w, http:\/\/www.maritimemeile-haren.de\/admin\/wp-content\/uploads\/2014\/05\/185_tab-300x146.jpg 300w\" sizes=\"(max-width: 600px) 100vw, 600px\" \/><\/a><\/p>\n<p style=\"text-align: justify;\"><a href=\"http:\/\/www.reederei-gerdes.de\"><span style=\"font-size: 12pt;\">www.reederei-gerdes.de<\/span><\/a><\/p>\n<p style=\"text-align: justify;\"><a href=\"http:\/\/www.maritimemeile-haren.de\/admin\/wp-content\/uploads\/2014\/05\/185_Reederei-Gerdes_1.jpg\"><img loading=\"lazy\" decoding=\"async\" class=\"alignnone size-full wp-image-1679\" src=\"http:\/\/www.maritimemeile-haren.de\/admin\/wp-content\/uploads\/2014\/05\/185_Reederei-Gerdes_1.jpg\" alt=\"185_Reederei Gerdes_1\" width=\"600\" height=\"400\" srcset=\"http:\/\/www.maritimemeile-haren.de\/admin\/wp-content\/uploads\/2014\/05\/185_Reederei-Gerdes_1.jpg 600w, http:\/\/www.maritimemeile-haren.de\/admin\/wp-content\/uploads\/2014\/05\/185_Reederei-Gerdes_1-300x200.jpg 300w\" sizes=\"(max-width: 600px) 100vw, 600px\" \/><\/a><\/p>\n<p style=\"text-align: justify;\"><span style=\"font-size: 10pt;\">Reederei Gerdes Gruppe<\/span><\/p>\n<p style=\"text-align: justify;\"><a href=\"http:\/\/www.maritimemeile-haren.de\/admin\/wp-content\/uploads\/2014\/05\/185_3041.jpg\"><img loading=\"lazy\" decoding=\"async\" class=\"alignnone wp-image-3914 size-full\" src=\"http:\/\/www.maritimemeile-haren.de\/admin\/wp-content\/uploads\/2014\/05\/185_3041.jpg\" alt=\"\" width=\"600\" height=\"268\" srcset=\"http:\/\/www.maritimemeile-haren.de\/admin\/wp-content\/uploads\/2014\/05\/185_3041.jpg 600w, http:\/\/www.maritimemeile-haren.de\/admin\/wp-content\/uploads\/2014\/05\/185_3041-300x134.jpg 300w\" sizes=\"(max-width: 600px) 100vw, 600px\" \/><\/a><\/p>\n<p style=\"text-align: justify;\"><a href=\"http:\/\/www.maritimemeile-haren.de\/admin\/wp-content\/uploads\/2014\/05\/185_3031.jpg\"><img loading=\"lazy\" decoding=\"async\" class=\"alignnone wp-image-3915 size-full\" src=\"http:\/\/www.maritimemeile-haren.de\/admin\/wp-content\/uploads\/2014\/05\/185_3031.jpg\" alt=\"\" width=\"600\" height=\"374\" srcset=\"http:\/\/www.maritimemeile-haren.de\/admin\/wp-content\/uploads\/2014\/05\/185_3031.jpg 600w, http:\/\/www.maritimemeile-haren.de\/admin\/wp-content\/uploads\/2014\/05\/185_3031-300x187.jpg 300w\" sizes=\"(max-width: 600px) 100vw, 600px\" \/><\/a><\/p>\n<p style=\"text-align: justify;\"><a href=\"http:\/\/www.maritimemeile-haren.de\/admin\/wp-content\/uploads\/2014\/05\/185_3021.jpg\"><img loading=\"lazy\" decoding=\"async\" class=\"alignnone wp-image-3916 size-full\" src=\"http:\/\/www.maritimemeile-haren.de\/admin\/wp-content\/uploads\/2014\/05\/185_3021.jpg\" alt=\"\" width=\"600\" height=\"343\" srcset=\"http:\/\/www.maritimemeile-haren.de\/admin\/wp-content\/uploads\/2014\/05\/185_3021.jpg 600w, http:\/\/www.maritimemeile-haren.de\/admin\/wp-content\/uploads\/2014\/05\/185_3021-300x171.jpg 300w\" sizes=\"(max-width: 600px) 100vw, 600px\" \/><\/a><\/p>\n<p style=\"text-align: justify;\"><a href=\"http:\/\/www.maritimemeile-haren.de\/admin\/wp-content\/uploads\/2014\/05\/185_3011.jpg\"><img loading=\"lazy\" decoding=\"async\" class=\"alignnone wp-image-3917 size-full\" src=\"http:\/\/www.maritimemeile-haren.de\/admin\/wp-content\/uploads\/2014\/05\/185_3011.jpg\" alt=\"\" width=\"600\" height=\"283\" srcset=\"http:\/\/www.maritimemeile-haren.de\/admin\/wp-content\/uploads\/2014\/05\/185_3011.jpg 600w, http:\/\/www.maritimemeile-haren.de\/admin\/wp-content\/uploads\/2014\/05\/185_3011-300x141.jpg 300w\" sizes=\"(max-width: 600px) 100vw, 600px\" \/><\/a><\/p>\n<p style=\"text-align: justify;\"><a href=\"http:\/\/www.maritimemeile-haren.de\/admin\/wp-content\/uploads\/2014\/05\/185_300.jpg\"><img loading=\"lazy\" decoding=\"async\" class=\"alignnone size-full wp-image-3583\" src=\"http:\/\/www.maritimemeile-haren.de\/admin\/wp-content\/uploads\/2014\/05\/185_300.jpg\" alt=\"185_300\" width=\"600\" height=\"378\" srcset=\"http:\/\/www.maritimemeile-haren.de\/admin\/wp-content\/uploads\/2014\/05\/185_300.jpg 600w, http:\/\/www.maritimemeile-haren.de\/admin\/wp-content\/uploads\/2014\/05\/185_300-300x189.jpg 300w\" sizes=\"(max-width: 600px) 100vw, 600px\" \/><\/a><\/p>\n<p style=\"text-align: justify;\"><!--more--><!--nextpage--><\/p>\n<h5>Aus der Geschichte:<\/h5>\n<p style=\"text-align: justify;\"><span style=\"font-size: 12pt;\">Der Schiffer Josef Gerdes (geb.1896), Oststra\u00dfe 31, war ein Sohn des Maurers Gerhard Gerdes, Burggraben 2. Im Volksmund f\u00fchrte die Familie den Beinamen \u201eMuken\u201c.<\/span> <span style=\"font-size: 12pt;\">Ebenso wie seine Br\u00fcder Johann (geb. 1886), Georg (geb. 1888), Wilhelm (geb.1893) und Rudolf (geb.1899) erlernte er den Schifferberuf. Vom Schiffer Heinrich Otto Schepers kaufte er 1930 das Motorschiff \u201eGEBINA\u201c. Er nannte das Schiff \u201eGESINA&#8220; nach dem Vornamen seiner Frau, geb. Sibum.<\/span><\/p>\n<p style=\"text-align: justify;\"><a href=\"http:\/\/www.maritimemeile-haren.de\/admin\/wp-content\/uploads\/2014\/05\/185_400.jpg\"><img loading=\"lazy\" decoding=\"async\" class=\"alignnone size-full wp-image-3924\" src=\"http:\/\/www.maritimemeile-haren.de\/admin\/wp-content\/uploads\/2014\/05\/185_400.jpg\" alt=\"185_400\" width=\"300\" height=\"447\" srcset=\"http:\/\/www.maritimemeile-haren.de\/admin\/wp-content\/uploads\/2014\/05\/185_400.jpg 300w, http:\/\/www.maritimemeile-haren.de\/admin\/wp-content\/uploads\/2014\/05\/185_400-201x300.jpg 201w\" sizes=\"(max-width: 300px) 100vw, 300px\" \/><\/a><\/p>\n<p><span style=\"font-size: 10pt;\">Josef und Gesina Gerdes (um 1920)<\/span><br \/>\n<span style=\"font-size: 10pt;\">Foto: Johann Gerdes<\/span><\/p>\n<p style=\"text-align: justify;\"><span style=\"font-size: 12pt;\">Die \u201eGESINA&#8220; war ein Wattschiff, das auf dem Rhein und den westdeutschen Kan\u00e4len zu den Ostfriesischen Inseln fuhr. Es wurde vom S.T.V. Haren betreut. Josef Gerdes war dort Mitglied. Im 2. Weltkrieg wurde das Schiff f\u00fcr die Organisation \u201eTodt&#8220; eingesetzt und transportierte Kies f\u00fcr den Bau der K\u00fcstenverteidigung.<\/span><\/p>\n<p style=\"text-align: justify;\"><span style=\"font-size: 12pt;\">Kapit\u00e4n Gerhard Gerdes (geb.1922) war der Sohn des Schiffers Josef Gerdes. Nach dem Schulabschluss ging er ebenso wie sein Bruder Johann als Schiffsjunge an Bord seines Vaters. Im Jahre 1943 erwarb er nach dem Besuch der Seefahrtsschule in Leer das Patent des Kapit\u00e4ns und \u00fcbernahm am 1.03.1963 das durch seinen Vater gekaufte Schiff \u201eCORMORAN\u201c. Kapit\u00e4n Gerhard Gerdes nannte das Schiff nach den Vornamen seiner verstorbenen Schwester und seiner Frau Helene, geb. Held, \u201eMARIA LENA\u201c. <\/span><\/p>\n<p style=\"text-align: justify;\"><a href=\"http:\/\/www.maritimemeile-haren.de\/admin\/wp-content\/uploads\/2014\/05\/185_401.jpg\"><img loading=\"lazy\" decoding=\"async\" class=\"alignnone size-full wp-image-3928\" src=\"http:\/\/www.maritimemeile-haren.de\/admin\/wp-content\/uploads\/2014\/05\/185_401.jpg\" alt=\"185_401\" width=\"600\" height=\"357\" srcset=\"http:\/\/www.maritimemeile-haren.de\/admin\/wp-content\/uploads\/2014\/05\/185_401.jpg 600w, http:\/\/www.maritimemeile-haren.de\/admin\/wp-content\/uploads\/2014\/05\/185_401-300x178.jpg 300w\" sizes=\"(max-width: 600px) 100vw, 600px\" \/><\/a><\/p>\n<p style=\"text-align: justify;\"><span style=\"font-size: 10pt;\">MARIA LENA auf Kanalfahrt um 1962 (Foto: Familie Gerdes)<\/span><\/p>\n<p style=\"text-align: justify;\"><a href=\"http:\/\/www.maritimemeile-haren.de\/admin\/wp-content\/uploads\/2014\/05\/185_402.jpg\"><img loading=\"lazy\" decoding=\"async\" class=\"alignnone size-full wp-image-3929\" src=\"http:\/\/www.maritimemeile-haren.de\/admin\/wp-content\/uploads\/2014\/05\/185_402.jpg\" alt=\"185_402\" width=\"600\" height=\"357\" srcset=\"http:\/\/www.maritimemeile-haren.de\/admin\/wp-content\/uploads\/2014\/05\/185_402.jpg 600w, http:\/\/www.maritimemeile-haren.de\/admin\/wp-content\/uploads\/2014\/05\/185_402-300x178.jpg 300w\" sizes=\"(max-width: 600px) 100vw, 600px\" \/><\/a><\/p>\n<p><span style=\"font-size: 10pt;\">Kapit\u00e4n Gerhard Gerdes an Bord der MARIA LENA um 1959<\/span><br \/>\n<span style=\"font-size: 10pt;\">(Foto: Familie Gerdes)<\/span><\/p>\n<p style=\"text-align: justify;\"><span style=\"font-size: 12pt;\">Das Schiff fuhr in der K\u00fcstenfahrt vom Rhein nach S\u00fcdschweden und D\u00e4nemark. H\u00e4ufige Ladeg\u00fcter waren Bandstahl in Coils, Salz oder Wasserglas, w\u00e4hrend aus Schweden Holz und Zellulose nach Deutschland gebracht wurden. Im Jahre 1968 erlitt das Schiff einen Maschinen\u00adschaden und wurde verkauft.<\/span><\/p>\n<p style=\"text-align: justify;\"><span style=\"font-size: 12pt;\">Von der Witwe des Kapit\u00e4ns Johann Schepers erwarb Kpt. Gerhard Gerdes 1968 das MS \u201eST. ANTONIUS\u201c. Da das Ehepaar Gerdes die Vonamen Gerhard und Helene trugen, nannte sie das neue Schiff der Familie \u201eGERLEN\u201c. <\/span><\/p>\n<p style=\"text-align: justify;\"><span style=\"font-size: 12pt;\">Das Schiff befuhr haupt\u00ads\u00e4chlich die Nord- und Ostsee sowie die Fl\u00fcsse Rhein und Seine mit Holzprodukten, Eisen und St\u00fcckgut. Am 9.07.1972 wurde das Schiff gerammt und ging unter. <\/span><span style=\"font-size: 12pt;\">Die Besatzung des Schiffes konnte sich retten.<\/span><\/p>\n<p style=\"text-align: justify;\"><span style=\"font-size: 12pt;\">Im Jahre 1973 kaufte Kapit\u00e4n Gerhard Gerdes das Motorschiff \u201eURSEL B\u201c, die ehemalige \u201eSALVA NOS&#8220; des Kapit\u00e4ns Adolf Held. Auch diesem Schiff wurde wie dem untergegangenen Schiff der Name \u201eGERLEN&#8220; gegeben. Es wurde in der Wattfahrt zu den Ostfriesischen Inseln eingesetzt.<\/span><\/p>\n<p style=\"text-align: justify;\"><a href=\"http:\/\/www.maritimemeile-haren.de\/admin\/wp-content\/uploads\/2014\/05\/185_403.jpg\"><img loading=\"lazy\" decoding=\"async\" class=\"alignnone size-full wp-image-3930\" src=\"http:\/\/www.maritimemeile-haren.de\/admin\/wp-content\/uploads\/2014\/05\/185_403.jpg\" alt=\"185_403\" width=\"300\" height=\"430\" srcset=\"http:\/\/www.maritimemeile-haren.de\/admin\/wp-content\/uploads\/2014\/05\/185_403.jpg 300w, http:\/\/www.maritimemeile-haren.de\/admin\/wp-content\/uploads\/2014\/05\/185_403-209x300.jpg 209w\" sizes=\"(max-width: 300px) 100vw, 300px\" \/><\/a><\/p>\n<p style=\"text-align: justify;\"><span style=\"font-size: 10pt;\">Musterrolle der MARIA LENA vom 6.10.1955<\/span> \u00b7 <span style=\"font-size: 10pt;\">Innenseite des Heuervertrages: Kapit\u00e4n Gerhard Gerdes, Steuermann Hans Held, Jungmann Rolf Wilms und Helene Gerdes.<\/span> <span style=\"font-size: 10pt;\">Ferner befinden sich an Bord die Kinder der Eheleute Gerdes: Josef Gerdes, geb. am 8.12.1950 und Gerhard Gerdes geb. am 19.10.1952<\/span><br \/>\n<span style=\"font-size: 10pt;\">(Bildvorlage: Reinhard Wessels)<\/span><\/p>\n<p style=\"text-align: justify;\"><!--more--><\/p>\n<p style=\"text-align: justify;\"><!--nextpage--><\/p>\n<p style=\"text-align: justify;\"><span style=\"font-size: 12pt;\">Die lange Schiffertradition der Familie setzte sein Sohn Josef Gerdes (geb.1950) fort. Nach dem Besuch der Schule kam er mit 15 Jahren als Schiffsjunge an Bord der \u201eMARIA LENA\u201c. Durch seinen Vater erlernte er, sowie seine Br\u00fcder Gerhard und Bernhard den Seemannsberuf.<\/span><\/p>\n<p style=\"text-align: justify;\"><span style=\"font-size: 12pt;\">Bis 1969 fuhr Josef Gerdes als Matrose und bis 1973 als Steuermann auf der \u201eGERLEN\u201c. 1973 erwarb er auf der Seefahrtsschule in Leer das Kapit\u00e4nspatent A 4 und 1975 das A M. Nach einer weiteren Fahrtzeit bei der Reederei Kirsten aus Hamburg, \u00fcbernahm er 1975 auf der \u201eKAHLENBERG&#8220; erstmals die Rolle des Kapit\u00e4ns. Anschlie\u00dfend war er 10 Jahre lang Kapit\u00e4n auf den verschiedenen Schiffen der Reederei Fisser &amp; van Doornum aus Hamburg und konnte dabei einen vertiefenden Einblick in die sich wandelnde Seeschifffahrt gewinnen. Diese Einsichten, gepaart mit Mut und Verantwortung, lie\u00dfen weitere Schritte folgen.<\/span><\/p>\n<p style=\"text-align: justify;\"><a href=\"http:\/\/www.maritimemeile-haren.de\/admin\/wp-content\/uploads\/2014\/05\/185_404.jpg\"><img loading=\"lazy\" decoding=\"async\" class=\"alignnone size-full wp-image-3931\" src=\"http:\/\/www.maritimemeile-haren.de\/admin\/wp-content\/uploads\/2014\/05\/185_404.jpg\" alt=\"185_404\" width=\"600\" height=\"406\" srcset=\"http:\/\/www.maritimemeile-haren.de\/admin\/wp-content\/uploads\/2014\/05\/185_404.jpg 600w, http:\/\/www.maritimemeile-haren.de\/admin\/wp-content\/uploads\/2014\/05\/185_404-300x203.jpg 300w\" sizes=\"(max-width: 600px) 100vw, 600px\" \/><\/a><\/p>\n<p style=\"text-align: justify;\"><span style=\"font-size: 10pt;\">GERLEN beim Verlassen einer Kanalschleuse um 1970<\/span><br \/>\n<span style=\"font-size: 10pt;\">(Foto: Familie Gerdes)<\/span><\/p>\n<p><!--more--><!--nextpage--><\/p>\n<p style=\"text-align: justify;\"><span style=\"font-size: 12pt;\">Den Schritt in die Selbstst\u00e4ndigkeit unternahm Kapit\u00e4n Josef Gerdes im Jahre 1993. Er erwarb die Secondhand-Schiffe \u201eSEA TRENT&#8220; und \u201eBINGUM\u201c. Zun\u00e4chst fuhr Josef Gerdes selbst noch als Kapit\u00e4n an Bord, w\u00e4hrend seine Ehefrau f\u00fcr den kaufm\u00e4nnischen Teil an Land verantwortlich war. <\/span><\/p>\n<p style=\"text-align: justify;\"><span style=\"font-size: 12pt;\">Im M\u00e4rz 1995 wurde der erste Neubau unter dem Namen \u201eANNLEN G&#8220; fertiggestellt. Das Schiff wurde nach den M\u00fcttern des Reederehepaares, Anna und Lene, getauft. <\/span><\/p>\n<p style=\"text-align: justify;\"><a href=\"http:\/\/www.maritimemeile-haren.de\/admin\/wp-content\/uploads\/2014\/05\/185_500.jpg\"><img loading=\"lazy\" decoding=\"async\" class=\"alignnone size-full wp-image-3939\" src=\"http:\/\/www.maritimemeile-haren.de\/admin\/wp-content\/uploads\/2014\/05\/185_500.jpg\" alt=\"185_500\" width=\"300\" height=\"437\" srcset=\"http:\/\/www.maritimemeile-haren.de\/admin\/wp-content\/uploads\/2014\/05\/185_500.jpg 300w, http:\/\/www.maritimemeile-haren.de\/admin\/wp-content\/uploads\/2014\/05\/185_500-205x300.jpg 205w\" sizes=\"(max-width: 300px) 100vw, 300px\" \/><\/a><\/p>\n<p style=\"text-align: justify;\"><span style=\"font-size: 10pt;\">Seefahrtsbuch Josef Gerdes\u00a0<\/span><span style=\"font-size: 10pt;\">vom 27.10.1965<\/span><br \/>\n<span style=\"font-size: 10pt;\">(Bildvorlage: Familie Gerdes)<\/span><\/p>\n<p style=\"text-align: justify;\"><a href=\"http:\/\/www.maritimemeile-haren.de\/admin\/wp-content\/uploads\/2014\/05\/185_501.jpg\"><img loading=\"lazy\" decoding=\"async\" class=\"alignnone size-full wp-image-3940\" src=\"http:\/\/www.maritimemeile-haren.de\/admin\/wp-content\/uploads\/2014\/05\/185_501.jpg\" alt=\"185_501\" width=\"300\" height=\"442\" srcset=\"http:\/\/www.maritimemeile-haren.de\/admin\/wp-content\/uploads\/2014\/05\/185_501.jpg 300w, http:\/\/www.maritimemeile-haren.de\/admin\/wp-content\/uploads\/2014\/05\/185_501-203x300.jpg 203w\" sizes=\"(max-width: 300px) 100vw, 300px\" \/><\/a><\/p>\n<p style=\"text-align: justify;\"><span style=\"font-size: 10pt;\">Seefahrtsbuch Josef Gerdes <\/span><span style=\"font-size: 10pt;\">vom 7.02.1975<\/span><br \/>\n<span style=\"font-size: 10pt;\">(Bildvorlage: Familie Gerdes)<\/span><\/p>\n<p style=\"text-align: justify;\"><span style=\"font-size: 12pt;\">Bereits 1996 wurde das n\u00e4chste Schiff f\u00fcr die Reederei gebaut. Die \u201eAJOS G\u201c, benannt nach Agnes und Josef Gerdes, tr\u00e4gt seitdem die Flagge der Reederei Gerdes. <\/span><\/p>\n<p style=\"text-align: justify;\"><span style=\"font-size: 12pt;\">Die \u00f6rtliche Werft- Zeitung vom 16.06.1996 in Komarno (Slowakei) notierte:<\/span><\/p>\n<p style=\"text-align: justify;\"><em><span style=\"font-size: 12pt;\">\u201eDas Wasserfahrzeug hat sich die junge Reedereifirma Gerdes Schifffahrtsgesellschaft bestellt, f\u00fcr die das Schiff der zweite Neubau ist. Den ersten Neubau haben wir ebenfalls in unserer Werft realisiert. Das Frachtschiff vom Typ \u2019Weser\u2019 wird nach der festlichen Taufe durch die Tochter des neuen Eigners Nicole Gerdes unter den Namen AJOS G fahren. <\/span><span style=\"font-size: 12pt;\">Das Schiff hat eine L\u00e4nge von 88,45 m, eine Breite von 11,35 m und kann bei vollen Tiefgang 3.000 Tonnen bef\u00f6rdern. Die Schiffsgeschwindigkeit betr\u00e4gt bei voller Abladung 11,5 kn.\u201c<\/span><\/em><\/p>\n<p style=\"text-align: justify;\"><a href=\"http:\/\/www.maritimemeile-haren.de\/admin\/wp-content\/uploads\/2014\/05\/185_502.jpg\"><img loading=\"lazy\" decoding=\"async\" class=\"alignnone size-full wp-image-3941\" src=\"http:\/\/www.maritimemeile-haren.de\/admin\/wp-content\/uploads\/2014\/05\/185_502.jpg\" alt=\"185_502\" width=\"600\" height=\"415\" srcset=\"http:\/\/www.maritimemeile-haren.de\/admin\/wp-content\/uploads\/2014\/05\/185_502.jpg 600w, http:\/\/www.maritimemeile-haren.de\/admin\/wp-content\/uploads\/2014\/05\/185_502-300x207.jpg 300w\" sizes=\"(max-width: 600px) 100vw, 600px\" \/><\/a><\/p>\n<p style=\"text-align: justify;\"><span style=\"font-size: 10pt;\">BINGUM im Trockendock (Foto: Reederei Gerdes)<\/span><\/p>\n<p style=\"text-align: justify;\"><span style=\"font-size: 12pt;\">Auch der n\u00e4chste Neubau erhielt als Schiffsname eine typische Abk\u00fcrzung aus dem engsten Familienkreis. Mit der \u201eNIKAR G&#8220; aus dem Jahre 2000 wurde den T\u00f6chtern des Reeders Nicole und Karina gedacht.<\/span><\/p>\n<p style=\"text-align: justify;\"><span style=\"font-size: 12pt;\">Die Ostfriesen-Zeitung vom 29.04.2000 berichtete:<\/span><\/p>\n<p style=\"text-align: justify;\"><span style=\"font-size: 12pt;\">&#8222;Die Reederei Gerdes aus Haren\/Ems wird heute im Leeraner Hafen ihren j\u00fcngsten Neubau taufen. Die \u201eNIKAR G&#8220; geh\u00f6rt zu einer Serie von Schiffen, die vier Reeder aus Haren, Leer und Emden bei der Pattje-Werft in Hoogezand bestellt haben. Der Mehrzweckfrachter kann maximal 3.200 Tonnen tragen und ist speziell f\u00fcr die Ostseefahrt konstruiert.\u201c<\/span><\/p>\n<p style=\"text-align: justify;\"><!--more--><!--nextpage--><\/p>\n<p style=\"text-align: justify;\"><a href=\"http:\/\/www.maritimemeile-haren.de\/admin\/wp-content\/uploads\/2014\/05\/185_503.jpg\"><img loading=\"lazy\" decoding=\"async\" class=\"alignnone size-full wp-image-3942\" src=\"http:\/\/www.maritimemeile-haren.de\/admin\/wp-content\/uploads\/2014\/05\/185_503.jpg\" alt=\"185_503\" width=\"600\" height=\"411\" srcset=\"http:\/\/www.maritimemeile-haren.de\/admin\/wp-content\/uploads\/2014\/05\/185_503.jpg 600w, http:\/\/www.maritimemeile-haren.de\/admin\/wp-content\/uploads\/2014\/05\/185_503-300x205.jpg 300w\" sizes=\"(max-width: 600px) 100vw, 600px\" \/><\/a><\/p>\n<p style=\"text-align: justify;\"><span style=\"font-size: 10pt;\">AJOS G auf dem Weg \u00fcber die Donau ins Schwarze Meer<\/span><br \/>\n<span style=\"font-size: 10pt;\">(Foto: Reederei Gerdes)<\/span><\/p>\n<p style=\"text-align: justify;\"><span style=\"font-size: 12pt;\">Heute lautet der offizielle Namen des Familienbetriebes: Kapit\u00e4n Josef Gerdes Schifffahrts GmbH &amp; Co. KG. Im Jahre 1998 wurde zus\u00e4tzlich die GEREMS Schifffahrts GmbH gegr\u00fcndet. Gesch\u00e4ftsf\u00fchrer sind Kapit\u00e4n Josef Gerdes und seine Ehefrau Agnes Gerdes.<\/span><\/p>\n<p style=\"text-align: justify;\"><a href=\"http:\/\/www.maritimemeile-haren.de\/admin\/wp-content\/uploads\/2014\/05\/185_600.jpg\"><img loading=\"lazy\" decoding=\"async\" class=\"alignnone size-full wp-image-3946\" src=\"http:\/\/www.maritimemeile-haren.de\/admin\/wp-content\/uploads\/2014\/05\/185_600.jpg\" alt=\"185_600\" width=\"600\" height=\"419\" srcset=\"http:\/\/www.maritimemeile-haren.de\/admin\/wp-content\/uploads\/2014\/05\/185_600.jpg 600w, http:\/\/www.maritimemeile-haren.de\/admin\/wp-content\/uploads\/2014\/05\/185_600-300x209.jpg 300w, http:\/\/www.maritimemeile-haren.de\/admin\/wp-content\/uploads\/2014\/05\/185_600-330x230.jpg 330w\" sizes=\"(max-width: 600px) 100vw, 600px\" \/><\/a><\/p>\n<p style=\"text-align: justify;\"><span style=\"font-size: 10pt;\">\u00dcbergabe der AJOS G in Komarno (Foto: Reederei Gerdes)<\/span><\/p>\n<p style=\"text-align: justify;\"><span style=\"font-size: 12pt;\">Kapit\u00e4n Gerdes ist verantwortlich f\u00fcr den nautisch-technischen Bereich. Er sichert die reedereim\u00e4\u00dfige Betreuung der verschiedenen Schiffe, hat aber auch zahlreiche andere administrative Aufgaben auszuf\u00fchren.<\/span><\/p>\n<p style=\"text-align: justify;\">\u00a0<a href=\"http:\/\/www.maritimemeile-haren.de\/admin\/wp-content\/uploads\/2014\/05\/185_601.jpg\"><img loading=\"lazy\" decoding=\"async\" class=\"alignnone size-full wp-image-3947\" src=\"http:\/\/www.maritimemeile-haren.de\/admin\/wp-content\/uploads\/2014\/05\/185_601.jpg\" alt=\"185_601\" width=\"600\" height=\"463\" srcset=\"http:\/\/www.maritimemeile-haren.de\/admin\/wp-content\/uploads\/2014\/05\/185_601.jpg 600w, http:\/\/www.maritimemeile-haren.de\/admin\/wp-content\/uploads\/2014\/05\/185_601-300x231.jpg 300w\" sizes=\"(max-width: 600px) 100vw, 600px\" \/><\/a><\/p>\n<p style=\"text-align: justify;\"><span style=\"font-size: 10pt;\">Nicole, Agnes, Josef und Karina Gerdes (Foto: Familie Gerdes)<\/span><\/p>\n<p style=\"text-align: justify;\"><span style=\"font-size: 12pt;\">Seine Ehefrau Agnes kann langj\u00e4hrige Erfahrungen als Angestellte in einer wirtschafts- und steuerberatenden Kanzlei vorweisen. Damit ist die kaufm\u00e4nnische Abwicklung und gute Betreuung der Anleger gew\u00e4hrleistet.<\/span><\/p>\n<p style=\"text-align: justify;\"><span style=\"font-size: 12pt;\">Dem F\u00fchrungsteam stehen im Kontor weitere Angestellte zur Seite. Auf den Schiffen sind \u00fcber 60 Personen besch\u00e4ftigt.<\/span><\/p>\n<p style=\"text-align: justify;\"><span style=\"font-size: 12pt;\">Bislang spezialisierte sich der Betrieb auf die Bereederung reiner Mehrzweckfrachter. In Zukunft wird sicherlich auch der Schritt in die Containerschifffahrt gewagt. Die Befrachtung der Schiffe erfolgt durch Partner in Hamburg und Leer.<\/span><\/p>\n<p style=\"text-align: justify;\"><span style=\"font-size: 12pt;\">Auch die n\u00e4chste Generation ist bereits im Unternehmen mit eingebunden. Die Tochter Nicole wird das Unternehmen sp\u00e4ter \u00fcbernehmen. Als ausgebildete diplomierte Wirtschaftsingenieurin in der Fachrichtung Reedereilogistik verf\u00fcgt sie \u00fcber fundierte Kenntnisse f\u00fcr ihre zuk\u00fcnftigen Aufgaben.<\/span><\/p>\n<p style=\"text-align: justify;\"><a href=\"http:\/\/www.maritimemeile-haren.de\/admin\/wp-content\/uploads\/2014\/05\/185_tab_2.jpg\"><img loading=\"lazy\" decoding=\"async\" class=\"alignnone size-full wp-image-3950\" src=\"http:\/\/www.maritimemeile-haren.de\/admin\/wp-content\/uploads\/2014\/05\/185_tab_2.jpg\" alt=\"185_tab_2\" width=\"600\" height=\"280\" srcset=\"http:\/\/www.maritimemeile-haren.de\/admin\/wp-content\/uploads\/2014\/05\/185_tab_2.jpg 600w, http:\/\/www.maritimemeile-haren.de\/admin\/wp-content\/uploads\/2014\/05\/185_tab_2-300x140.jpg 300w\" sizes=\"(max-width: 600px) 100vw, 600px\" \/><\/a><\/p>\n<p>&nbsp;<\/p>\n<p style=\"text-align: justify;\"><!--more--><!--nextpage--><\/p>\n<h5 style=\"text-align: justify;\">Ausz\u00fcge aus Band II<\/h5>\n<p style=\"text-align: justify;\"><span style=\"font-size: 12pt;\">Bereits der Gro\u00dfvater und Vater des heutigen Kapit\u00e4ns und Reeders Josef Gerdes (*1950) waren mit der Schifffahrt eng verbunden. Gro\u00dfvater Josef Gerdes (*1896) war Eigner des Wattschiffes &#8222;GESINA&#8220;, w\u00e4hrend sein Vater Gerhard Gerdes (*1922), der bereits 1943 sein Kapit\u00e4nspatent erworben hatte, im Jahre 1963 das K\u00fcstenmotorschiff &#8222;MARIA LENA&#8220; in Fahrt setzte. Sein Sohn Josef Gerdes kam 1965 als Schiffsjunge an Bord des Schiffes und setzte damit die lange Schifffahrtstradition in der Familie fort.<\/span><\/p>\n<p style=\"text-align: justify;\"><a href=\"http:\/\/www.maritimemeile-haren.de\/admin\/wp-content\/uploads\/2014\/05\/185_405.jpg\"><img loading=\"lazy\" decoding=\"async\" class=\"alignnone size-full wp-image-3932\" src=\"http:\/\/www.maritimemeile-haren.de\/admin\/wp-content\/uploads\/2014\/05\/185_405.jpg\" alt=\"185_405\" width=\"600\" height=\"531\" srcset=\"http:\/\/www.maritimemeile-haren.de\/admin\/wp-content\/uploads\/2014\/05\/185_405.jpg 600w, http:\/\/www.maritimemeile-haren.de\/admin\/wp-content\/uploads\/2014\/05\/185_405-300x265.jpg 300w\" sizes=\"(max-width: 600px) 100vw, 600px\" \/><\/a><\/p>\n<p><span style=\"font-size: 10pt;\">rechts: Kapit\u00e4n Gerhard Gerdes mit seinem Sohn Josef an Bord der MARIA LENA um 1966<\/span><br \/>\n<span style=\"font-size: 10pt;\">(Foto: Familie Gerdes)<\/span><\/p>\n<p style=\"text-align: justify;\"><span style=\"font-size: 12pt;\">1968 Kapit\u00e4n Gerhard Gerdes erwarb das Secondhand- Schiff &#8222;ST. ANTONIUS&#8220; und nannte es &#8222;GERLEN&#8220;. Josef Gerdes erlernte als Matrose und sp\u00e4ter als Steuermann den Seemannsberuf.<\/span><\/p>\n<p style=\"text-align: justify;\"><span style=\"font-size: 12pt;\">1973 Josef Gerdes erwarb das Kapit\u00e4nspatent auf der Seefahrtsschule in Leer. Anschlie\u00dfend fuhr er mehrere Jahre lang als Kapit\u00e4n auf den verschiedenen Schiffen der Reederei Fisser &amp; van Doornum aus Hamburg und erhielt dabei Einblicke in die Bereederung moderner Tonnage.<\/span><\/p>\n<p style=\"text-align: justify;\"><a href=\"http:\/\/www.maritimemeile-haren.de\/admin\/wp-content\/uploads\/2014\/05\/185_7.jpg\"><img loading=\"lazy\" decoding=\"async\" class=\"alignnone size-full wp-image-2578\" src=\"http:\/\/www.maritimemeile-haren.de\/admin\/wp-content\/uploads\/2014\/05\/185_7.jpg\" alt=\"185_7\" width=\"600\" height=\"279\" srcset=\"http:\/\/www.maritimemeile-haren.de\/admin\/wp-content\/uploads\/2014\/05\/185_7.jpg 600w, http:\/\/www.maritimemeile-haren.de\/admin\/wp-content\/uploads\/2014\/05\/185_7-300x139.jpg 300w\" sizes=\"(max-width: 600px) 100vw, 600px\" \/><\/a><\/p>\n<p style=\"text-align: justify;\"><a href=\"http:\/\/www.maritimemeile-haren.de\/admin\/wp-content\/uploads\/2014\/05\/185_602.jpg\"><img loading=\"lazy\" decoding=\"async\" class=\"alignnone size-full wp-image-3948\" src=\"http:\/\/www.maritimemeile-haren.de\/admin\/wp-content\/uploads\/2014\/05\/185_602.jpg\" alt=\"185_602\" width=\"600\" height=\"393\" srcset=\"http:\/\/www.maritimemeile-haren.de\/admin\/wp-content\/uploads\/2014\/05\/185_602.jpg 600w, http:\/\/www.maritimemeile-haren.de\/admin\/wp-content\/uploads\/2014\/05\/185_602-300x196.jpg 300w\" sizes=\"(max-width: 600px) 100vw, 600px\" \/><\/a><\/p>\n<p style=\"text-align: justify;\"><span style=\"font-size: 10pt;\">GERHEIN G ex KARINA G (Foto: Reederei Gerdes)<\/span><\/p>\n<p style=\"text-align: justify;\"><span style=\"font-size: 12pt;\">1993 Kapit\u00e4n Josef Gerdes gr\u00fcndete die &#8222;Kapit\u00e4n Josef Gerdes Schiffahrtsgesellschaft mbH&#8220; und wurde eigenverantwortlicher Reeder. Er erwarb die Secondhand-Schiffe &#8222;SEA TRENT&#8220; und &#8222;BINGUM&#8220;. 1995 Der Mehrzweckfrachter &#8222;ANNLEN G&#8220; (3.000 tdw) wurde in diesem Jahr als erster Neubau f\u00fcr die Reederei in Dienst gestellt. Die Komarno Werft in der Slowakei lieferte dieses Frachtschiff vom Typ &#8218;Weser&#8216;.<\/span><\/p>\n<p style=\"text-align: justify;\"><a href=\"http:\/\/www.maritimemeile-haren.de\/admin\/wp-content\/uploads\/2014\/05\/185_30.jpg\"><img loading=\"lazy\" decoding=\"async\" class=\"alignnone  wp-image-4131\" src=\"http:\/\/www.maritimemeile-haren.de\/admin\/wp-content\/uploads\/2014\/05\/185_30.jpg\" alt=\"185_30\" width=\"384\" height=\"517\" srcset=\"http:\/\/www.maritimemeile-haren.de\/admin\/wp-content\/uploads\/2014\/05\/185_30.jpg 600w, http:\/\/www.maritimemeile-haren.de\/admin\/wp-content\/uploads\/2014\/05\/185_30-222x300.jpg 222w\" sizes=\"(max-width: 384px) 100vw, 384px\" \/><\/a><\/p>\n<p><span style=\"font-size: 10pt;\">Kapit\u00e4n Josef Gerdes <\/span><\/p>\n<p style=\"text-align: justify;\"><span style=\"font-size: 12pt;\">1996 &#8211; 1998 In diesem Zeitraum setzte die Reederei mit der &#8222;AJOS G&#8220; den zweiten Neubau und vier weitere Secondhandschiffe wie &#8222;PIA&#8220;, &#8222;KARINA G&#8220;, &#8222;GERHEIN G&#8220; und &#8222;TANJA&#8220; in Fahrt. Gleichzeitig wurde die &#8222;GEREMS Schifffahrts GmbH&#8220; gegr\u00fcndet.<\/span><\/p>\n<p style=\"text-align: justify;\"><span style=\"font-size: 12pt;\">2000 Die &#8222;NIKAR G&#8220;, ein Neubau der Werft Pattje aus Waterhuizen (NL), wurde durch die Reederei \u00fcbernommen.<\/span><\/p>\n<p style=\"text-align: justify;\"><span style=\"font-size: 12pt;\">2001 &#8211; 2003 Mit der &#8222;HEINRICH G&#8220;, &#8222;BJ\u00d6RN&#8220;, &#8222;URSULA G&#8220; und &#8222;ULRIKE G&#8220; fahren vier weitere Secondhandschiffe unter der Flagge der Reederei Gerdes. Seit 2001 unterst\u00fctzt die Tochter Nicole Gerdes als diplomierte Wirtschaftingenieurin in der Fachrichtung Reedereilogistik ihre Eltern bei den vielf\u00e4ltigen Aufgaben eines Reedereibetriebes.<\/span><\/p>\n<p style=\"text-align: justify;\"><span style=\"font-size: 12pt;\">Zu Beginn des Jahres 2003 wurden die gesch\u00e4ftlichen Aktivit\u00e4ten in ein neues Schifffahrtskontor an der Hermannstra\u00dfe 1a verlegt.<br \/>\n<\/span><\/p>\n<p style=\"text-align: justify;\"><a href=\"http:\/\/www.maritimemeile-haren.de\/admin\/wp-content\/uploads\/2014\/05\/185_8.jpg\"><img loading=\"lazy\" decoding=\"async\" class=\"alignnone size-full wp-image-2579\" src=\"http:\/\/www.maritimemeile-haren.de\/admin\/wp-content\/uploads\/2014\/05\/185_8.jpg\" alt=\"185_8\" width=\"600\" height=\"233\" srcset=\"http:\/\/www.maritimemeile-haren.de\/admin\/wp-content\/uploads\/2014\/05\/185_8.jpg 600w, http:\/\/www.maritimemeile-haren.de\/admin\/wp-content\/uploads\/2014\/05\/185_8-300x116.jpg 300w\" sizes=\"(max-width: 600px) 100vw, 600px\" \/><\/a><\/p>\n<p style=\"text-align: justify;\"><span style=\"font-size: 12pt;\">2004 Anfang des Jahres hat die Reederei Gerdes ihr Bet\u00e4tigungsfeld erweitert und ein eigenes Befrachtungskontor in Pinneberg er\u00f6ffnet. Die &#8222;Gerdes Shipping &amp; Chartering GmbH &amp; Co. KG&#8220; befrachtet sowohl die Flotte der Reederei Gerdes als auch eine wachsende Anzahl von vertraglich gebundenen Schiffen.<\/span><\/p>\n<p style=\"text-align: justify;\"><span style=\"font-size: 12pt;\">Der Schwerpunkt des Einsatzgebietes liegt vorwiegend in der Papier- und Holzproduktenfahrt. Anfang des Jahres wurde das Secondhandschiff HELENE G in Fahrt gesetzt. Die Gerdes Gruppe spezialisiert sich besonders auf die Bereederung reiner Mehrzweckfrachter und kann mit ihren elf Schiffen einen Tonnagebereich von 1.100 tdw bis 4.400 tdw anbieten.<\/span><\/p>\n<p style=\"text-align: justify;\"><span style=\"font-size: 12pt;\">Bis heute hat sie sich den Charakter eines Familiebetriebes bewahrt, die auf die pers\u00f6nliche Betreuung der Schiffe gro\u00dfen Wert legt. <\/span><\/p>\n<p style=\"text-align: justify;\"><a href=\"http:\/\/www.maritimemeile-haren.de\/admin\/wp-content\/uploads\/2014\/05\/185_9.jpg\"><img loading=\"lazy\" decoding=\"async\" class=\"alignnone size-full wp-image-2580\" src=\"http:\/\/www.maritimemeile-haren.de\/admin\/wp-content\/uploads\/2014\/05\/185_9.jpg\" alt=\"185_9\" width=\"600\" height=\"437\" srcset=\"http:\/\/www.maritimemeile-haren.de\/admin\/wp-content\/uploads\/2014\/05\/185_9.jpg 600w, http:\/\/www.maritimemeile-haren.de\/admin\/wp-content\/uploads\/2014\/05\/185_9-300x218.jpg 300w\" sizes=\"(max-width: 600px) 100vw, 600px\" \/><\/a><\/p>\n<p style=\"text-align: justify;\"><a href=\"http:\/\/www.maritimemeile-haren.de\/admin\/wp-content\/uploads\/2014\/05\/185_31.jpg\"><img loading=\"lazy\" decoding=\"async\" class=\"alignnone size-full wp-image-4132\" src=\"http:\/\/www.maritimemeile-haren.de\/admin\/wp-content\/uploads\/2014\/05\/185_31.jpg\" alt=\"185_31\" width=\"600\" height=\"369\" srcset=\"http:\/\/www.maritimemeile-haren.de\/admin\/wp-content\/uploads\/2014\/05\/185_31.jpg 600w, http:\/\/www.maritimemeile-haren.de\/admin\/wp-content\/uploads\/2014\/05\/185_31-300x184.jpg 300w\" sizes=\"(max-width: 600px) 100vw, 600px\" \/><\/a><\/p>\n","protected":false},"excerpt":{"rendered":"<p>www.reederei-gerdes.de Reederei Gerdes Gruppe<\/p>\n","protected":false},"author":1,"featured_media":0,"parent":0,"menu_order":185,"comment_status":"closed","ping_status":"closed","template":"","meta":{"footnotes":""},"_links":{"self":[{"href":"http:\/\/www.maritimemeile-haren.de\/admin\/wp-json\/wp\/v2\/pages\/275"}],"collection":[{"href":"http:\/\/www.maritimemeile-haren.de\/admin\/wp-json\/wp\/v2\/pages"}],"about":[{"href":"http:\/\/www.maritimemeile-haren.de\/admin\/wp-json\/wp\/v2\/types\/page"}],"author":[{"embeddable":true,"href":"http:\/\/www.maritimemeile-haren.de\/admin\/wp-json\/wp\/v2\/users\/1"}],"replies":[{"embeddable":true,"href":"http:\/\/www.maritimemeile-haren.de\/admin\/wp-json\/wp\/v2\/comments?post=275"}],"version-history":[{"count":32,"href":"http:\/\/www.maritimemeile-haren.de\/admin\/wp-json\/wp\/v2\/pages\/275\/revisions"}],"predecessor-version":[{"id":4305,"href":"http:\/\/www.maritimemeile-haren.de\/admin\/wp-json\/wp\/v2\/pages\/275\/revisions\/4305"}],"wp:attachment":[{"href":"http:\/\/www.maritimemeile-haren.de\/admin\/wp-json\/wp\/v2\/media?parent=275"}],"curies":[{"name":"wp","href":"https:\/\/api.w.org\/{rel}","templated":true}]}}