{"id":387,"date":"2014-05-20T09:49:55","date_gmt":"2014-05-20T07:49:55","guid":{"rendered":"http:\/\/www.maritimemeile-haren.de\/admin\/?page_id=387"},"modified":"2014-10-02T14:01:19","modified_gmt":"2014-10-02T12:01:19","slug":"232-reederei-kiepe-schepers","status":"publish","type":"page","link":"http:\/\/www.maritimemeile-haren.de\/admin\/232-reederei-kiepe-schepers\/","title":{"rendered":"232 REEDEREI KIEPE &#8211; SCHEPERS"},"content":{"rendered":"<p><a href=\"http:\/\/www.maritimemeile-haren.de\/admin\/wp-content\/uploads\/2014\/05\/232_tab.jpg\"><img loading=\"lazy\" decoding=\"async\" class=\"alignnone size-full wp-image-1883\" src=\"http:\/\/www.maritimemeile-haren.de\/admin\/wp-content\/uploads\/2014\/05\/232_tab.jpg\" alt=\"Layout 1\" width=\"600\" height=\"292\" srcset=\"http:\/\/www.maritimemeile-haren.de\/admin\/wp-content\/uploads\/2014\/05\/232_tab.jpg 600w, http:\/\/www.maritimemeile-haren.de\/admin\/wp-content\/uploads\/2014\/05\/232_tab-300x146.jpg 300w\" sizes=\"(max-width: 600px) 100vw, 600px\" \/><\/a><\/p>\n<p><a href=\"http:\/\/www.schepers.de\"><span style=\"font-size: 12pt;\">www.schepers.de<\/span><\/a><\/p>\n<p>&nbsp;<\/p>\n<p><a href=\"http:\/\/www.maritimemeile-haren.de\/admin\/wp-content\/uploads\/2014\/05\/232_Reederei-Kiepe_1.jpg\"><img loading=\"lazy\" decoding=\"async\" class=\"alignnone size-full wp-image-1882\" src=\"http:\/\/www.maritimemeile-haren.de\/admin\/wp-content\/uploads\/2014\/05\/232_Reederei-Kiepe_1.jpg\" alt=\"232_Reederei Kiepe_1\" width=\"600\" height=\"348\" srcset=\"http:\/\/www.maritimemeile-haren.de\/admin\/wp-content\/uploads\/2014\/05\/232_Reederei-Kiepe_1.jpg 600w, http:\/\/www.maritimemeile-haren.de\/admin\/wp-content\/uploads\/2014\/05\/232_Reederei-Kiepe_1-300x174.jpg 300w\" sizes=\"(max-width: 600px) 100vw, 600px\" \/><\/a><\/p>\n<p><span style=\"font-size: 10pt;\">Herm Kiepe<br \/>\n<\/span><\/p>\n<p><a href=\"http:\/\/www.maritimemeile-haren.de\/admin\/wp-content\/uploads\/2014\/05\/232_303.jpg\"><img loading=\"lazy\" decoding=\"async\" class=\"alignnone  wp-image-3614\" src=\"http:\/\/www.maritimemeile-haren.de\/admin\/wp-content\/uploads\/2014\/05\/232_303.jpg\" alt=\"232_303\" width=\"597\" height=\"426\" srcset=\"http:\/\/www.maritimemeile-haren.de\/admin\/wp-content\/uploads\/2014\/05\/232_303.jpg 576w, http:\/\/www.maritimemeile-haren.de\/admin\/wp-content\/uploads\/2014\/05\/232_303-300x214.jpg 300w\" sizes=\"(max-width: 597px) 100vw, 597px\" \/><\/a><\/p>\n<p><a href=\"http:\/\/www.maritimemeile-haren.de\/admin\/wp-content\/uploads\/2014\/05\/232_302.jpg\"><img loading=\"lazy\" decoding=\"async\" class=\"alignnone size-full wp-image-3615\" src=\"http:\/\/www.maritimemeile-haren.de\/admin\/wp-content\/uploads\/2014\/05\/232_302.jpg\" alt=\"232_302\" width=\"600\" height=\"356\" srcset=\"http:\/\/www.maritimemeile-haren.de\/admin\/wp-content\/uploads\/2014\/05\/232_302.jpg 600w, http:\/\/www.maritimemeile-haren.de\/admin\/wp-content\/uploads\/2014\/05\/232_302-300x178.jpg 300w\" sizes=\"(max-width: 600px) 100vw, 600px\" \/><\/a><\/p>\n<p><a href=\"http:\/\/www.maritimemeile-haren.de\/admin\/wp-content\/uploads\/2014\/05\/323_301.jpg\"><img loading=\"lazy\" decoding=\"async\" class=\"alignnone size-full wp-image-3616\" src=\"http:\/\/www.maritimemeile-haren.de\/admin\/wp-content\/uploads\/2014\/05\/323_301.jpg\" alt=\"323_301\" width=\"600\" height=\"312\" srcset=\"http:\/\/www.maritimemeile-haren.de\/admin\/wp-content\/uploads\/2014\/05\/323_301.jpg 600w, http:\/\/www.maritimemeile-haren.de\/admin\/wp-content\/uploads\/2014\/05\/323_301-300x156.jpg 300w\" sizes=\"(max-width: 600px) 100vw, 600px\" \/><\/a><\/p>\n<p><a href=\"http:\/\/www.maritimemeile-haren.de\/admin\/wp-content\/uploads\/2014\/05\/232_300.jpg\"><img loading=\"lazy\" decoding=\"async\" class=\"alignnone size-full wp-image-3617\" src=\"http:\/\/www.maritimemeile-haren.de\/admin\/wp-content\/uploads\/2014\/05\/232_300.jpg\" alt=\"232_300\" width=\"600\" height=\"340\" srcset=\"http:\/\/www.maritimemeile-haren.de\/admin\/wp-content\/uploads\/2014\/05\/232_300.jpg 600w, http:\/\/www.maritimemeile-haren.de\/admin\/wp-content\/uploads\/2014\/05\/232_300-300x170.jpg 300w\" sizes=\"(max-width: 600px) 100vw, 600px\" \/><\/a><\/p>\n<hr \/>\n<h5>\u00a0Zur Geschichte:<\/h5>\n<p style=\"text-align: justify;\"><span style=\"font-size: 12pt;\">Schon seit Generationen waren die Familien Schepers und Kiepe in der Schifffahrt t\u00e4tig. Kapit\u00e4n Heinrich Schepers (geb.1913) ist der \u00e4lteste Sohn des Schiffers L\u00fcbbert Schepers (geb. 1884), Lange Stra\u00dfe 67, der 1909 auf der Werft Muller in Musselkanaal die \u201eFRANZISKA\u201c hatte bauen lassen.<\/span><\/p>\n<p style=\"text-align: justify;\"><a href=\"http:\/\/www.maritimemeile-haren.de\/admin\/wp-content\/uploads\/2014\/05\/232_401.jpg\"><img loading=\"lazy\" decoding=\"async\" class=\"alignnone size-full wp-image-3749\" src=\"http:\/\/www.maritimemeile-haren.de\/admin\/wp-content\/uploads\/2014\/05\/232_401.jpg\" alt=\"232_401\" width=\"600\" height=\"614\" srcset=\"http:\/\/www.maritimemeile-haren.de\/admin\/wp-content\/uploads\/2014\/05\/232_401.jpg 600w, http:\/\/www.maritimemeile-haren.de\/admin\/wp-content\/uploads\/2014\/05\/232_401-293x300.jpg 293w\" sizes=\"(max-width: 600px) 100vw, 600px\" \/><\/a><\/p>\n<p style=\"text-align: justify;\"><span style=\"font-size: 10pt;\">L\u00fcbbert Schepers mit Maria Schepers<\/span><\/p>\n<p style=\"text-align: justify;\"><span style=\"font-size: 12pt;\">Ebenso wie seine Br\u00fcder Rudolf (geb.1918), Hermann (geb.1919), Lambert (geb.1924), Antonius (geb.1926) und Gerhard (geb.1930) erlernte auch er den Schifferberuf auf dem Schiff seines Vaters und erwarb nach dem Besuch der Seefahrtschule Leer im Jahre 1937 das Kapit\u00e4nspatent.<\/span><\/p>\n<p style=\"text-align: justify;\"><a href=\"http:\/\/www.maritimemeile-haren.de\/admin\/wp-content\/uploads\/2014\/05\/232_402.jpg\"><img loading=\"lazy\" decoding=\"async\" class=\"alignnone size-full wp-image-3748\" src=\"http:\/\/www.maritimemeile-haren.de\/admin\/wp-content\/uploads\/2014\/05\/232_402.jpg\" alt=\"232_402\" width=\"600\" height=\"445\" srcset=\"http:\/\/www.maritimemeile-haren.de\/admin\/wp-content\/uploads\/2014\/05\/232_402.jpg 600w, http:\/\/www.maritimemeile-haren.de\/admin\/wp-content\/uploads\/2014\/05\/232_402-300x222.jpg 300w\" sizes=\"(max-width: 600px) 100vw, 600px\" \/><\/a><\/p>\n<p style=\"text-align: justify;\"><span style=\"font-size: 10pt;\">An Bord der HERM KIEPE\u00a0 um 1961\u00a0\u00a0 \u00a0unten v.l.: Helene Schepers, Heinrich Schepers, Engelbert Schepers<\/span><br \/>\n<span style=\"font-size: 10pt;\">(Foto: Familie Schepers<\/span>)<\/p>\n<p style=\"text-align: justify;\"><span style=\"font-size: 12pt;\">Er heiratete 1943 Helene Kiepe, die j\u00fcngste Tochter von Hermann Kiepe, der mit der Spitzp\u00fcnte \u201eHELENE\u201c die legend\u00e4ren Fahrten nach Brasilien unternommen hatte. Im Jahre 1905 hatte Herm Kiepe bereits die \u201eMARIA\u201c bauen lassen, die sp\u00e4ter sein Sohn Alexander \u00fcbereignet bekam. Als sein Schwager Alexander Kiepe jedoch im Jahre 1953 sehr fr\u00fch verstarb, \u00fcbernahm Heinrich Schepers die \u201eMARIA\u201c als Kapit\u00e4n. In den Jahren von 1953 bis 1956 fuhr das Schiff haupts\u00e4chlich vom Rhein bis in den Nord- und Ostseeraum; sein eigenes Schiff \u201eMARLEN\u201c, eine Hamburger Schute ohne Motor, die nur geschleppt und gesegelt werden konnte, verkaufte er. Dieses Schiff verkehrte auf den westdeutschen Kan\u00e4len.<\/span><\/p>\n<p style=\"text-align: justify;\"><a href=\"http:\/\/www.maritimemeile-haren.de\/admin\/wp-content\/uploads\/2014\/05\/232_30.jpg\"><img loading=\"lazy\" decoding=\"async\" class=\"alignnone size-full wp-image-4252\" src=\"http:\/\/www.maritimemeile-haren.de\/admin\/wp-content\/uploads\/2014\/05\/232_30.jpg\" alt=\"232_30\" width=\"600\" height=\"339\" srcset=\"http:\/\/www.maritimemeile-haren.de\/admin\/wp-content\/uploads\/2014\/05\/232_30.jpg 600w, http:\/\/www.maritimemeile-haren.de\/admin\/wp-content\/uploads\/2014\/05\/232_30-300x169.jpg 300w\" sizes=\"(max-width: 600px) 100vw, 600px\" \/><\/a><\/p>\n<p><span style=\"font-size: 10pt;\">Ro\/Ro-Frachter HELENE, Baujahr 1985<\/span><br \/>\n<span style=\"font-size: 10pt;\">Foto: FotoFlite incorporating Skyfotos<\/span><\/p>\n<p style=\"text-align: justify;\"><span style=\"font-size: 12pt;\">Im Jahre 1956 gr\u00fcndete Kapit\u00e4n Heinrich Schepers die Kiepe-Schepers &amp; Co OHG, Kirchstra\u00dfe 8. Partner waren seine Ehefrau und die Schw\u00e4gerin Margarethe. F\u00fcr die neu gegr\u00fcndete Gesellschaft bestellte er 1957 auf der B\u00fcsumer Werft W. &amp; E. Sielaff den Volldecker \u201eHERM KIEPE\u201c. Das Schiff war speziell f\u00fcr den Holztransport zum Rhein konzipiert. Nach Schweden und Finnland wurde St\u00fcckgut geladen.<\/span><\/p>\n<p style=\"text-align: justify;\"><span style=\"font-size: 12pt;\">Am 18. Juli 1974 wurde der Firmenname in Kiepe-Schepers KG, Emsstra\u00dfe 36 ge\u00e4ndert<\/span><\/p>\n<p style=\"text-align: justify;\">\n<p style=\"text-align: justify;\"><a href=\"http:\/\/www.maritimemeile-haren.de\/admin\/wp-content\/uploads\/2014\/05\/232_32.jpg\"><img loading=\"lazy\" decoding=\"async\" class=\"alignnone  wp-image-4250\" src=\"http:\/\/www.maritimemeile-haren.de\/admin\/wp-content\/uploads\/2014\/05\/232_32.jpg\" alt=\"232_32\" width=\"429\" height=\"609\" srcset=\"http:\/\/www.maritimemeile-haren.de\/admin\/wp-content\/uploads\/2014\/05\/232_32.jpg 600w, http:\/\/www.maritimemeile-haren.de\/admin\/wp-content\/uploads\/2014\/05\/232_32-211x300.jpg 211w\" sizes=\"(max-width: 429px) 100vw, 429px\" \/><\/a><\/p>\n<p style=\"text-align: justify;\">\n<p><span style=\"font-size: 10pt;\">Engelbert Schepers<\/span><\/p>\n<p style=\"text-align: justify;\">\n<p style=\"text-align: justify;\"><span style=\"font-size: 12pt;\">Gleichzeitig trat Engelbert Schepers (geb. 1947) als pers\u00f6nlich haftender Gesellschafter mit in den Reedereibetrieb ein. Er hatte bereits fr\u00fch auf den Schiffen seines Vaters den Seemannsberuf kennengelernt. Nach dem Besuch der Seefahrtsschule in Cuxhaven erwarb er im Jahre 1969 das Kapit\u00e4nspatent. Anschlie\u00dfend fuhr er mehrere Jahre auf den Schiffen der Familie als verantwortlicher Kapit\u00e4n. Zum Fahrtgebiet der HERM KIEPE geh\u00f6rte besonders die Nord- und Ostsee; mit der \u201eEMSDEICH\u201c wurde aber auch Nordafrika angesteuert. <\/span><!--more--><!--nextpage--><\/p>\n<p style=\"text-align: justify;\"><span style=\"font-size: 12pt;\">In den n\u00e4chsten Jahren wurden drei weitere Schiffe unter dem Namen \u201eHERM KIEPE\u201c bei den umliegenden Werften in Auftrag gegeben. <\/span><br \/>\n<span style=\"font-size: 12pt;\">Sie dokumentieren gleichzeitig den Wandel vom K\u00fcmo \u00fcber den Mehrzweckfrachter zum modernen Containerschiff. Ihren Namen verdanken diese Schiffe dem Schwiegervater und stolzen Brasilienfahrer Hermann Kiepe.<\/span><\/p>\n<p style=\"text-align: justify;\"><span style=\"font-size: 12pt;\">Auch das 1985 fertiggestellte M.S. \u201eHELENE\u201c erinnert an die Spitzp\u00fcnte der Familie Kiepe; es wurde auf Wunsch des Befrachters in \u201eBCR HELENE\u201c umgetauft. <\/span><\/p>\n<p style=\"text-align: justify;\"><span style=\"font-size: 12pt;\">Mit der \u201eLa PALOMA\u201c wurde 1993 der bis dahin gr\u00f6\u00dfte f\u00fcr Harener Rechnung in Auftrag gegebene Neubau bei der Sietas Werft in Hamburg geordert.<\/span><\/p>\n<p style=\"text-align: justify;\"><span style=\"font-size: 12pt;\">Die Meppener Tagespost vom 2.09.1993 berichtet:<\/span><\/p>\n<p style=\"text-align: justify;\"><span style=\"font-size: 12pt;\">\u201eDas Taufzeremoniell war kaum vor\u00fcber, da legte die \u2018LA PALOMA\u2019, Flaggschiff der Harener Reederei Kiepe-Schepers, auch schon zu ihrer ersten gro\u00dfen Fahrt ab: nach S\u00fcdostasien. Das High-Tech-Containerschiff ist 181 Meter lang und 24,5 Meter breit. Es kostete 70 Millionen DM. Hamburg, Rotterdam, Antwerpen, Jeddah, Singapore, Manila, Hongkong, und Colombo werden die ersten Stationen der Reise sein. Insgesamt 1.661 Standardcontainer finden an Bord des 21 Knoten schnellen Frachters Platz. Nach achtw\u00f6chiger Fahrt wird es Mitte Oktober in Hamburg zur\u00fcckerwartet.\u201c<\/span><\/p>\n<p style=\"text-align: justify;\"><span style=\"font-size: 12pt;\">Die vierte \u201eHERM KIEPE\u201c wurde 1997 als Containerschiff von der Sietas Werft in Hamburg fertiggestellt und der Reederei Schepers Global Containerschiff KG \u00fcbergeben. Das 140 m lange Schiff ist mit den modernsten Einrichtungen f\u00fcr die Containerfahrt versehen. Bei der \u00dcbergabe des Schiffes dankte Engelbert Schepers besonders seinem Vater, dem Seniorchef der Reederei, der durch seine nimmerm\u00fcde Tatkraft den Grundstock f\u00fcr den Erfolg des Betriebes gelegt hatte.<\/span><br \/>\n<a href=\"http:\/\/www.maritimemeile-haren.de\/admin\/wp-content\/uploads\/2014\/05\/232_400.jpg\"><img loading=\"lazy\" decoding=\"async\" class=\"alignnone size-full wp-image-3750\" src=\"http:\/\/www.maritimemeile-haren.de\/admin\/wp-content\/uploads\/2014\/05\/232_400.jpg\" alt=\"232_400\" width=\"600\" height=\"394\" srcset=\"http:\/\/www.maritimemeile-haren.de\/admin\/wp-content\/uploads\/2014\/05\/232_400.jpg 600w, http:\/\/www.maritimemeile-haren.de\/admin\/wp-content\/uploads\/2014\/05\/232_400-300x197.jpg 300w\" sizes=\"(max-width: 600px) 100vw, 600px\" \/><\/a><\/p>\n<p><span style=\"font-size: 10pt;\">HERM KIEPE aus dem Jahre 1957 (Foto: Reederei Kiepe-Schepers)<\/span><\/p>\n<p style=\"text-align: justify;\"><span style=\"font-size: 12pt;\">Die Reederei Kiepe-Schepers pr\u00e4sentiert sich heutzutage als ein fest etabliertes Unternehmen in der Schifferstadt Haren an der Ems. Die Reedereiflotte umfasst mehrere gro\u00dfe Containerfrachter, die weltweit im Einsatz sind und sehr flexibel eingesetzt werden k\u00f6nnen. Immer wieder versucht die Reederei die Kapazit\u00e4t der Schiffe den Erfordernissen des Marktes und der Zeit anzupassen. Nur so konnte der Fortschritt gesichert werden.<\/span><\/p>\n<p style=\"text-align: justify;\"><span style=\"font-size: 12pt;\">Kapit\u00e4n Engelbert Schepers leitet das aktive Gesch\u00e4ft der Reederei. Er ist sowohl mit der Bereederung der Schiffe als auch mit der Gesch\u00e4ftsf\u00fchrung der Beteiligungsgesellschaften betraut. Dabei besch\u00e4ftigt er sich mit nautisch-technischen Angelegenheiten und hat auch zahlreiche administrative Aufgaben zu erf\u00fcllen. <\/span><\/p>\n<p style=\"text-align: justify;\"><span style=\"font-size: 12pt;\">F\u00fcr den kaufm\u00e4nnischen Bereich ist seine Schwester Magdalena Schepers-Zeiss im Kontor in Haren mitverantwortlich. Unterst\u00fctzt werden beide durch den Seniorchef Heinrich Schepers.<\/span><!--more--><!--nextpage--><\/p>\n<h5 style=\"text-align: justify;\">Auszug aus Band II<\/h5>\n<p style=\"text-align: justify;\"><span style=\"font-size: 12pt;\">In den Familien Kiepe und Schepers wird schon seit mehreren Generationen Schifffahrt betrieben; insbesondere die legend\u00e4ren Fahrten mit der Spitzp\u00fcnte &#8222;HELENE&#8220; erinnern heute noch an den stolzen Brasilienfahrer Hermann Kiepe (*1864). Als Erinnerung daran trugen mehrere Schiffe der Reederei Schepers diesen Namen. 1953 Als sein Schwager Alexander Kiepe verstarb, \u00fcbernahm Kapit\u00e4n Heinrich Schepers (*1913) den Motorsegler &#8222;MARIA&#8220;.<\/span><\/p>\n<p style=\"text-align: justify;\"><a href=\"http:\/\/www.maritimemeile-haren.de\/admin\/wp-content\/uploads\/2014\/05\/232_31.jpg\"><img loading=\"lazy\" decoding=\"async\" class=\"alignnone size-full wp-image-4251\" src=\"http:\/\/www.maritimemeile-haren.de\/admin\/wp-content\/uploads\/2014\/05\/232_31.jpg\" alt=\"232_31\" width=\"300\" height=\"459\" srcset=\"http:\/\/www.maritimemeile-haren.de\/admin\/wp-content\/uploads\/2014\/05\/232_31.jpg 300w, http:\/\/www.maritimemeile-haren.de\/admin\/wp-content\/uploads\/2014\/05\/232_31-196x300.jpg 196w\" sizes=\"(max-width: 300px) 100vw, 300px\" \/><\/a><\/p>\n<p><span style=\"font-size: 10pt;\">Hermann Kiepe<\/span><\/p>\n<p style=\"text-align: justify;\"><span style=\"font-size: 12pt;\">1956 Kapit\u00e4n Heinrich Schepers gr\u00fcndete die &#8222;Kiepe- Schepers OHG&#8220; und bestellte auf der Werft Sielaff in B\u00fcsum den Volldecker &#8222;HERM KIEPE&#8220; (437 t).<\/span><\/p>\n<p style=\"text-align: justify;\"><span style=\"font-size: 12pt;\">1966 Die &#8222;HERM KIEPE&#8220; (820 t) wurde als Freidecker nach den neuesten Erkenntnissen f\u00fcr die Rhein-See-Schifffahrt auf der Werft Cassens in Emden erbaut. <\/span><\/p>\n<p style=\"text-align: justify;\"><span style=\"font-size: 12pt;\">1969 Kapit\u00e4n Engelbert Schepers (*1947), Sohn des Firmengr\u00fcnders, erwarb das Kapit\u00e4nspatent auf der Seefahrtsschule in Cuxhaven und fuhr anschlie\u00dfend mehrere Jahre <\/span><span style=\"font-size: 12pt;\">als verantwortlicher Kapit\u00e4n auf den Schiffen der Familie.<\/span><\/p>\n<p style=\"text-align: justify;\"><span style=\"font-size: 12pt;\">1974 Der Firmenname wurde in &#8222;Kiepe-Schepers KG&#8220; ge\u00e4ndert. Kapit\u00e4n Engelbert Schepers trat als pers\u00f6nlich haftender Gesellschafter in den Reedereibetrieb ein. Gleichzeitig gab man die &#8222;HERM KIEPE&#8220; (1.300 t) bei der Werft Cassens in Emden in Auftrag, die auch 1980 die &#8222;EMSDEICH&#8220; (2.920 t) lieferte.<\/span><\/p>\n<p style=\"text-align: justify;\"><a href=\"http:\/\/www.maritimemeile-haren.de\/admin\/wp-content\/uploads\/2014\/05\/232_34.jpg\"><img loading=\"lazy\" decoding=\"async\" class=\"alignnone size-full wp-image-4248\" src=\"http:\/\/www.maritimemeile-haren.de\/admin\/wp-content\/uploads\/2014\/05\/232_34.jpg\" alt=\"232_34\" width=\"600\" height=\"373\" srcset=\"http:\/\/www.maritimemeile-haren.de\/admin\/wp-content\/uploads\/2014\/05\/232_34.jpg 600w, http:\/\/www.maritimemeile-haren.de\/admin\/wp-content\/uploads\/2014\/05\/232_34-300x186.jpg 300w\" sizes=\"(max-width: 600px) 100vw, 600px\" \/><\/a><\/p>\n<p><span style=\"font-size: 10pt;\">EMSDEICH\u00a0 (Bauj. 1980, 2.920 tdw)\u00a0\u00a0 \u00a0Foto: FotoFlite inc. Skyfotos<\/span><\/p>\n<p style=\"text-align: justify;\"><span style=\"font-size: 12pt;\">1983 Magdalena Schepers unterst\u00fctzt als frisch gebackene Betriebswirtin die Gesch\u00e4fte von Vater Heinrich Schepers und Bruder Engelbert Schepers. 1985 Die &#8222;Kiepe-Schepers KG&#8220; bestellte durch die neu gegr\u00fcndete S &amp; K bei der Werft Nobiskrug in Rendsburg den <\/span><span style=\"font-size: 12pt;\">Ro\/Ro-Frachter &#8222;HELENE&#8220; (574 TEU). Es war das erste Containerschiff der Reederei Schepers.<\/span><\/p>\n<p style=\"text-align: justify;\"><span style=\"font-size: 12pt;\">1991 Der Containerfrachter &#8222;RHEINTRADER&#8220; (372 TEU) wurde f\u00fcr die Reederei in Dienst gestellt. Die Werft Sietas lieferte in den n\u00e4chsten Jahren zwei weitere Frachter f\u00fcr den Schifffahrtsbetrieb. 1993 Mit der &#8222;LA PALOMA&#8220; (1.661 TEU) wurde der bis dahin gr\u00f6\u00dfte f\u00fcr Harener Rechnung in Auftrag gegebene Neubau bei der Werft Sietas in Hamburg geordert.<\/span><\/p>\n<p style=\"text-align: justify;\"><span style=\"font-size: 12pt;\">1997 Die vierte &#8222;HERM KIEPE&#8220; (972 TEU) wurde als Containerschiff von der Werft Sietas in Hamburg fertig gestellt und der Reederei &#8222;Schepers Global Containerschiff KG&#8220; \u00fcbergeben.<\/span><\/p>\n<p style=\"text-align: justify;\"><span style=\"font-size: 12pt;\">2004 Die Reederei pr\u00e4sentiert sich als Familienunternehmen und bereedert zurzeit drei Containerschiffe in weltweiter Fahrt. Kapit\u00e4n und Reeder Engelbert Schepers leitet die gesch\u00e4ftlichen Aktivit\u00e4ten mit seiner Schwester und Mitgesellschafterin Magdalena Schepers-Zeiss. Mitte des Jahres erwarb die Reederei Schepers die Containerfeederschiffe \u201eWESTVOORNE\u201c, \u201eOOSTVOORNE\u201c und \u201eSEAWHEEL MERCHANT\u201c.<\/span><\/p>\n<p style=\"text-align: justify;\"><a href=\"http:\/\/www.maritimemeile-haren.de\/admin\/wp-content\/uploads\/2014\/05\/232_35.jpg\"><img loading=\"lazy\" decoding=\"async\" class=\"alignnone size-full wp-image-4247\" src=\"http:\/\/www.maritimemeile-haren.de\/admin\/wp-content\/uploads\/2014\/05\/232_35.jpg\" alt=\"232_35\" width=\"600\" height=\"229\" srcset=\"http:\/\/www.maritimemeile-haren.de\/admin\/wp-content\/uploads\/2014\/05\/232_35.jpg 600w, http:\/\/www.maritimemeile-haren.de\/admin\/wp-content\/uploads\/2014\/05\/232_35-300x114.jpg 300w\" sizes=\"(max-width: 600px) 100vw, 600px\" \/><\/a><\/p>\n<p><span style=\"font-size: 10pt;\">Seawheel Merchant\u00a0 (Bauj. 1996, 2.750 tdw)\u00a0\u00a0 \u00a0Foto: Reederei Schepers<\/span><\/p>\n<p>&nbsp;<\/p>\n<p>&nbsp;<\/p>\n","protected":false},"excerpt":{"rendered":"<p>www.schepers.de &nbsp; Herm Kiepe \u00a0Zur Geschichte: Schon seit Generationen waren die Familien Schepers und Kiepe in der Schifffahrt t\u00e4tig. Kapit\u00e4n Heinrich Schepers (geb.1913) ist der \u00e4lteste Sohn des Schiffers L\u00fcbbert&hellip; <\/p>\n","protected":false},"author":1,"featured_media":0,"parent":0,"menu_order":232,"comment_status":"closed","ping_status":"closed","template":"","meta":{"footnotes":""},"_links":{"self":[{"href":"http:\/\/www.maritimemeile-haren.de\/admin\/wp-json\/wp\/v2\/pages\/387"}],"collection":[{"href":"http:\/\/www.maritimemeile-haren.de\/admin\/wp-json\/wp\/v2\/pages"}],"about":[{"href":"http:\/\/www.maritimemeile-haren.de\/admin\/wp-json\/wp\/v2\/types\/page"}],"author":[{"embeddable":true,"href":"http:\/\/www.maritimemeile-haren.de\/admin\/wp-json\/wp\/v2\/users\/1"}],"replies":[{"embeddable":true,"href":"http:\/\/www.maritimemeile-haren.de\/admin\/wp-json\/wp\/v2\/comments?post=387"}],"version-history":[{"count":19,"href":"http:\/\/www.maritimemeile-haren.de\/admin\/wp-json\/wp\/v2\/pages\/387\/revisions"}],"predecessor-version":[{"id":4307,"href":"http:\/\/www.maritimemeile-haren.de\/admin\/wp-json\/wp\/v2\/pages\/387\/revisions\/4307"}],"wp:attachment":[{"href":"http:\/\/www.maritimemeile-haren.de\/admin\/wp-json\/wp\/v2\/media?parent=387"}],"curies":[{"name":"wp","href":"https:\/\/api.w.org\/{rel}","templated":true}]}}