{"id":4327,"date":"2014-10-22T09:37:54","date_gmt":"2014-10-22T07:37:54","guid":{"rendered":"http:\/\/www.maritimemeile-haren.de\/admin\/?page_id=4327"},"modified":"2014-10-27T10:01:36","modified_gmt":"2014-10-27T08:01:36","slug":"schiffer-ehrenmal","status":"publish","type":"page","link":"http:\/\/www.maritimemeile-haren.de\/admin\/schiffer-ehrenmal\/","title":{"rendered":"Schiffer-Ehrenmal"},"content":{"rendered":"<p style=\"text-align: justify;\"><span style=\"font-size: 12pt;\">Unser Rundweg beginnt auf dem Schwester-Kunigunde-Platz am Schiffer-Ehrenmal im Schatten des \u201eEmslanddoms\u201c, dessen Turm die Harener Schiffer stets als erstes sahen, wenn sie sich auf der Ems ihrer Heimatstadt n\u00e4herten.<\/span><\/p>\n<p style=\"text-align: justify;\"><a href=\"http:\/\/www.maritimemeile-haren.de\/admin\/wp-content\/uploads\/2014\/05\/Schiffer_Ehrenmal.jpg\"><img loading=\"lazy\" decoding=\"async\" class=\"alignnone size-full wp-image-3789\" src=\"http:\/\/www.maritimemeile-haren.de\/admin\/wp-content\/uploads\/2014\/05\/Schiffer_Ehrenmal.jpg\" alt=\"Schiffer_Ehrenmal\" width=\"300\" height=\"450\" srcset=\"http:\/\/www.maritimemeile-haren.de\/admin\/wp-content\/uploads\/2014\/05\/Schiffer_Ehrenmal.jpg 300w, http:\/\/www.maritimemeile-haren.de\/admin\/wp-content\/uploads\/2014\/05\/Schiffer_Ehrenmal-200x300.jpg 200w\" sizes=\"(max-width: 300px) 100vw, 300px\" \/><\/a><\/p>\n<p style=\"text-align: justify;\"><span style=\"font-size: 12pt;\">Schwester Kunigunde war die Ordensfrau, die am 8. April 1945 am Turm der St. Martinuskirche ein wei\u00dfes Bettlaken hisste und die Stadt damit vor schwerem Beschuss durch alliierte Truppen bewahrte. Auf dem Schiffer-Ehrenmal ist der folgende Spruch zu lesen: <\/span><br \/>\n<span style=\"font-size: 12pt;\">\u00a0\u00a0 \u00a0<\/span><br \/>\n<em><span style=\"font-size: 12pt;\">\u201eF\u00f6r seine Familie Brot un L\u00e4wen<\/span><\/em><br \/>\n<em> <span style=\"font-size: 12pt;\">h\u00e4ff manch Schipper d\u00e4tt L\u00e4sste g\u00e4wen.<\/span><\/em><br \/>\n<em> <span style=\"font-size: 12pt;\">Alltied staoh wie in Gottes Hand,<\/span><\/em><br \/>\n<em> <span style=\"font-size: 12pt;\">upp S\u00e4i, upp d\u00e4i \u00c4emes un upp\u2019t Land.\u201c<\/span><\/em><\/p>\n<p style=\"text-align: justify;\"><span style=\"font-size: 12pt;\">Er deutet die Entbehrungen an, unter denen unsere Vorfahren gelebt und gearbeitet haben, zugleich dr\u00fcckt er die Trauer der Bev\u00f6lkerung \u00fcber den Seemannstod der vielen Fahrensleute aus. Ohne die Leistung und Opferbereitschaft dieser Menschen w\u00e4re Haren sicherlich nicht zu dem\u00a0 geworden, was es heute ist, einem der gr\u00f6\u00dften Schifffahrtstandorte in Deutschland. Somit stehen die Tafeln des St. Nikolaus Schiffervereins, des Nautikklubs, der Gemeinschaft Harener Binnenschiffer, der Gemeinschaft Harener Reeder und der Stadt am Anfang dieser \u201eMeile\u201c, weil sie die Zusammengeh\u00f6rigkeit aller zeigen. Unser Weg f\u00fchrt uns ein St\u00fcck die ehemals von B\u00e4umen ges\u00e4umte Mittelstra\u00dfe entlang bis hin zur Emsstra\u00dfe und weiter bis an die Emsbr\u00fccke.<\/span><\/p>\n<p style=\"text-align: justify;\"><a href=\"http:\/\/www.maritimemeile-haren.de\/admin\/wp-content\/uploads\/2014\/05\/Postkarten_Haren_alt.jpg\"><img loading=\"lazy\" decoding=\"async\" class=\"alignnone size-full wp-image-3792\" src=\"http:\/\/www.maritimemeile-haren.de\/admin\/wp-content\/uploads\/2014\/05\/Postkarten_Haren_alt.jpg\" alt=\"Postkarten_Haren_alt\" width=\"600\" height=\"457\" srcset=\"http:\/\/www.maritimemeile-haren.de\/admin\/wp-content\/uploads\/2014\/05\/Postkarten_Haren_alt.jpg 600w, http:\/\/www.maritimemeile-haren.de\/admin\/wp-content\/uploads\/2014\/05\/Postkarten_Haren_alt-300x228.jpg 300w\" sizes=\"(max-width: 600px) 100vw, 600px\" \/><\/a><\/p>\n<p><span style=\"font-size: 10pt;\">Postkarte Haren<\/span><\/p>\n<p style=\"text-align: justify;\"><a href=\"http:\/\/www.maritimemeile-haren.de\/admin\/wp-content\/uploads\/2014\/05\/Postkarte_Emsstrasse.jpg\"><img loading=\"lazy\" decoding=\"async\" class=\"alignnone size-full wp-image-3794\" src=\"http:\/\/www.maritimemeile-haren.de\/admin\/wp-content\/uploads\/2014\/05\/Postkarte_Emsstrasse.jpg\" alt=\"Postkarte_Emsstrasse\" width=\"600\" height=\"382\" srcset=\"http:\/\/www.maritimemeile-haren.de\/admin\/wp-content\/uploads\/2014\/05\/Postkarte_Emsstrasse.jpg 600w, http:\/\/www.maritimemeile-haren.de\/admin\/wp-content\/uploads\/2014\/05\/Postkarte_Emsstrasse-300x191.jpg 300w\" sizes=\"(max-width: 600px) 100vw, 600px\" \/><\/a><\/p>\n<p><span style=\"font-size: 10pt;\">Postkarte Haren Emsstrasse<\/span><\/p>\n<p><a href=\"http:\/\/www.maritimemeile-haren.de\/admin\/wp-content\/uploads\/2014\/05\/Haren_Ems.jpg\"><img loading=\"lazy\" decoding=\"async\" class=\"alignnone size-full wp-image-3798\" src=\"http:\/\/www.maritimemeile-haren.de\/admin\/wp-content\/uploads\/2014\/05\/Haren_Ems.jpg\" alt=\"Haren_Ems\" width=\"600\" height=\"396\" srcset=\"http:\/\/www.maritimemeile-haren.de\/admin\/wp-content\/uploads\/2014\/05\/Haren_Ems.jpg 600w, http:\/\/www.maritimemeile-haren.de\/admin\/wp-content\/uploads\/2014\/05\/Haren_Ems-300x198.jpg 300w\" sizes=\"(max-width: 600px) 100vw, 600px\" \/><\/a><\/p>\n","protected":false},"excerpt":{"rendered":"<p>Unser Rundweg beginnt auf dem Schwester-Kunigunde-Platz am Schiffer-Ehrenmal im Schatten des \u201eEmslanddoms\u201c, dessen Turm die Harener Schiffer stets als erstes sahen, wenn sie sich auf der Ems ihrer Heimatstadt n\u00e4herten.&hellip; <\/p>\n","protected":false},"author":1,"featured_media":0,"parent":0,"menu_order":0,"comment_status":"closed","ping_status":"closed","template":"","meta":{"footnotes":""},"_links":{"self":[{"href":"http:\/\/www.maritimemeile-haren.de\/admin\/wp-json\/wp\/v2\/pages\/4327"}],"collection":[{"href":"http:\/\/www.maritimemeile-haren.de\/admin\/wp-json\/wp\/v2\/pages"}],"about":[{"href":"http:\/\/www.maritimemeile-haren.de\/admin\/wp-json\/wp\/v2\/types\/page"}],"author":[{"embeddable":true,"href":"http:\/\/www.maritimemeile-haren.de\/admin\/wp-json\/wp\/v2\/users\/1"}],"replies":[{"embeddable":true,"href":"http:\/\/www.maritimemeile-haren.de\/admin\/wp-json\/wp\/v2\/comments?post=4327"}],"version-history":[{"count":1,"href":"http:\/\/www.maritimemeile-haren.de\/admin\/wp-json\/wp\/v2\/pages\/4327\/revisions"}],"predecessor-version":[{"id":4328,"href":"http:\/\/www.maritimemeile-haren.de\/admin\/wp-json\/wp\/v2\/pages\/4327\/revisions\/4328"}],"wp:attachment":[{"href":"http:\/\/www.maritimemeile-haren.de\/admin\/wp-json\/wp\/v2\/media?parent=4327"}],"curies":[{"name":"wp","href":"https:\/\/api.w.org\/{rel}","templated":true}]}}