{"id":4341,"date":"2014-10-23T09:12:41","date_gmt":"2014-10-23T07:12:41","guid":{"rendered":"http:\/\/www.maritimemeile-haren.de\/admin\/?page_id=4341"},"modified":"2014-11-13T16:32:54","modified_gmt":"2014-11-13T14:32:54","slug":"info","status":"publish","type":"page","link":"http:\/\/www.maritimemeile-haren.de\/admin\/info\/","title":{"rendered":"Info"},"content":{"rendered":"<ul>\n<li style=\"text-align: justify;\"><span style=\"font-size: 12pt;\">Diese Webseite wurde f\u00fcr mobile Endger\u00e4te optimiert und unterst\u00fctzt derzeit \u00fcber 250 verschiedene Handymodelle und Tablets.<\/span><\/li>\n<li style=\"text-align: justify;\"><span style=\"font-size: 12pt;\">Neben der Webpr\u00e4sentation ist auch eine bebilderte <span style=\"color: #5f85b0;\"><strong>Brosch\u00fcre<\/strong><\/span> (1\u20ac Schutzgeb\u00fchr) erschienen. Die Brosch\u00fcre kann hier, oder unter <span style=\"color: #5f85b0;\"><strong>Medien<\/strong><\/span>\u00a0auch als PDF heruntergeladen werden.<br \/>\n<\/span><\/li>\n<\/ul>\n<p style=\"text-align: justify;\"><a href=\"http:\/\/www.maritimemeile-haren.de\/admin\/downloads\/Maritime%20Meile.pdf\"><img loading=\"lazy\" decoding=\"async\" class=\"alignnone size-full wp-image-5023\" src=\"http:\/\/www.maritimemeile-haren.de\/admin\/wp-content\/uploads\/2014\/10\/Broschuere_2_kl1.jpg\" alt=\"Layout 1\" width=\"500\" height=\"438\" srcset=\"http:\/\/www.maritimemeile-haren.de\/admin\/wp-content\/uploads\/2014\/10\/Broschuere_2_kl1.jpg 500w, http:\/\/www.maritimemeile-haren.de\/admin\/wp-content\/uploads\/2014\/10\/Broschuere_2_kl1-300x262.jpg 300w\" sizes=\"(max-width: 500px) 100vw, 500px\" \/><\/a><\/p>\n<ul>\n<li style=\"text-align: justify;\"><span style=\"font-size: 12pt;\">Sie ist im <span style=\"color: #5f85b0;\"><strong>Schifffahrtsmuseum Haren<\/strong><\/span> und im <span style=\"color: #5f85b0;\"><strong>Touristikb\u00fcro<\/strong> <\/span>der Stadt w\u00e4hrend der \u00d6ffnungszeiten zu erhalten.<\/span><\/li>\n<\/ul>\n<p style=\"text-align: justify;\"><span style=\"font-size: 12pt;\"> <a href=\"http:\/\/www.maritimemeile-haren.de\/admin\/wp-content\/uploads\/2014\/10\/Tourist_Info1.jpg\"><img loading=\"lazy\" decoding=\"async\" class=\"alignnone wp-image-5025 size-full\" src=\"http:\/\/www.maritimemeile-haren.de\/admin\/wp-content\/uploads\/2014\/10\/Tourist_Info1.jpg\" alt=\"\" width=\"500\" height=\"355\" srcset=\"http:\/\/www.maritimemeile-haren.de\/admin\/wp-content\/uploads\/2014\/10\/Tourist_Info1.jpg 500w, http:\/\/www.maritimemeile-haren.de\/admin\/wp-content\/uploads\/2014\/10\/Tourist_Info1-300x213.jpg 300w\" sizes=\"(max-width: 500px) 100vw, 500px\" \/><\/a><br \/>\n<\/span><\/p>\n<ul>\n<li style=\"text-align: justify;\"><span style=\"font-size: 12pt;\"><span style=\"font-size: 12pt;\">Sie k\u00f6nnen die Informationen zu den einzelnen Schiffen und Reedereien \u00fcber das\u00a0<span style=\"color: #5f85b0;\"><strong>Men\u00fc\/Schiffe\u00a0<\/strong><\/span>aufrufen\u00a0oder im <span style=\"color: #5f85b0;\"><strong>Suchfeld<\/strong><\/span> die Nummer aus dem Prospekt (Schild) eingeben und suchen lassen. Eine Suche \u00fcber die Schiffsnamen ist ebenfalls m\u00f6glich.<\/span><\/span><\/li>\n<\/ul>\n<p><a href=\"http:\/\/www.maritimemeile-haren.de\/admin\/wp-content\/uploads\/2014\/10\/search.jpg\"><img loading=\"lazy\" decoding=\"async\" class=\"alignnone size-full wp-image-4973\" src=\"http:\/\/www.maritimemeile-haren.de\/admin\/wp-content\/uploads\/2014\/10\/search.jpg\" alt=\"search\" width=\"300\" height=\"108\" \/><\/a><\/p>\n<ul>\n<li><span style=\"font-size: 12pt;\">In der Men\u00fcleiste <span style=\"color: #5f85b0;\"><strong>Navigation<\/strong><\/span> l\u00e4sst sich das entsprechende Schild leicht finden.\u00a0Der derzeitige Standort wird angezeigt und erleichtert die Suche.<\/span><\/li>\n<\/ul>\n<p><!--nextpage--><\/p>\n<p><span style=\"color: #5f85b0; font-size: 12pt;\"><strong>Start:<br \/>\n<\/strong><\/span><span style=\"font-size: 12pt;\">Kunigunde-Platz mit Schifferehrenmal (Mittelstra\u00dfe)<\/span><\/p>\n<p><a href=\"http:\/\/www.maritimemeile-haren.de\/admin\/wp-content\/uploads\/2014\/10\/schifferehrenmal.jpg\"><img loading=\"lazy\" decoding=\"async\" class=\"alignnone size-full wp-image-4917\" src=\"http:\/\/www.maritimemeile-haren.de\/admin\/wp-content\/uploads\/2014\/10\/schifferehrenmal.jpg\" alt=\"schifferehrenmal\" width=\"300\" height=\"395\" srcset=\"http:\/\/www.maritimemeile-haren.de\/admin\/wp-content\/uploads\/2014\/10\/schifferehrenmal.jpg 300w, http:\/\/www.maritimemeile-haren.de\/admin\/wp-content\/uploads\/2014\/10\/schifferehrenmal-227x300.jpg 227w\" sizes=\"(max-width: 300px) 100vw, 300px\" \/><\/a><\/p>\n<p><span style=\"color: #5f85b0;\"><strong><span style=\"font-size: 12pt;\"> Weg:<br \/>\n<\/span><\/strong><\/span><span style=\"font-size: 12pt;\">Emsstra\u00dfe<\/span><\/p>\n<p><a href=\"http:\/\/www.maritimemeile-haren.de\/admin\/wp-content\/uploads\/2014\/10\/info_1.jpg\"><img loading=\"lazy\" decoding=\"async\" class=\"alignnone size-full wp-image-5028\" src=\"http:\/\/www.maritimemeile-haren.de\/admin\/wp-content\/uploads\/2014\/10\/info_1.jpg\" alt=\"info_1\" width=\"500\" height=\"311\" srcset=\"http:\/\/www.maritimemeile-haren.de\/admin\/wp-content\/uploads\/2014\/10\/info_1.jpg 500w, http:\/\/www.maritimemeile-haren.de\/admin\/wp-content\/uploads\/2014\/10\/info_1-300x186.jpg 300w\" sizes=\"(max-width: 500px) 100vw, 500px\" \/><\/a><\/p>\n<p><span class=\"Apple-style-span\" style=\"font-size: 12pt;\">Schleusenstra\u00dfe mit Schifferruh<\/span><\/p>\n<p><a href=\"http:\/\/www.maritimemeile-haren.de\/admin\/wp-content\/uploads\/2014\/10\/info_31.jpg\"><img loading=\"lazy\" decoding=\"async\" class=\"alignnone wp-image-5078 size-full\" src=\"http:\/\/www.maritimemeile-haren.de\/admin\/wp-content\/uploads\/2014\/10\/info_31.jpg\" alt=\"\" width=\"500\" height=\"375\" srcset=\"http:\/\/www.maritimemeile-haren.de\/admin\/wp-content\/uploads\/2014\/10\/info_31.jpg 500w, http:\/\/www.maritimemeile-haren.de\/admin\/wp-content\/uploads\/2014\/10\/info_31-300x225.jpg 300w\" sizes=\"(max-width: 500px) 100vw, 500px\" \/><\/a><\/p>\n<p><span class=\"Apple-style-span\" style=\"font-size: 12pt;\">Kanalstra\u00dfe mit Schifffahrtsmuseum<\/span><\/p>\n<p><a href=\"http:\/\/www.maritimemeile-haren.de\/admin\/wp-content\/uploads\/2014\/10\/info_4.jpg\"><img loading=\"lazy\" decoding=\"async\" class=\"alignnone size-full wp-image-5033\" src=\"http:\/\/www.maritimemeile-haren.de\/admin\/wp-content\/uploads\/2014\/10\/info_4.jpg\" alt=\"info_4\" width=\"500\" height=\"333\" srcset=\"http:\/\/www.maritimemeile-haren.de\/admin\/wp-content\/uploads\/2014\/10\/info_4.jpg 500w, http:\/\/www.maritimemeile-haren.de\/admin\/wp-content\/uploads\/2014\/10\/info_4-300x199.jpg 300w\" sizes=\"(max-width: 500px) 100vw, 500px\" \/><\/a><\/p>\n<p><span style=\"font-size: 12pt;\"><span style=\"color: #5f85b0;\"><strong>Ende:<br \/>\n<\/strong><\/span>Werftstra\u00dfe<\/span><\/p>\n<p><a href=\"http:\/\/www.maritimemeile-haren.de\/admin\/wp-content\/uploads\/2014\/10\/info_2.jpg\"><img loading=\"lazy\" decoding=\"async\" class=\"alignnone size-full wp-image-5029\" src=\"http:\/\/www.maritimemeile-haren.de\/admin\/wp-content\/uploads\/2014\/10\/info_2.jpg\" alt=\"info_2\" width=\"500\" height=\"322\" srcset=\"http:\/\/www.maritimemeile-haren.de\/admin\/wp-content\/uploads\/2014\/10\/info_2.jpg 500w, http:\/\/www.maritimemeile-haren.de\/admin\/wp-content\/uploads\/2014\/10\/info_2-300x193.jpg 300w\" sizes=\"(max-width: 500px) 100vw, 500px\" \/><\/a><\/p>\n<p>&nbsp;<\/p>\n<p><!--nextpage--><\/p>\n<p style=\"text-align: justify;\"><span style=\"font-size: 12pt;\">Die Fotos und Texte wurden vorwiegend aus den beiden B\u00fcchern \u00fcber die Geschichte der Harener Binnen-,\u00a0K\u00fcsten- und Seeschifffahrt entnommen oder von den verschiedenen Firmen zur Verf\u00fcgung gestellt.<\/span><\/p>\n<p><a href=\"http:\/\/www.maritimemeile-haren.de\/admin\/wp-content\/uploads\/2014\/10\/Buecher_I_II.png\"><img loading=\"lazy\" decoding=\"async\" class=\"alignnone size-full wp-image-4983\" src=\"http:\/\/www.maritimemeile-haren.de\/admin\/wp-content\/uploads\/2014\/10\/Buecher_I_II.png\" alt=\"Buecher_I_II\" width=\"300\" height=\"189\" \/><\/a><\/p>\n<p><span style=\"font-size: 12pt;\">Wir w\u00fcnschen Ihnen viel Spa\u00df auf der Maritimen Meile Haren.<\/span><\/p>\n<p><span style=\"font-size: 12pt;\">Heimatverein Haren (Ems)<\/span><\/p>\n","protected":false},"excerpt":{"rendered":"<p>Diese Webseite wurde f\u00fcr mobile Endger\u00e4te optimiert und unterst\u00fctzt derzeit \u00fcber 250 verschiedene Handymodelle und Tablets. Neben der Webpr\u00e4sentation ist auch eine bebilderte Brosch\u00fcre (1\u20ac Schutzgeb\u00fchr) erschienen. Die Brosch\u00fcre kann&hellip; <\/p>\n","protected":false},"author":1,"featured_media":0,"parent":0,"menu_order":0,"comment_status":"closed","ping_status":"closed","template":"","meta":{"footnotes":""},"_links":{"self":[{"href":"http:\/\/www.maritimemeile-haren.de\/admin\/wp-json\/wp\/v2\/pages\/4341"}],"collection":[{"href":"http:\/\/www.maritimemeile-haren.de\/admin\/wp-json\/wp\/v2\/pages"}],"about":[{"href":"http:\/\/www.maritimemeile-haren.de\/admin\/wp-json\/wp\/v2\/types\/page"}],"author":[{"embeddable":true,"href":"http:\/\/www.maritimemeile-haren.de\/admin\/wp-json\/wp\/v2\/users\/1"}],"replies":[{"embeddable":true,"href":"http:\/\/www.maritimemeile-haren.de\/admin\/wp-json\/wp\/v2\/comments?post=4341"}],"version-history":[{"count":66,"href":"http:\/\/www.maritimemeile-haren.de\/admin\/wp-json\/wp\/v2\/pages\/4341\/revisions"}],"predecessor-version":[{"id":5079,"href":"http:\/\/www.maritimemeile-haren.de\/admin\/wp-json\/wp\/v2\/pages\/4341\/revisions\/5079"}],"wp:attachment":[{"href":"http:\/\/www.maritimemeile-haren.de\/admin\/wp-json\/wp\/v2\/media?parent=4341"}],"curies":[{"name":"wp","href":"https:\/\/api.w.org\/{rel}","templated":true}]}}