{"id":4368,"date":"2014-10-27T08:56:27","date_gmt":"2014-10-27T06:56:27","guid":{"rendered":"http:\/\/www.maritimemeile-haren.de\/admin\/?page_id=4368"},"modified":"2014-11-03T15:12:51","modified_gmt":"2014-11-03T13:12:51","slug":"seeschifffahrt","status":"publish","type":"page","link":"http:\/\/www.maritimemeile-haren.de\/admin\/seeschifffahrt\/","title":{"rendered":"Seeschifffahrt"},"content":{"rendered":"<p style=\"text-align: justify;\"><span style=\"font-size: 12pt;\">Aufgrund wirtschaftlicher Existenznot wurden die Harener P\u00fcntker ab 1860 zu K\u00fcsten- und Seeschiffern. Mit sog. Spitzp\u00fcnten unternahmen sie wagemutige Fahrten, die mit der HELENE sogar nach Brasilien f\u00fchrten.<\/span><\/p>\n<p style=\"text-align: justify;\"><a href=\"http:\/\/www.maritimemeile-haren.de\/admin\/wp-content\/uploads\/2014\/05\/244-4c_kl.jpg\"><img loading=\"lazy\" decoding=\"async\" src=\"http:\/\/www.maritimemeile-haren.de\/admin\/wp-content\/uploads\/2014\/05\/244-4c_kl.jpg\" alt=\"244-4c_kl\" width=\"600\" height=\"392\" \/><\/a><\/p>\n<p style=\"text-align: justify;\"><a href=\"http:\/\/www.maritimemeile-haren.de\/admin\/wp-content\/uploads\/2014\/05\/496-4c_KL.jpg\"><img loading=\"lazy\" decoding=\"async\" src=\"http:\/\/www.maritimemeile-haren.de\/admin\/wp-content\/uploads\/2014\/05\/496-4c_KL.jpg\" alt=\"496-4c_KL\" width=\"600\" height=\"433\" \/><\/a><\/p>\n<p style=\"text-align: justify;\"><span style=\"font-size: 12pt;\">Viele Schiffe gingen auf See verloren, doch noch ist der stolze Satz aus jener Zeit bekannt: \u201eDie Harener haben h\u00f6lzerne Schiffe, aber eiserne Schiffer\u201c. Mit dem Aufkommen des Stahlschiffbaus war die eigentliche Zeit der h\u00f6lzernen Segler vor\u00fcber.<\/span><\/p>\n<p style=\"text-align: justify;\"><!--nextpage--><\/p>\n<p style=\"text-align: justify;\"><span style=\"font-size: 12pt;\">Nach dem 1. Weltkrieg bestimmen die Motorsegler die neue Entwicklung. Es waren fluss-, kanal- und seegehende Schiffe, die mit Dieselmotoren in der St\u00e4rke von 50 bis 100 PS angetrieben wurden. Zus\u00e4tzlich zur Maschinenkraft f\u00fchrten diese Schiffe bei g\u00fcnstigem Wind aber noch Segel und konnten dadurch 1 \u2013 2 Knoten mehr Fahrt machen.<\/span><\/p>\n<p style=\"text-align: justify;\"><a href=\"http:\/\/www.maritimemeile-haren.de\/admin\/wp-content\/uploads\/2014\/05\/1428_kl.jpg\"><img loading=\"lazy\" decoding=\"async\" src=\"http:\/\/www.maritimemeile-haren.de\/admin\/wp-content\/uploads\/2014\/05\/1428_kl.jpg\" alt=\"1428_kl\" width=\"600\" height=\"355\" \/><\/a><\/p>\n<p style=\"text-align: justify;\"><a href=\"http:\/\/www.maritimemeile-haren.de\/admin\/wp-content\/uploads\/2014\/05\/1491_kl.jpg\"><img loading=\"lazy\" decoding=\"async\" src=\"http:\/\/www.maritimemeile-haren.de\/admin\/wp-content\/uploads\/2014\/05\/1491_kl.jpg\" alt=\"1491_kl\" width=\"600\" height=\"375\" \/><\/a><\/p>\n<p style=\"text-align: justify;\"><a href=\"http:\/\/www.maritimemeile-haren.de\/admin\/wp-content\/uploads\/2014\/05\/1723_kl.jpg\"><img loading=\"lazy\" decoding=\"async\" src=\"http:\/\/www.maritimemeile-haren.de\/admin\/wp-content\/uploads\/2014\/05\/1723_kl.jpg\" alt=\"1723_kl\" width=\"600\" height=\"391\" \/><\/a><\/p>\n<p style=\"text-align: justify;\"><a href=\"http:\/\/www.maritimemeile-haren.de\/admin\/wp-content\/uploads\/2014\/05\/656_kl.jpg\"><img loading=\"lazy\" decoding=\"async\" src=\"http:\/\/www.maritimemeile-haren.de\/admin\/wp-content\/uploads\/2014\/05\/656_kl.jpg\" alt=\"656_kl\" width=\"600\" height=\"432\" \/><\/a><\/p>\n<p style=\"text-align: justify;\"><!--more--><\/p>\n<p style=\"text-align: justify;\"><!--nextpage--><\/p>\n<p style=\"text-align: justify;\"><span style=\"font-size: 12pt;\">Nach dem 2. Weltkrieg war die erste Zeit in der Harener Seeschifffahrt besonders durch die \u201eTonnage-Ersatz\u201c- Gedanken gepr\u00e4gt. Durch relativ preisg\u00fcnstige Serien- und Secondhandschiffe hielt man den Anschluss an das Marktgeschehen. Das K\u00fcstenmotorschiff (K\u00fcmo) verdr\u00e4ngte den Motorsegler.<\/span><\/p>\n<p style=\"text-align: justify;\"><a href=\"http:\/\/www.maritimemeile-haren.de\/admin\/wp-content\/uploads\/2014\/05\/Thekla-Schepers_kl.jpg\"><img loading=\"lazy\" decoding=\"async\" src=\"http:\/\/www.maritimemeile-haren.de\/admin\/wp-content\/uploads\/2014\/05\/Thekla-Schepers_kl.jpg\" alt=\"Thekla Schepers_kl\" width=\"600\" height=\"470\" \/><\/a><\/p>\n<p style=\"text-align: justify;\"><a href=\"http:\/\/www.maritimemeile-haren.de\/admin\/wp-content\/uploads\/2014\/05\/05-4c_kl.jpg\"><img loading=\"lazy\" decoding=\"async\" src=\"http:\/\/www.maritimemeile-haren.de\/admin\/wp-content\/uploads\/2014\/05\/05-4c_kl.jpg\" alt=\"05-4c_kl\" width=\"600\" height=\"447\" \/><\/a><\/p>\n<p style=\"text-align: justify;\"><span style=\"font-size: 12pt;\">Aufgrund hervorragender Neukonstruktionen (Shelterdecker) unter maximaler Ausnutzung der Vermessungsvorschriften lie\u00dfen Harener Partikuliere neue Schiffe auf den umliegenden Werften bauen.<\/span><\/p>\n<p style=\"text-align: justify;\"><a href=\"http:\/\/www.maritimemeile-haren.de\/admin\/wp-content\/uploads\/2014\/05\/Alexander_kl.jpg\"><img loading=\"lazy\" decoding=\"async\" src=\"http:\/\/www.maritimemeile-haren.de\/admin\/wp-content\/uploads\/2014\/05\/Alexander_kl.jpg\" alt=\"Alexander_kl\" width=\"600\" height=\"434\" \/><\/a><\/p>\n<p style=\"text-align: justify;\"><a href=\"http:\/\/www.maritimemeile-haren.de\/admin\/wp-content\/uploads\/2014\/05\/Husmann-Helena_kl.jpg\"><img loading=\"lazy\" decoding=\"async\" class=\"alignnone size-full wp-image-701\" src=\"http:\/\/www.maritimemeile-haren.de\/admin\/wp-content\/uploads\/2014\/05\/Husmann-Helena_kl.jpg\" alt=\"Husmann Helena_kl\" width=\"600\" height=\"411\" srcset=\"http:\/\/www.maritimemeile-haren.de\/admin\/wp-content\/uploads\/2014\/05\/Husmann-Helena_kl.jpg 600w, http:\/\/www.maritimemeile-haren.de\/admin\/wp-content\/uploads\/2014\/05\/Husmann-Helena_kl-300x205.jpg 300w\" sizes=\"(max-width: 600px) 100vw, 600px\" \/><\/a><\/p>\n<p style=\"text-align: justify;\"><!--more--><\/p>\n<p style=\"text-align: justify;\"><!--nextpage--><\/p>\n<p style=\"text-align: justify;\"><span style=\"font-size: 12pt;\">Anfang der 70er Jahre revolutionierte der Container den Seetransport. Gefragt waren jetzt Schiffe mit einem glatten, kastenf\u00f6rmigen Laderaum und m\u00f6glichst gro\u00dfer Laderaum\u00f6ffnung. Moderne Rhein-Seeschiffe in der Form von Mehrzweckfrachtern wurden in Serie gebaut. Das traditionelle Fahrtgebiet der Nord- und Ostsee wurde bis auf das Mittelmeer ausgedehnt. Zur Finanzierung der Schiffe entstanden Partenreedereien oder Kommanditgesellschaften, denn die Betriebsform des Partikuliers war nicht mehr zeitgem\u00e4\u00df.<\/span><\/p>\n<p style=\"text-align: justify;\"><a href=\"http:\/\/www.maritimemeile-haren.de\/admin\/wp-content\/uploads\/2014\/05\/Mira_kl.jpg\"><img loading=\"lazy\" decoding=\"async\" class=\"alignnone size-full wp-image-706\" src=\"http:\/\/www.maritimemeile-haren.de\/admin\/wp-content\/uploads\/2014\/05\/Mira_kl.jpg\" alt=\"Mira_kl\" width=\"600\" height=\"413\" srcset=\"http:\/\/www.maritimemeile-haren.de\/admin\/wp-content\/uploads\/2014\/05\/Mira_kl.jpg 600w, http:\/\/www.maritimemeile-haren.de\/admin\/wp-content\/uploads\/2014\/05\/Mira_kl-300x206.jpg 300w\" sizes=\"(max-width: 600px) 100vw, 600px\" \/><\/a><\/p>\n<p style=\"text-align: justify;\"><a href=\"http:\/\/www.maritimemeile-haren.de\/admin\/wp-content\/uploads\/2014\/05\/Herm-J_kl.jpg\"><img loading=\"lazy\" decoding=\"async\" class=\"alignnone size-full wp-image-707\" src=\"http:\/\/www.maritimemeile-haren.de\/admin\/wp-content\/uploads\/2014\/05\/Herm-J_kl.jpg\" alt=\"Herm J_kl\" width=\"600\" height=\"358\" srcset=\"http:\/\/www.maritimemeile-haren.de\/admin\/wp-content\/uploads\/2014\/05\/Herm-J_kl.jpg 600w, http:\/\/www.maritimemeile-haren.de\/admin\/wp-content\/uploads\/2014\/05\/Herm-J_kl-300x179.jpg 300w\" sizes=\"(max-width: 600px) 100vw, 600px\" \/><\/a><\/p>\n<p style=\"text-align: justify;\"><a href=\"http:\/\/www.maritimemeile-haren.de\/admin\/wp-content\/uploads\/2014\/05\/Santa-Helena_kl.jpg\"><img loading=\"lazy\" decoding=\"async\" class=\"alignnone size-full wp-image-708\" src=\"http:\/\/www.maritimemeile-haren.de\/admin\/wp-content\/uploads\/2014\/05\/Santa-Helena_kl.jpg\" alt=\"Santa Helena_kl\" width=\"600\" height=\"376\" srcset=\"http:\/\/www.maritimemeile-haren.de\/admin\/wp-content\/uploads\/2014\/05\/Santa-Helena_kl.jpg 600w, http:\/\/www.maritimemeile-haren.de\/admin\/wp-content\/uploads\/2014\/05\/Santa-Helena_kl-300x188.jpg 300w\" sizes=\"(max-width: 600px) 100vw, 600px\" \/><\/a><\/p>\n<p style=\"text-align: justify;\"><span style=\"font-size: 12pt;\">Mit der Einf\u00fchrung reiner Containerschiffe begann auch bei den Harener Reedereien ein neues Zeitalter. Rasch passte man sich der Entwicklung an. Zahlreiche Containerschiffe befinden sich in weltweiter Fahrt und Schwergutschiffe erm\u00f6glichen den G\u00fctertransport von schwerer Ladung. Auch Massengutschiffe stehen den Harener Reedern zur Verf\u00fcgung. Mit zurzeit 250 Seeschiffen ist Haren (Ems) der drittgr\u00f6\u00dfte Reedereistandort Deutschlands. Die globale Schifffahrtskrise seit 2008 f\u00fchrt aber auch in Haren zu gro\u00dfen Schwierigkeiten.<\/span><\/p>\n<p style=\"text-align: justify;\"><a href=\"http:\/\/www.maritimemeile-haren.de\/admin\/wp-content\/uploads\/2014\/05\/116-Juengerhans-MS-RAN-J-kl.jpg\"><img loading=\"lazy\" decoding=\"async\" class=\"alignnone size-full wp-image-710\" src=\"http:\/\/www.maritimemeile-haren.de\/admin\/wp-content\/uploads\/2014\/05\/116-Juengerhans-MS-RAN-J-kl.jpg\" alt=\"Industrial Force  am 18.10.11 vor Singapore\" width=\"600\" height=\"400\" srcset=\"http:\/\/www.maritimemeile-haren.de\/admin\/wp-content\/uploads\/2014\/05\/116-Juengerhans-MS-RAN-J-kl.jpg 600w, http:\/\/www.maritimemeile-haren.de\/admin\/wp-content\/uploads\/2014\/05\/116-Juengerhans-MS-RAN-J-kl-300x200.jpg 300w\" sizes=\"(max-width: 600px) 100vw, 600px\" \/><\/a><\/p>\n<p style=\"text-align: justify;\"><a href=\"http:\/\/www.maritimemeile-haren.de\/admin\/wp-content\/uploads\/2014\/05\/202-Wessels_WES-Gesa_kl.jpg\"><img loading=\"lazy\" decoding=\"async\" class=\"alignnone size-full wp-image-711\" src=\"http:\/\/www.maritimemeile-haren.de\/admin\/wp-content\/uploads\/2014\/05\/202-Wessels_WES-Gesa_kl.jpg\" alt=\"WES Gesa am 20.5.12 im Kiel Kanal\" width=\"600\" height=\"400\" srcset=\"http:\/\/www.maritimemeile-haren.de\/admin\/wp-content\/uploads\/2014\/05\/202-Wessels_WES-Gesa_kl.jpg 600w, http:\/\/www.maritimemeile-haren.de\/admin\/wp-content\/uploads\/2014\/05\/202-Wessels_WES-Gesa_kl-300x200.jpg 300w\" sizes=\"(max-width: 600px) 100vw, 600px\" \/><\/a><\/p>\n<p><a href=\"http:\/\/www.maritimemeile-haren.de\/admin\/wp-content\/uploads\/2014\/05\/292_Reederei-2014_StefanGrete2_kl.jpg\"><img loading=\"lazy\" decoding=\"async\" class=\"alignnone size-full wp-image-712\" src=\"http:\/\/www.maritimemeile-haren.de\/admin\/wp-content\/uploads\/2014\/05\/292_Reederei-2014_StefanGrete2_kl.jpg\" alt=\"292_Reederei 2014_Stefan&amp;Grete2_kl\" width=\"600\" height=\"384\" srcset=\"http:\/\/www.maritimemeile-haren.de\/admin\/wp-content\/uploads\/2014\/05\/292_Reederei-2014_StefanGrete2_kl.jpg 600w, http:\/\/www.maritimemeile-haren.de\/admin\/wp-content\/uploads\/2014\/05\/292_Reederei-2014_StefanGrete2_kl-300x192.jpg 300w\" sizes=\"(max-width: 600px) 100vw, 600px\" \/><\/a><\/p>\n<p><a href=\"http:\/\/www.maritimemeile-haren.de\/admin\/wp-content\/uploads\/2014\/10\/190_Johanna-Schepers_2.jpg\"><img loading=\"lazy\" decoding=\"async\" class=\"alignnone size-full wp-image-4525\" src=\"http:\/\/www.maritimemeile-haren.de\/admin\/wp-content\/uploads\/2014\/10\/190_Johanna-Schepers_2.jpg\" alt=\"190_Johanna Schepers_2\" width=\"600\" height=\"428\" srcset=\"http:\/\/www.maritimemeile-haren.de\/admin\/wp-content\/uploads\/2014\/10\/190_Johanna-Schepers_2.jpg 600w, http:\/\/www.maritimemeile-haren.de\/admin\/wp-content\/uploads\/2014\/10\/190_Johanna-Schepers_2-300x214.jpg 300w\" sizes=\"(max-width: 600px) 100vw, 600px\" \/><\/a><\/p>\n<p><a href=\"http:\/\/www.maritimemeile-haren.de\/admin\/wp-content\/uploads\/2014\/10\/175_3_kl.jpg\"><img loading=\"lazy\" decoding=\"async\" class=\"alignnone size-full wp-image-4526\" src=\"http:\/\/www.maritimemeile-haren.de\/admin\/wp-content\/uploads\/2014\/10\/175_3_kl.jpg\" alt=\"175_3_kl\" width=\"300\" height=\"360\" srcset=\"http:\/\/www.maritimemeile-haren.de\/admin\/wp-content\/uploads\/2014\/10\/175_3_kl.jpg 300w, http:\/\/www.maritimemeile-haren.de\/admin\/wp-content\/uploads\/2014\/10\/175_3_kl-250x300.jpg 250w\" sizes=\"(max-width: 300px) 100vw, 300px\" \/><\/a><\/p>\n","protected":false},"excerpt":{"rendered":"<p>Aufgrund wirtschaftlicher Existenznot wurden die Harener P\u00fcntker ab 1860 zu K\u00fcsten- und Seeschiffern. Mit sog. Spitzp\u00fcnten unternahmen sie wagemutige Fahrten, die mit der HELENE sogar nach Brasilien f\u00fchrten. Viele Schiffe&hellip; <\/p>\n","protected":false},"author":1,"featured_media":0,"parent":0,"menu_order":0,"comment_status":"closed","ping_status":"closed","template":"","meta":{"footnotes":""},"_links":{"self":[{"href":"http:\/\/www.maritimemeile-haren.de\/admin\/wp-json\/wp\/v2\/pages\/4368"}],"collection":[{"href":"http:\/\/www.maritimemeile-haren.de\/admin\/wp-json\/wp\/v2\/pages"}],"about":[{"href":"http:\/\/www.maritimemeile-haren.de\/admin\/wp-json\/wp\/v2\/types\/page"}],"author":[{"embeddable":true,"href":"http:\/\/www.maritimemeile-haren.de\/admin\/wp-json\/wp\/v2\/users\/1"}],"replies":[{"embeddable":true,"href":"http:\/\/www.maritimemeile-haren.de\/admin\/wp-json\/wp\/v2\/comments?post=4368"}],"version-history":[{"count":6,"href":"http:\/\/www.maritimemeile-haren.de\/admin\/wp-json\/wp\/v2\/pages\/4368\/revisions"}],"predecessor-version":[{"id":4614,"href":"http:\/\/www.maritimemeile-haren.de\/admin\/wp-json\/wp\/v2\/pages\/4368\/revisions\/4614"}],"wp:attachment":[{"href":"http:\/\/www.maritimemeile-haren.de\/admin\/wp-json\/wp\/v2\/media?parent=4368"}],"curies":[{"name":"wp","href":"https:\/\/api.w.org\/{rel}","templated":true}]}}