{"id":493,"date":"2014-05-20T10:49:10","date_gmt":"2014-05-20T08:49:10","guid":{"rendered":"http:\/\/www.maritimemeile-haren.de\/admin\/?page_id=493"},"modified":"2014-08-04T11:34:10","modified_gmt":"2014-08-04T09:34:10","slug":"284-roro-loro-heinrich-husmann","status":"publish","type":"page","link":"http:\/\/www.maritimemeile-haren.de\/admin\/284-roro-loro-heinrich-husmann\/","title":{"rendered":"284 RORO-LORO HEINRICH HUSMANN"},"content":{"rendered":"<p><a href=\"http:\/\/www.maritimemeile-haren.de\/admin\/wp-content\/uploads\/2014\/05\/284_tab.jpg\"><img loading=\"lazy\" decoding=\"async\" class=\"alignnone size-full wp-image-2055\" src=\"http:\/\/www.maritimemeile-haren.de\/admin\/wp-content\/uploads\/2014\/05\/284_tab.jpg\" alt=\"Layout 1\" width=\"600\" height=\"292\" srcset=\"http:\/\/www.maritimemeile-haren.de\/admin\/wp-content\/uploads\/2014\/05\/284_tab.jpg 600w, http:\/\/www.maritimemeile-haren.de\/admin\/wp-content\/uploads\/2014\/05\/284_tab-300x146.jpg 300w\" sizes=\"(max-width: 600px) 100vw, 600px\" \/><\/a><\/p>\n<p><a href=\"http:\/\/www.maritimemeile-haren.de\/admin\/wp-content\/uploads\/2014\/05\/284_Roro-Loro_1.jpg\"><img loading=\"lazy\" decoding=\"async\" class=\"alignnone size-full wp-image-2054\" src=\"http:\/\/www.maritimemeile-haren.de\/admin\/wp-content\/uploads\/2014\/05\/284_Roro-Loro_1.jpg\" alt=\"284_Roro-Loro_1\" width=\"600\" height=\"291\" srcset=\"http:\/\/www.maritimemeile-haren.de\/admin\/wp-content\/uploads\/2014\/05\/284_Roro-Loro_1.jpg 600w, http:\/\/www.maritimemeile-haren.de\/admin\/wp-content\/uploads\/2014\/05\/284_Roro-Loro_1-300x145.jpg 300w\" sizes=\"(max-width: 600px) 100vw, 600px\" \/><\/a><\/p>\n<p><span style=\"font-size: 10pt;\">RORO-LORO Heinrich Husmann<\/span><\/p>\n<h5>Aus der Geschichte:<\/h5>\n<p style=\"text-align: justify;\"><span style=\"font-size: 12pt;\">Die \u00f6rtliche Presse berichtete im Juli 1979:<\/span><br \/>\n<span style=\"font-size: 12pt;\"> \u201eVor der \u00dcbergabefahrt fand auf der HDW-Werft die Taufe des Schiffes durch Frau K\u00e4the Husmann statt. Bei dem Neubau handelt es sich um ein Schwesterschiff der 1977 in Dienst gestellten \u201eHELENA HUSMANN\u201c. Die beiden H\u00e4gglunds-Kr\u00e4ne und die Heckklappe erm\u00f6glichen erm\u00f6glichen ein schnelles Be- und Entladen. Das bisher gr\u00f6\u00dfte Schiff der Harener Flotte soll verst\u00e4rkt Schwergutladungen und auch Container f\u00fcr die Firma RMS in Duisburg transportieren.\u201c<\/span><\/p>\n<p style=\"text-align: justify;\"><span style=\"font-size: 12pt;\">Die \u201eHEINRICH HUSMANN\u201c wurde zusammen mit der \u201ePETRA SCHEU\u201c und der \u201eADELE J\u201c ausgedockt. Im Mai 1987 ging das Schiff an die Somali Shipping Agency &amp; Line in Mogadischu (Somalia) und wurde in \u201ePUNTLAND II\u201c umbenannt. 1999 war es noch in Fahrt.<\/span><\/p>\n","protected":false},"excerpt":{"rendered":"<p>RORO-LORO Heinrich Husmann Aus der Geschichte: Die \u00f6rtliche Presse berichtete im Juli 1979: \u201eVor der \u00dcbergabefahrt fand auf der HDW-Werft die Taufe des Schiffes durch Frau K\u00e4the Husmann statt. Bei&hellip; <\/p>\n","protected":false},"author":1,"featured_media":0,"parent":0,"menu_order":284,"comment_status":"closed","ping_status":"closed","template":"","meta":{"footnotes":""},"_links":{"self":[{"href":"http:\/\/www.maritimemeile-haren.de\/admin\/wp-json\/wp\/v2\/pages\/493"}],"collection":[{"href":"http:\/\/www.maritimemeile-haren.de\/admin\/wp-json\/wp\/v2\/pages"}],"about":[{"href":"http:\/\/www.maritimemeile-haren.de\/admin\/wp-json\/wp\/v2\/types\/page"}],"author":[{"embeddable":true,"href":"http:\/\/www.maritimemeile-haren.de\/admin\/wp-json\/wp\/v2\/users\/1"}],"replies":[{"embeddable":true,"href":"http:\/\/www.maritimemeile-haren.de\/admin\/wp-json\/wp\/v2\/comments?post=493"}],"version-history":[{"count":5,"href":"http:\/\/www.maritimemeile-haren.de\/admin\/wp-json\/wp\/v2\/pages\/493\/revisions"}],"predecessor-version":[{"id":3981,"href":"http:\/\/www.maritimemeile-haren.de\/admin\/wp-json\/wp\/v2\/pages\/493\/revisions\/3981"}],"wp:attachment":[{"href":"http:\/\/www.maritimemeile-haren.de\/admin\/wp-json\/wp\/v2\/media?parent=493"}],"curies":[{"name":"wp","href":"https:\/\/api.w.org\/{rel}","templated":true}]}}