{"id":509,"date":"2014-05-20T10:57:21","date_gmt":"2014-05-20T08:57:21","guid":{"rendered":"http:\/\/www.maritimemeile-haren.de\/admin\/?page_id=509"},"modified":"2014-11-05T14:49:18","modified_gmt":"2014-11-05T12:49:18","slug":"292-reederei-bernd-sibum-gmbh-co-kg","status":"publish","type":"page","link":"http:\/\/www.maritimemeile-haren.de\/admin\/292-reederei-bernd-sibum-gmbh-co-kg\/","title":{"rendered":"292 REEDEREI BERND SIBUM"},"content":{"rendered":"<p><a href=\"http:\/\/www.maritimemeile-haren.de\/admin\/wp-content\/uploads\/2014\/05\/292_tab1.jpg\"><img loading=\"lazy\" decoding=\"async\" class=\"alignnone size-full wp-image-4904\" src=\"http:\/\/www.maritimemeile-haren.de\/admin\/wp-content\/uploads\/2014\/05\/292_tab1.jpg\" alt=\"Layout 1\" width=\"600\" height=\"292\" srcset=\"http:\/\/www.maritimemeile-haren.de\/admin\/wp-content\/uploads\/2014\/05\/292_tab1.jpg 600w, http:\/\/www.maritimemeile-haren.de\/admin\/wp-content\/uploads\/2014\/05\/292_tab1-300x146.jpg 300w\" sizes=\"(max-width: 600px) 100vw, 600px\" \/><\/a><\/p>\n<p><a href=\"http:\/\/www.sibum.de\"><span style=\"font-size: 12pt;\">www.sibum.de<\/span><\/a><\/p>\n<p>&nbsp;<\/p>\n<p><a href=\"http:\/\/www.maritimemeile-haren.de\/admin\/wp-content\/uploads\/2014\/05\/292_Reederei-B.-Sibum_1.jpg\"><img loading=\"lazy\" decoding=\"async\" class=\"alignnone size-full wp-image-2081\" src=\"http:\/\/www.maritimemeile-haren.de\/admin\/wp-content\/uploads\/2014\/05\/292_Reederei-B.-Sibum_1.jpg\" alt=\"292_Reederei B. Sibum_1\" width=\"600\" height=\"400\" srcset=\"http:\/\/www.maritimemeile-haren.de\/admin\/wp-content\/uploads\/2014\/05\/292_Reederei-B.-Sibum_1.jpg 600w, http:\/\/www.maritimemeile-haren.de\/admin\/wp-content\/uploads\/2014\/05\/292_Reederei-B.-Sibum_1-300x200.jpg 300w\" sizes=\"(max-width: 600px) 100vw, 600px\" \/><\/a><\/p>\n<p><span style=\"font-size: 10pt;\">Reederei Bernd Sibum<\/span><\/p>\n<p><a href=\"http:\/\/www.maritimemeile-haren.de\/admin\/wp-content\/uploads\/2014\/05\/292_304.jpg\"><img loading=\"lazy\" decoding=\"async\" class=\"alignnone size-full wp-image-3559\" src=\"http:\/\/www.maritimemeile-haren.de\/admin\/wp-content\/uploads\/2014\/05\/292_304.jpg\" alt=\"292_304\" width=\"600\" height=\"412\" srcset=\"http:\/\/www.maritimemeile-haren.de\/admin\/wp-content\/uploads\/2014\/05\/292_304.jpg 600w, http:\/\/www.maritimemeile-haren.de\/admin\/wp-content\/uploads\/2014\/05\/292_304-300x206.jpg 300w\" sizes=\"(max-width: 600px) 100vw, 600px\" \/><\/a><\/p>\n<p><a href=\"http:\/\/www.maritimemeile-haren.de\/admin\/wp-content\/uploads\/2014\/05\/292_303.jpg\"><img loading=\"lazy\" decoding=\"async\" class=\"alignnone size-full wp-image-3560\" src=\"http:\/\/www.maritimemeile-haren.de\/admin\/wp-content\/uploads\/2014\/05\/292_303.jpg\" alt=\"292_303\" width=\"600\" height=\"304\" srcset=\"http:\/\/www.maritimemeile-haren.de\/admin\/wp-content\/uploads\/2014\/05\/292_303.jpg 600w, http:\/\/www.maritimemeile-haren.de\/admin\/wp-content\/uploads\/2014\/05\/292_303-300x152.jpg 300w\" sizes=\"(max-width: 600px) 100vw, 600px\" \/><\/a><\/p>\n<p><a href=\"http:\/\/www.maritimemeile-haren.de\/admin\/wp-content\/uploads\/2014\/05\/292_302.jpg\"><img loading=\"lazy\" decoding=\"async\" class=\"alignnone size-full wp-image-3561\" src=\"http:\/\/www.maritimemeile-haren.de\/admin\/wp-content\/uploads\/2014\/05\/292_302.jpg\" alt=\"292_302\" width=\"600\" height=\"398\" srcset=\"http:\/\/www.maritimemeile-haren.de\/admin\/wp-content\/uploads\/2014\/05\/292_302.jpg 600w, http:\/\/www.maritimemeile-haren.de\/admin\/wp-content\/uploads\/2014\/05\/292_302-300x199.jpg 300w\" sizes=\"(max-width: 600px) 100vw, 600px\" \/><\/a><\/p>\n<p><a href=\"http:\/\/www.maritimemeile-haren.de\/admin\/wp-content\/uploads\/2014\/05\/292_301.jpg\"><img loading=\"lazy\" decoding=\"async\" class=\"alignnone size-full wp-image-3562\" src=\"http:\/\/www.maritimemeile-haren.de\/admin\/wp-content\/uploads\/2014\/05\/292_301.jpg\" alt=\"292_301\" width=\"600\" height=\"338\" srcset=\"http:\/\/www.maritimemeile-haren.de\/admin\/wp-content\/uploads\/2014\/05\/292_301.jpg 600w, http:\/\/www.maritimemeile-haren.de\/admin\/wp-content\/uploads\/2014\/05\/292_301-300x169.jpg 300w\" sizes=\"(max-width: 600px) 100vw, 600px\" \/><\/a><\/p>\n<p><a href=\"http:\/\/www.maritimemeile-haren.de\/admin\/wp-content\/uploads\/2014\/05\/292_300.jpg\"><img loading=\"lazy\" decoding=\"async\" class=\"alignnone size-full wp-image-3563\" src=\"http:\/\/www.maritimemeile-haren.de\/admin\/wp-content\/uploads\/2014\/05\/292_300.jpg\" alt=\"292_300\" width=\"600\" height=\"271\" srcset=\"http:\/\/www.maritimemeile-haren.de\/admin\/wp-content\/uploads\/2014\/05\/292_300.jpg 600w, http:\/\/www.maritimemeile-haren.de\/admin\/wp-content\/uploads\/2014\/05\/292_300-300x135.jpg 300w\" sizes=\"(max-width: 600px) 100vw, 600px\" \/><\/a><\/p>\n<hr \/>\n<h5>Aus der Geschichte:<\/h5>\n<p style=\"text-align: justify;\"><a href=\"http:\/\/www.maritimemeile-haren.de\/admin\/wp-content\/uploads\/2014\/05\/297_33.jpg\"><img loading=\"lazy\" decoding=\"async\" class=\"alignnone size-full wp-image-4183\" src=\"http:\/\/www.maritimemeile-haren.de\/admin\/wp-content\/uploads\/2014\/05\/297_33.jpg\" alt=\"297_33\" width=\"300\" height=\"404\" srcset=\"http:\/\/www.maritimemeile-haren.de\/admin\/wp-content\/uploads\/2014\/05\/297_33.jpg 300w, http:\/\/www.maritimemeile-haren.de\/admin\/wp-content\/uploads\/2014\/05\/297_33-222x300.jpg 222w\" sizes=\"(max-width: 300px) 100vw, 300px\" \/><\/a><\/p>\n<p style=\"text-align: justify;\"><span style=\"font-size: 10pt;\">Johann Bernhard Sibum \u00a0\u00a0 \u00a0<\/span><br \/>\n<span style=\"font-size: 10pt;\">mit Ehefrau Maria, geb. von Hebel <\/span><br \/>\n<span style=\"font-size: 10pt;\">Foto: Familie Sibum<\/span><\/p>\n<p style=\"text-align: justify;\"><span style=\"font-size: 12pt;\">Die Familie Sibum blickt auf eine lange Tradition in der Harener Schifffahrtsgeschichte zur\u00fcck. Nachweislich spielten sie bereits im 19. Jahrhundert eine herausragende Rolle im Harener P\u00fcnten- und Schiffbau. Jahrhunderte hindurch waren auf den Werften der Familie Sibum die Harener Emsp\u00fcnten gebaut worden.<\/span><\/p>\n<p style=\"text-align: justify;\"><a href=\"http:\/\/www.maritimemeile-haren.de\/admin\/wp-content\/uploads\/2014\/05\/297_36.jpg\"><img loading=\"lazy\" decoding=\"async\" class=\"alignnone size-full wp-image-4186\" src=\"http:\/\/www.maritimemeile-haren.de\/admin\/wp-content\/uploads\/2014\/05\/297_36.jpg\" alt=\"297_36\" width=\"600\" height=\"372\" srcset=\"http:\/\/www.maritimemeile-haren.de\/admin\/wp-content\/uploads\/2014\/05\/297_36.jpg 600w, http:\/\/www.maritimemeile-haren.de\/admin\/wp-content\/uploads\/2014\/05\/297_36-300x186.jpg 300w\" sizes=\"(max-width: 600px) 100vw, 600px\" \/><\/a><\/p>\n<p><span style=\"font-size: 10pt;\">GERD SIBUM <\/span><br \/>\n<span style=\"font-size: 10pt;\">(Bauj. 1937, 480 tdw)<\/span><br \/>\n<span style=\"font-size: 10pt;\">Foto: C. G. Nystr\u00f6m, Helsingborg<\/span><\/p>\n<p style=\"text-align: justify;\"><span style=\"font-size: 12pt;\">Sowohl Johann Bernhard Sibum (geb. 1855), der bereits 1896 ein neues Wohnhaus mit Gastwirtschaft an der Ecke Hafenstra\u00dfe\/Emsstra\u00dfe errichten lie\u00df, als auch der Sohn Gerhard (geb. 1882) waren eine weit bekannte Werftbesitzerfamilie.<\/span><\/p>\n<p style=\"text-align: justify;\"><a href=\"http:\/\/www.maritimemeile-haren.de\/admin\/wp-content\/uploads\/2014\/05\/292_402.jpg\"><img loading=\"lazy\" decoding=\"async\" class=\"alignnone size-full wp-image-3772\" src=\"http:\/\/www.maritimemeile-haren.de\/admin\/wp-content\/uploads\/2014\/05\/292_402.jpg\" alt=\"292_402\" width=\"600\" height=\"408\" srcset=\"http:\/\/www.maritimemeile-haren.de\/admin\/wp-content\/uploads\/2014\/05\/292_402.jpg 600w, http:\/\/www.maritimemeile-haren.de\/admin\/wp-content\/uploads\/2014\/05\/292_402-300x204.jpg 300w\" sizes=\"(max-width: 600px) 100vw, 600px\" \/><\/a><\/p>\n<p style=\"text-align: justify;\"><span style=\"font-size: 12pt;\">Die Gebr\u00fcder Stefan Sibum (geb. 1926) und Hermann Sibum (geb. 1928) errichteten 1953 ein neues wirtschaftliches Standbein f\u00fcr die Familie. Sie gr\u00fcndeten einen Reedereibetrieb. Gleichzeitig vollzog sich damit die Abkehr vom Schiffbau und die Hinwendung zur K\u00fcstenschifffahrt. F\u00fcr den wirtschaftlichen Erfolg der Familie war diese Entscheidung ein richtungsweisender Schritt. Als ausgebildeter Kapit\u00e4n mit dem Patent A 4 war Hermann Sibum f\u00fcr die Betreuung der Schiffe verantwortlich, w\u00e4hrend Stefan Sibum sich um die gesch\u00e4ftlichen Angelegenheiten der Reederei k\u00fcmmerte.<\/span><\/p>\n<p style=\"text-align: justify;\"><a href=\"http:\/\/www.maritimemeile-haren.de\/admin\/wp-content\/uploads\/2014\/05\/292_30.jpg\"><img loading=\"lazy\" decoding=\"async\" class=\"alignnone size-full wp-image-4180\" src=\"http:\/\/www.maritimemeile-haren.de\/admin\/wp-content\/uploads\/2014\/05\/292_30.jpg\" alt=\"292_30\" width=\"600\" height=\"262\" srcset=\"http:\/\/www.maritimemeile-haren.de\/admin\/wp-content\/uploads\/2014\/05\/292_30.jpg 600w, http:\/\/www.maritimemeile-haren.de\/admin\/wp-content\/uploads\/2014\/05\/292_30-300x131.jpg 300w\" sizes=\"(max-width: 600px) 100vw, 600px\" \/><\/a><\/p>\n<p style=\"text-align: justify;\"><span style=\"font-size: 12pt;\">Anfang des Jahres 1953 kauften die Gebr\u00fcder Sibum von der Vega-Reederei aus Hamburg das Motorschiff \u201eENZ\u201c und lie\u00dfen es unter dem Namen \u201eGERD\u201c in das Seeschiffsregister in Emden eintragen. Am 9.Dezember 1957 erwarben sie das holl\u00e4ndische K\u00fcstenmotorschiff \u201eDE RUYTER\u201c, das nach dem ber\u00fchmten niederl\u00e4ndischen Admiral und Seehelden benannt worden war. Das Schiff erhielt den Namen \u201eADELHEID SIBUM\u201c. Mit der \u201eBRUISER&#8220; kam 1959 das n\u00e4chste Schiff zur Reederei. Es wurde in \u201eGERD SIBUM\u201c umbenannt.<\/span><\/p>\n<p style=\"text-align: justify;\"><span style=\"font-size: 12pt;\">Alle drei Schiffe wurden in der Nord- und Ostseefahrt eingesetzt. Haupttransportgut war Holz, das von Skandinavien nach England und zu den Benelux-Staaten bef\u00f6rdert wurde.<\/span><\/p>\n<p style=\"text-align: justify;\"><span style=\"font-size: 12pt;\">In den Jahren 1964\/65 wurden diese beiden Schiff durch zwei Neubauten ersetzt, die auf der Jansen-Werft in Leer gebaut wurden und dieselben Namen wie ihre Vorg\u00e4ngerschiffe f\u00fchrten.<\/span><\/p>\n<p style=\"text-align: justify;\"><span style=\"font-size: 12pt;\">In der Meppener Tagespost vom 15.06.1964 war unter der \u00dcberschrift \u201eADELHEID SIBUM ging auf Probefahrt\u201c zu lesen: \u201eW\u00e4hrend der Fahrt in Richtung Delfzijl war ein Heer von Ingenieuren und Monteuren dabei, das Herz des Schiffes, die Maschinenanlage, zu pr\u00fcfen. Dabei wurden sanft und exakt alle Wendeman\u00f6ver ausgef\u00fchrt und die Bootsman\u00f6ver klappten wie auf dem Exerzierplatz. Nach der mit Erfolg bestandenen Probefahrt st\u00e4rkte man sich bei einem kr\u00e4ftigen Suppeneintopf. Dann ergriff Werftbesitzer Kurt Jansen das Wort: Nach dieser erfolgreichen Probefahrt \u00fcbergebe ich ihnen die \u201eADELHEID SIBUM&#8220; und w\u00fcnsche ihr allzeit gute Fahrt.\u201c<\/span><\/p>\n<p style=\"text-align: justify;\"><span style=\"font-size: 12pt;\">Beide Schiffe wurden als Glattdecker gebaut und mit 499 BRT vermessen. Angetrieben von einem 800 PS starken Deutz-Diesel-Motor, erreichten sie eine Geschwindigkeit von etwa 11 Knoten. Um eine schnelle Ladung und L\u00f6schung zu garantieren, wurden die Schiffe mit Patent-Luken ausgestattet.<\/span><\/p>\n<p style=\"text-align: justify;\"><a href=\"http:\/\/www.maritimemeile-haren.de\/admin\/wp-content\/uploads\/2014\/05\/292_401.jpg\"><img loading=\"lazy\" decoding=\"async\" class=\"alignnone size-full wp-image-3773\" src=\"http:\/\/www.maritimemeile-haren.de\/admin\/wp-content\/uploads\/2014\/05\/292_401.jpg\" alt=\"292_401\" width=\"600\" height=\"351\" srcset=\"http:\/\/www.maritimemeile-haren.de\/admin\/wp-content\/uploads\/2014\/05\/292_401.jpg 600w, http:\/\/www.maritimemeile-haren.de\/admin\/wp-content\/uploads\/2014\/05\/292_401-300x175.jpg 300w\" sizes=\"(max-width: 600px) 100vw, 600px\" \/><\/a><\/p>\n<p style=\"text-align: justify;\"><span style=\"font-size: 12pt;\">Stefan und Hermann Sibum waren auch ma\u00dfgeblich an der Gr\u00fcndung der \u201eVEHA-Reederei\u201c am 20.07.1968 be\u00adteiligt. Diese neue Form der Zusammenarbeit in der K\u00fcstenschifffahrt wird in den Emsland-Nachrichten vom 19.12.1968 durch den Gesch\u00e4ftsf\u00fchrer der Reederei Stefan Sibum folgenderma\u00dfen festgehalten:<\/span><br \/>\n<span style=\"font-size: 12pt;\">\u201eSinn und Zweck der neuen Reederei ist es, gemeinsam die Schiffe zu befrachten und zu bereedern. Wir k\u00f6nnen uns nicht der allgemeinen wirtschaftlichen Entwicklung, dem Trend zur Kooperation und Koordination entziehen. Das Beste f\u00fcr jeden einzelnen Schiffseigner kann nur durch gemeinsamen Einkauf und durch entsprechenden Einsatz der Schiffe erreicht werden, der letzten Endes eine optimale Ausnutzung von Schiffsraum und Kapazit\u00e4t zul\u00e4\u00dft. In Zukunft sollen von diesem Zusammenschluss auch Schiffsneubauten in Auftrag gegeben werden.\u201c<\/span><br \/>\n<span style=\"font-size: 12pt;\">Zur VEHA-Reederei GmbH &amp; Co. KG hatten sich damals die Eigner von 8 K\u00fcstenmotorschiffen mit insgesamt 7.000 Tonnen Tragf\u00e4higkeit zusammengeschlossen. <\/span><\/p>\n<p style=\"text-align: justify;\"><a href=\"http:\/\/www.maritimemeile-haren.de\/admin\/wp-content\/uploads\/2014\/05\/297_32.jpg\"><img loading=\"lazy\" decoding=\"async\" class=\"alignnone size-full wp-image-4182\" src=\"http:\/\/www.maritimemeile-haren.de\/admin\/wp-content\/uploads\/2014\/05\/297_32.jpg\" alt=\"297_32\" width=\"600\" height=\"447\" srcset=\"http:\/\/www.maritimemeile-haren.de\/admin\/wp-content\/uploads\/2014\/05\/297_32.jpg 600w, http:\/\/www.maritimemeile-haren.de\/admin\/wp-content\/uploads\/2014\/05\/297_32-300x223.jpg 300w\" sizes=\"(max-width: 600px) 100vw, 600px\" \/><\/a><\/p>\n<p style=\"text-align: justify;\"><span style=\"font-size: 10pt;\">ADELHEID SIBUM und GERD SIBUM in Dordrecht um 1963 \u00a0\u00a0 (Foto: Familie Sibum<\/span>)<\/p>\n<p style=\"text-align: justify;\"><span style=\"font-size: 12pt;\">Es waren: \u201eADELHEID SIBUM\u201c (Hermann Sibum), \u201eGERD SIBUM&#8220; (Stefan Sibum), \u201eFRANZ HELD\u201c (Johann Held), \u201eSANTA HELENA\u201c (Heinrich K\u00f6tter), \u201eSANTA MARIA\u201c (Hermann und Engelbert Lohmann), \u201eJOP\u201c (Bernhard Sch\u00f6ning), \u201eTHULE II\u201c (Gerhard Sch\u00f6ning) und \u201eOTTO\u201c (Otto Sch\u00f6ning).<\/span><\/p>\n<p style=\"text-align: justify;\"><span style=\"font-size: 12pt;\">Schon bald bestellte die Gesch\u00e4ftsleitung der VEHA Reederei bei der Werft Schulte &amp; Bruns in Emden das gr\u00f6\u00dfte Schiff, das bis dahin je von einer Harener Reederei in Auftrag gegeben wurde. Es war die \u201eVELA\u201c, die im Jahre 1969 in Dienst gestellt wurde. Taufpatin des Schiffes war Maria Sch\u00f6ning, erster Kapit\u00e4n Klemens Larink. Bereits bei diesem Schiff wurden die Ladeluken auf Containerma\u00dfe eingerichtet. 2 Ladeb\u00e4ume des Schiffes waren mit je 20 Tonnen Zugkraft versehen. Die Doppelmotorenanlage mit zusammen 2.640 PS verliehen dem Schiff eine Geschwindigkeit von etwa 14 Knoten.<\/span><\/p>\n<p style=\"text-align: justify;\"><a href=\"http:\/\/www.maritimemeile-haren.de\/admin\/wp-content\/uploads\/2014\/05\/292_400.jpg\"><img loading=\"lazy\" decoding=\"async\" class=\"alignnone size-full wp-image-3774\" src=\"http:\/\/www.maritimemeile-haren.de\/admin\/wp-content\/uploads\/2014\/05\/292_400.jpg\" alt=\"292_400\" width=\"600\" height=\"365\" srcset=\"http:\/\/www.maritimemeile-haren.de\/admin\/wp-content\/uploads\/2014\/05\/292_400.jpg 600w, http:\/\/www.maritimemeile-haren.de\/admin\/wp-content\/uploads\/2014\/05\/292_400-300x182.jpg 300w\" sizes=\"(max-width: 600px) 100vw, 600px\" \/><\/a><\/p>\n<p style=\"text-align: justify;\"><span style=\"font-size: 12pt;\">1975 erwarb die VEHA-Reederei die \u201eAMIGO EXPRESS\u201c. Sie erhielt den Namen \u201eMIRA\u201c. Obwohl erst 1 Jahr alt, war eine l\u00e4ngere \u00dcberholungsdauer n\u00f6tig, um die strengen Auflagen der deutschen Beh\u00f6rden zu erf\u00fcllen. Begeistert \u00fcber die Ausstattung zeigte sich die Besatzung. Das Schiff war mit Fernseh- und Radioger\u00e4ten ausgestattet und f\u00fcr die Matrosen stand eine Einzeldusche und f\u00fcr die Decksleute eine Einzelkaj\u00fcte zur Verf\u00fcgung.<\/span><\/p>\n<p style=\"text-align: justify;\"><span style=\"font-size: 12pt;\">Alle Schiffe der VEHA-Reederei waren Mehrzweckfrachter und keine Linienschiffe f\u00fcr die Containerfahrt. Sie wurden immer nach den entsprechenden Bestimmungen des Germanischen Lloyds gebaut und f\u00fcr die \u201eGro\u00dfe Fahrt\u201c ausger\u00fcstet. <\/span><br \/>\n<span style=\"font-size: 12pt;\">Da viele Anteilseigner sich zur Ruhe setzen wollten, wurden im Jahre 1991 die gesch\u00e4ftlichen Aktivit\u00e4ten der VEHA-Reederei beendet.<\/span><\/p>\n<p style=\"text-align: justify;\"><!--more--><!--nextpage--><\/p>\n<p style=\"text-align: justify;\"><span style=\"font-size: 12pt;\">Mit dem Neubau der \u201eMARIA SIBUM\u201c vollzogen die Gebr\u00fcder Sibum 1986 den \u00dcbergang zur Bereederung moderner Containerschiffstonnage. Das 133 Meter lange und 9.393 tdw vermessende Schiff, konnte 885 TEU Container im weltweiten Einsatz bef\u00f6rdern. Die erste Reise ging nach Vancouver in Kanada. Unter den Kapit\u00e4nen Klemens Larink und Gerd Sibum, dem Sohn des Miteigners Hermann Sibum, fuhr das Schiff 2 Jahre im Liniendienst zwischen der Westk\u00fcste Nordamerikas und Australiens (7.025 sm). Schwiegersohn Wilfried Kr\u00fc\u00dfel war f\u00fcr die Maschinenanlage verantwortlich.<\/span><\/p>\n<p style=\"text-align: justify;\"><span style=\"font-size: 12pt;\">Die Meppener Tagespost vom 10.10.1986 berichtet unter der \u00dcberschrift \u201eEin Hochhaus auf hoher See\u201c:<\/span><br \/>\n<span style=\"font-size: 12pt;\">\u201eWenn der Kran ausgefahren ist, erreicht die MARIA SIBUM eine H\u00f6he von 50 Meter. Dechant Thiemann, der den schwimmenden Stahlkoloss segnete, f\u00fchlte sich an das Kirchenschiff des Harener Doms erinnert. Nicht zu Unrecht: Die MARIA SIBUM ist zwar doppelt so lang wie das Gotteshaus, aber daf\u00fcr ist der Kirchenturm sechs Meter h\u00f6her.\u201c<\/span><\/p>\n<p style=\"text-align: justify;\"><span style=\"font-size: 12pt;\">In den 90er Jahren erfolgte allm\u00e4hlich ein Generationswechsel innerhalb des Reedereibetriebes der Familie Sibum. Bernd Sibum, Sohn von Stefan Sibum, entschloss sich nach dem be\u00adstan\u00adde\u00adnen Abitur, die Familientradition in der Seeschifffahrt fortzusetzen. <\/span><br \/>\n<span style=\"font-size: 12pt;\">Er erlernte das Reedereigesch\u00e4ft und die Seefahrt von der \u201ePike\u201c auf, indem er in Hamburg eine Berufsausbildung zum Schifffahrtsskaufmann im Bereich der Trampbefrachtung ab\u00adschloss. <\/span><br \/>\n<span style=\"font-size: 12pt;\">Um im praktischen Bereich die n\u00f6tigen Kenntnisse und Er\u00adfahrun\u00adgen zu erlangen, fuhr er anschlie\u00dfend zur See und erwarb 1992 an der Fachhochschule Emden, Fachbereich Seefahrt in Leer, das Kapit\u00e4nspatent \u201eKapit\u00e4n auf gro\u00dfer Fahrt&#8220; mit dem Abschluss zum Dipl. Wirtschaftsingenieur f\u00fcr Seeverkehr.<\/span><\/p>\n<p style=\"text-align: justify;\"><span style=\"font-size: 12pt;\">Am 6. Januar 1997 setzte Kapit\u00e4n Bernd Sibum mit der \u201eSTEFAN SIBUM\u201c das erste Schiff alleinverantwortlich in Fahrt. Das Schiff wurde auf der Schiffswerft MWB in Bremerhaven unter der Neubaunummer 235 gebaut. Dieses 591 TEU Containerschiff zeichnet sich durch die sehr hohe Dienstgeschwindigkeit von 17,5 Knoten sowie durch eine besonders hohe Flexibilit\u00e4t beim Transport aller weltweit g\u00e4ngigen Containergr\u00f6\u00dfen aus, die mit zwei bordeigenen Kr\u00e4nen geladen und gel\u00f6scht werden k\u00f6nnen. Entsprechend seiner technischen Auslegung kann das Schiff in der weltweiten Fahrt eingesetzt werden. <\/span><\/p>\n<p style=\"text-align: justify;\"><span style=\"font-size: 12pt;\">Zwei Jahre nach dem Bau der \u201eSTEFAN SIBUM\u201c wurde am 18.04.1998 das 523 TEU Containerschiff \u201eGERD SIBUM\u201c auf der Schiffswerft J. J. Sietas getauft. Die Namensgebung des Schiffes setzte eine jahrzehntelange Familientradi\u00adtion fort. <\/span><br \/>\n<span style=\"font-size: 12pt;\">Wie bei allen Schiffsneubauten der Familie Sibum und der VEHA-Reederei lag die Bauaufsicht und die Indienststellung der \u201eSTEFAN SIBUM\u201c und der \u201eGERD SIBUM\u201c erneut in den bew\u00e4hrten H\u00e4nden von Kapit\u00e4n Klemens Larink.<\/span><\/p>\n<p style=\"text-align: justify;\"><span style=\"font-size: 12pt;\">Am 21.Dezember 2000 erwarb die Reederei Bernd Sibum das 659 TEU Containerschiff \u201eTHEA KAHRS\u201c. Dieser Frachter wurde im Jahre 1991 auf der Husumer Schiffswerft gebaut und verf\u00fcgt \u00fcber eine Tragf\u00e4higkeit von 10.800 tdw. Er wurde in \u201eANNE SIBUM&#8220; umbenannt. Im Juni 2001 erfolgte der Kauf des Mehrzweckfrachters \u201eNeuwerk\u201c. Das Schiff erhielt den Namen \u201eAdelheid Sibum\u201c.<\/span><\/p>\n<p style=\"text-align: justify;\"><span style=\"font-size: 12pt;\">Heute lautet der offizielle Name des Familienbetriebes: Reederei Bernd Sibum GmbH &amp; Co. KG.<\/span><\/p>\n<p style=\"text-align: justify;\"><span style=\"font-size: 12pt;\">Kapit\u00e4n Sibum ist verantwortlich f\u00fcr den nautisch-technischen Bereich. Er sichert die reedereim\u00e4\u00dfige Betreuung der verschiedenen Schiffe, hat aber auch zahlreiche andere administrative Aufgaben auszuf\u00fchren. <\/span><span style=\"font-size: 12pt;\">Seine Ehefrau Anne Fehren-Sibum kann langj\u00e4hrige Erfahrungen als Angestellte in einer wirtschafts- und steuerberatenden Kanzlei vorweisen. Damit ist die kaufm\u00e4nnische Abwicklung des Reedereibetriebes gew\u00e4hrleistet.<\/span><!--more--><!--nextpage--><\/p>\n<h5>Aus Band II<\/h5>\n<p><a href=\"http:\/\/www.maritimemeile-haren.de\/admin\/wp-content\/uploads\/2014\/05\/292_7.jpg\"><img loading=\"lazy\" decoding=\"async\" class=\"alignnone size-full wp-image-3026\" src=\"http:\/\/www.maritimemeile-haren.de\/admin\/wp-content\/uploads\/2014\/05\/292_7.jpg\" alt=\"292_7\" width=\"600\" height=\"387\" srcset=\"http:\/\/www.maritimemeile-haren.de\/admin\/wp-content\/uploads\/2014\/05\/292_7.jpg 600w, http:\/\/www.maritimemeile-haren.de\/admin\/wp-content\/uploads\/2014\/05\/292_7-300x193.jpg 300w\" sizes=\"(max-width: 600px) 100vw, 600px\" \/><\/a><\/p>\n<p style=\"text-align: justify;\"><span style=\"font-size: 12pt;\">Die Familie Sibum blickt auf eine lange Tradition in der Schifffahrtsgeschichte Harens zur\u00fcck. Jahrhunderte hindurch waren auf den Werften der Familie Sibum die Harener Emsp\u00fcnten gebaut worden. Werft des Schiffbauers Johann Bernhard Sibum (um 1900) Foto: Sammlung Schifffahrtsmuseum 1953 In diesem Jahr gr\u00fcndeten die Gebr\u00fcder Stefan Sibum (*1926) und Hermann Sibum (*1928) einen Reedereibetrieb; das K\u00fcstenmotorschiff &#8222;GERD&#8220; wurde in Fahrt gesetzt.<\/span><\/p>\n<p style=\"text-align: justify;\"><a href=\"http:\/\/www.maritimemeile-haren.de\/admin\/wp-content\/uploads\/2014\/05\/292_31.jpg\"><img loading=\"lazy\" decoding=\"async\" class=\"alignnone size-full wp-image-4181\" src=\"http:\/\/www.maritimemeile-haren.de\/admin\/wp-content\/uploads\/2014\/05\/292_31.jpg\" alt=\"292_31\" width=\"600\" height=\"411\" srcset=\"http:\/\/www.maritimemeile-haren.de\/admin\/wp-content\/uploads\/2014\/05\/292_31.jpg 600w, http:\/\/www.maritimemeile-haren.de\/admin\/wp-content\/uploads\/2014\/05\/292_31-300x205.jpg 300w\" sizes=\"(max-width: 600px) 100vw, 600px\" \/><\/a><\/p>\n<p style=\"text-align: justify;\"><span style=\"font-size: 12pt;\">1957-1965 Die Reedereiflotte wurde durch An- und Verk\u00e4ufe bzw. Neubauten st\u00e4ndig an die aktuellen Markanforderungen angepasst.<\/span><\/p>\n<p style=\"text-align: justify;\"><span style=\"font-size: 12pt;\">1968 Die Gebr\u00fcder Sibum waren ma\u00dfgeblich an der Gr\u00fcndung der VEHA-Reederei beteiligt; die Eigner von achtK\u00fcstenmotorschiffen hatten sich zu dieser Reederei zusammengeschlossen. Durch diese Gesellschaft wurden in den n\u00e4chsten zwei Jahrzehnten sechs gr\u00f6\u00dfere Mehrzweckfrachter bei den umliegenden Werften in Auftrag gegeben.<\/span><\/p>\n<p style=\"text-align: justify;\"><span style=\"font-size: 12pt;\">1986 Mit der &#8222;MARIA SIBUM&#8220; vollzogen die Gebr\u00fcder Hermann und Stefan Sibum den \u00dcbergang zur Bereederung moderner Containertonnage.<\/span><\/p>\n<p style=\"text-align: justify;\"><span style=\"font-size: 12pt;\">1995 Der Generationswechsel innerhalb des Reedereibetriebes wurde eingeleitet. Kapit\u00e4n Bernd Sibum, Sohn von Stefan Sibum, gr\u00fcndete die Reederei &#8222;Bernd Sibum GmbH &amp; Co. KG&#8220; und setzte damit die Familientradition in der Seeschifffahrt fort. Als gelernter Schifffahrtskaufmann und &#8222;Kapit\u00e4n auf gro\u00dfer Fahrt&#8220; erlernte er das Reedereigesch\u00e4ft von der &#8222;Pike&#8220; auf.<\/span><\/p>\n<p style=\"text-align: justify;\"><a href=\"http:\/\/www.maritimemeile-haren.de\/admin\/wp-content\/uploads\/2014\/05\/297_37.jpg\"><img loading=\"lazy\" decoding=\"async\" class=\"alignnone size-full wp-image-4187\" src=\"http:\/\/www.maritimemeile-haren.de\/admin\/wp-content\/uploads\/2014\/05\/297_37.jpg\" alt=\"297_37\" width=\"300\" height=\"437\" srcset=\"http:\/\/www.maritimemeile-haren.de\/admin\/wp-content\/uploads\/2014\/05\/297_37.jpg 300w, http:\/\/www.maritimemeile-haren.de\/admin\/wp-content\/uploads\/2014\/05\/297_37-205x300.jpg 205w\" sizes=\"(max-width: 300px) 100vw, 300px\" \/><\/a><\/p>\n<p><span style=\"font-size: 10pt;\">Kapit\u00e4n Bernd Sibum<\/span><\/p>\n<p style=\"text-align: justify;\"><span style=\"font-size: 12pt;\">1997 Kapit\u00e4n Bernd Sibum stellte mit der &#8222;STEFAN SIBUM&#8220; (622 TEU) das erste Containerschiff alleinverantwortlich in Dienst; die Namensgebung des Schiffes erinnert an seinen Vater Stefan Sibum.<\/span><\/p>\n<p style=\"text-align: justify;\"><a href=\"http:\/\/www.maritimemeile-haren.de\/admin\/wp-content\/uploads\/2014\/05\/297_35.jpg\"><img loading=\"lazy\" decoding=\"async\" class=\"alignnone  wp-image-4185\" src=\"http:\/\/www.maritimemeile-haren.de\/admin\/wp-content\/uploads\/2014\/05\/297_35.jpg\" alt=\"297_35\" width=\"600\" height=\"366\" srcset=\"http:\/\/www.maritimemeile-haren.de\/admin\/wp-content\/uploads\/2014\/05\/297_35.jpg 600w, http:\/\/www.maritimemeile-haren.de\/admin\/wp-content\/uploads\/2014\/05\/297_35-300x183.jpg 300w\" sizes=\"(max-width: 600px) 100vw, 600px\" \/><\/a><\/p>\n<p style=\"text-align: justify;\"><span style=\"font-size: 10pt;\">Taufe der GERD SIBUM am 18.04.1998\u00a0\u00a0 \u00a0<\/span><br \/>\n<span style=\"font-size: 10pt;\">v.l.: Heike Sietas, Taufpatin Maria D\u00fcllmann, <\/span><br \/>\n<span style=\"font-size: 10pt;\">Hinrich Sietas, Familie Sibum<\/span><br \/>\n<span style=\"font-size: 10pt;\">Foto: Reederei Sibum<\/span><\/p>\n<p style=\"text-align: justify;\"><span style=\"font-size: 12pt;\">1998 In diesem Jahr erfolgte die Ablieferung des Containerfrachters &#8222;GERD SIBUM&#8220; (523 TEU).<\/span><\/p>\n<p style=\"text-align: justify;\"><a href=\"http:\/\/www.maritimemeile-haren.de\/admin\/wp-content\/uploads\/2014\/05\/292_8.jpg\"><img loading=\"lazy\" decoding=\"async\" class=\"alignnone size-full wp-image-3025\" src=\"http:\/\/www.maritimemeile-haren.de\/admin\/wp-content\/uploads\/2014\/05\/292_8.jpg\" alt=\"292_8\" width=\"600\" height=\"338\" srcset=\"http:\/\/www.maritimemeile-haren.de\/admin\/wp-content\/uploads\/2014\/05\/292_8.jpg 600w, http:\/\/www.maritimemeile-haren.de\/admin\/wp-content\/uploads\/2014\/05\/292_8-300x169.jpg 300w\" sizes=\"(max-width: 600px) 100vw, 600px\" \/><\/a><\/p>\n<p style=\"text-align: justify;\"><span style=\"font-size: 10pt;\">HERMANN SIBUM (Bauj. 1998, 3.780 tdw) (Fotos: Reederei Bernd Sibum)<\/span><\/p>\n<p style=\"text-align: justify;\"><span style=\"font-size: 12pt;\">2000 Das Secondhand-Containerschiff &#8222;ANNE SIBUM&#8220; (659 TEU), benannt nach der Ehefrau des Reeders, wurde durch den Schifffahrtsbetrieb erworben.<\/span><\/p>\n<p style=\"text-align: justify;\"><span style=\"font-size: 12pt;\">2001- 2002 Im Juni 2001 und im M\u00e4rz 2002 wurden mit der &#8222;ADELHEID SIBUM&#8220; und der &#8222;HERMANN SIBUM&#8220; zwei weitere, neuwertige Secondhand-Schiffe durch die Reederei angekauft.<\/span><\/p>\n<p style=\"text-align: justify;\"><span style=\"font-size: 12pt;\">2003 Die Reederei Sibum feierte ihr 50 j\u00e4hriges <\/span><span style=\"font-size: 12pt;\">Jubil\u00e4um. Vor blauem Hintergrund ein gelbes Viereck mit einem Gro\u00dfen &#8222;S&#8220;, so f\u00e4hrt die Reedereiflagge seit 50 Jahren <\/span><span style=\"font-size: 12pt;\">auf allen Weltmeeren.<br \/>\n<\/span><\/p>\n<p style=\"text-align: justify;\"><a href=\"http:\/\/www.maritimemeile-haren.de\/admin\/wp-content\/uploads\/2014\/05\/292_9.jpg\"><img loading=\"lazy\" decoding=\"async\" class=\"alignnone size-full wp-image-3024\" src=\"http:\/\/www.maritimemeile-haren.de\/admin\/wp-content\/uploads\/2014\/05\/292_9.jpg\" alt=\"292_9\" width=\"600\" height=\"425\" srcset=\"http:\/\/www.maritimemeile-haren.de\/admin\/wp-content\/uploads\/2014\/05\/292_9.jpg 600w, http:\/\/www.maritimemeile-haren.de\/admin\/wp-content\/uploads\/2014\/05\/292_9-300x212.jpg 300w\" sizes=\"(max-width: 600px) 100vw, 600px\" \/><\/a><\/p>\n<p style=\"text-align: justify;\"><span style=\"font-size: 10pt;\">ADELHEID SIBUM (Bauj. 2000, 3.700 tdw) (Foto: FotoFlite inc. Skyfotos)<\/span><\/p>\n<p style=\"text-align: justify;\"><span style=\"font-size: 12pt;\">2004 Mit der &#8222;MARIA SIBUM&#8220; (670 TEU) wurde ein <\/span><span style=\"font-size: 12pt;\">weiteres Containerschiff in Fahrt gesetzt. Im Jahre 2005 folgt <\/span><span style=\"font-size: 12pt;\">das Schwesterschiff &#8222;KATHARINA SIBUM&#8220;. Beide Frachter <\/span><span style=\"font-size: 12pt;\">wurden auf der Werft Zhejiang Yangfan in China gebaut. Im<\/span><span style=\"font-size: 12pt;\"> Jahre 2006 folgen auf der selben Werft zwei weitere Neubauten<\/span><span style=\"font-size: 12pt;\"> mit einer Containerkapazit\u00e4t von jeweils 970 TEU.<\/span><\/p>\n<p style=\"text-align: justify;\"><span style=\"font-size: 12pt;\">Seit der Reedereigr\u00fcndung wurde stets der Charakter eines <\/span><span style=\"font-size: 12pt;\">Familiebetriebes gewahrt und auf eine sorgf\u00e4ltige und pers\u00f6nliche<\/span><span style=\"font-size: 12pt;\"> Betreuung der Schiffe gro\u00dfen Wert gelegt. Die Reedereiflotte<\/span><span style=\"font-size: 12pt;\"> wird entsprechend ihrer jeweiligen schiffbaulichen Ausstattung <\/span><span style=\"font-size: 12pt;\">in der Container-, Mehrzweck- oder Massengutfahrt<\/span><span style=\"font-size: 12pt;\"> weltweit eingesetzt.<\/span><\/p>\n","protected":false},"excerpt":{"rendered":"<p>www.sibum.de &nbsp; Reederei Bernd Sibum Aus der Geschichte: Johann Bernhard Sibum \u00a0\u00a0 \u00a0 mit Ehefrau Maria, geb. von Hebel Foto: Familie Sibum Die Familie Sibum blickt auf eine lange Tradition&hellip; <\/p>\n","protected":false},"author":1,"featured_media":0,"parent":0,"menu_order":292,"comment_status":"closed","ping_status":"closed","template":"","meta":{"footnotes":""},"_links":{"self":[{"href":"http:\/\/www.maritimemeile-haren.de\/admin\/wp-json\/wp\/v2\/pages\/509"}],"collection":[{"href":"http:\/\/www.maritimemeile-haren.de\/admin\/wp-json\/wp\/v2\/pages"}],"about":[{"href":"http:\/\/www.maritimemeile-haren.de\/admin\/wp-json\/wp\/v2\/types\/page"}],"author":[{"embeddable":true,"href":"http:\/\/www.maritimemeile-haren.de\/admin\/wp-json\/wp\/v2\/users\/1"}],"replies":[{"embeddable":true,"href":"http:\/\/www.maritimemeile-haren.de\/admin\/wp-json\/wp\/v2\/comments?post=509"}],"version-history":[{"count":18,"href":"http:\/\/www.maritimemeile-haren.de\/admin\/wp-json\/wp\/v2\/pages\/509\/revisions"}],"predecessor-version":[{"id":4905,"href":"http:\/\/www.maritimemeile-haren.de\/admin\/wp-json\/wp\/v2\/pages\/509\/revisions\/4905"}],"wp:attachment":[{"href":"http:\/\/www.maritimemeile-haren.de\/admin\/wp-json\/wp\/v2\/media?parent=509"}],"curies":[{"name":"wp","href":"https:\/\/api.w.org\/{rel}","templated":true}]}}