{"id":565,"date":"2014-05-20T11:23:08","date_gmt":"2014-05-20T09:23:08","guid":{"rendered":"http:\/\/www.maritimemeile-haren.de\/admin\/?page_id=565"},"modified":"2014-11-06T10:34:05","modified_gmt":"2014-11-06T08:34:05","slug":"320-wessels-schiffbauten","status":"publish","type":"page","link":"http:\/\/www.maritimemeile-haren.de\/admin\/320-wessels-schiffbauten\/","title":{"rendered":"320 WESSELS SCHIFFSAUSBAUTEN"},"content":{"rendered":"<p><a href=\"http:\/\/www.maritimemeile-haren.de\/admin\/wp-content\/uploads\/2014\/05\/320_tab1.jpg\"><img loading=\"lazy\" decoding=\"async\" class=\"alignnone wp-image-4594 size-full\" src=\"http:\/\/www.maritimemeile-haren.de\/admin\/wp-content\/uploads\/2014\/05\/320_tab1.jpg\" alt=\"\" width=\"600\" height=\"292\" srcset=\"http:\/\/www.maritimemeile-haren.de\/admin\/wp-content\/uploads\/2014\/05\/320_tab1.jpg 600w, http:\/\/www.maritimemeile-haren.de\/admin\/wp-content\/uploads\/2014\/05\/320_tab1-300x146.jpg 300w\" sizes=\"(max-width: 600px) 100vw, 600px\" \/><\/a><\/p>\n<p><a href=\"http:\/\/www.maritimemeile-haren.de\/admin\/wp-content\/uploads\/2014\/05\/320_Wessels-Schiffausb._1.jpg\"><img loading=\"lazy\" decoding=\"async\" class=\"alignnone size-full wp-image-2172\" src=\"http:\/\/www.maritimemeile-haren.de\/admin\/wp-content\/uploads\/2014\/05\/320_Wessels-Schiffausb._1.jpg\" alt=\"\" width=\"600\" height=\"450\" srcset=\"http:\/\/www.maritimemeile-haren.de\/admin\/wp-content\/uploads\/2014\/05\/320_Wessels-Schiffausb._1.jpg 600w, http:\/\/www.maritimemeile-haren.de\/admin\/wp-content\/uploads\/2014\/05\/320_Wessels-Schiffausb._1-300x225.jpg 300w\" sizes=\"(max-width: 600px) 100vw, 600px\" \/><\/a><\/p>\n<p><span style=\"font-size: 10pt;\">Wessels Schiffsausbauten<\/span><\/p>\n<p><a href=\"http:\/\/www.wessels.com\">www.wessels.com<\/a><\/p>\n<p style=\"text-align: justify;\"><span style=\"font-size: 12pt;\">Begonnen hatte es mit einer Holzhandlung von Gerhard Wessels (*1848), dem Urgro\u00dfvater der heutigen Firmeninhaber. Dessen Sohn Heinrich Wessels (*1883) baute 1914 eine Tischlerei mit M\u00f6belgesch\u00e4ft auf, die dann Gerhard Wessels (*1924) kontinuierlich vergr\u00f6\u00dferte und dazu ab 1949 vereinzelt Schiffsausbauarbeiten durchf\u00fchrte.<\/span><\/p>\n<p>\u00a0<a href=\"http:\/\/www.maritimemeile-haren.de\/admin\/wp-content\/uploads\/2014\/05\/320_7.jpg\"><img loading=\"lazy\" decoding=\"async\" class=\"alignnone size-full wp-image-3122\" src=\"http:\/\/www.maritimemeile-haren.de\/admin\/wp-content\/uploads\/2014\/05\/320_7.jpg\" alt=\"320_7\" width=\"600\" height=\"355\" srcset=\"http:\/\/www.maritimemeile-haren.de\/admin\/wp-content\/uploads\/2014\/05\/320_7.jpg 600w, http:\/\/www.maritimemeile-haren.de\/admin\/wp-content\/uploads\/2014\/05\/320_7-300x177.jpg 300w\" sizes=\"(max-width: 600px) 100vw, 600px\" \/><\/a><\/p>\n<p><span style=\"font-size: 10pt;\">Helmut und Johannes Wessels vor dem B\u00fcro ihres Betriebs<\/span><\/p>\n<p><!--nextpage--><\/p>\n<p style=\"text-align: justify;\"><span style=\"font-size: 12pt;\">Aus Platzmangel erwarb der Firmeninhaber 1977 eine Industriefl\u00e4che im Gewerbegebietam \u201cNeuen Hafen\u201d, wo der Betrieb mit modernsten Maschinen zur Holzund jetzt auch Aluminiumbearbeitung ausgestattet wurde. 1996 \u00fcbergab Gerhard Wessels aus Altersgr\u00fcnden seinen beiden S\u00f6hnen, den Tischlermeistern Johannes und Helmut, die Leitung des Betriebes, der mittlerweile 30 Personen besch\u00e4ftigt. Heute hat sich die Firma Wessels GmbH auf dem Gebiet des Wohnungsausbaus und insbesondere in der Entwicklung moderner, individuell gestalteter Steuerh\u00e4user als traditionsreicher Harener Handwerksbetrieb mit ihrer soliden Arbeit einen ausgezeichneten Ruf in ganz Europa erworben.<\/span><\/p>\n<p><span style=\"font-size: 10pt;\"><a href=\"http:\/\/www.maritimemeile-haren.de\/admin\/wp-content\/uploads\/2014\/05\/320_8.jpg\"><img loading=\"lazy\" decoding=\"async\" class=\"alignnone size-full wp-image-3121\" src=\"http:\/\/www.maritimemeile-haren.de\/admin\/wp-content\/uploads\/2014\/05\/320_8.jpg\" alt=\"320_8\" width=\"600\" height=\"498\" srcset=\"http:\/\/www.maritimemeile-haren.de\/admin\/wp-content\/uploads\/2014\/05\/320_8.jpg 600w, http:\/\/www.maritimemeile-haren.de\/admin\/wp-content\/uploads\/2014\/05\/320_8-300x249.jpg 300w\" sizes=\"(max-width: 600px) 100vw, 600px\" \/><\/a><\/span><\/p>\n<p><span style=\"font-size: 10pt;\"><span style=\"font-size: 10pt;\">Steuerhaus der \u201cAVISO II\u201d (2003)<\/span><br \/>\n(Foto: Martin Deymann)<\/span><\/p>\n<p><a href=\"http:\/\/www.maritimemeile-haren.de\/admin\/wp-content\/uploads\/2014\/05\/320_50.jpg\"><img loading=\"lazy\" decoding=\"async\" class=\"alignnone size-full wp-image-3995\" src=\"http:\/\/www.maritimemeile-haren.de\/admin\/wp-content\/uploads\/2014\/05\/320_50.jpg\" alt=\"320_50\" width=\"600\" height=\"373\" srcset=\"http:\/\/www.maritimemeile-haren.de\/admin\/wp-content\/uploads\/2014\/05\/320_50.jpg 600w, http:\/\/www.maritimemeile-haren.de\/admin\/wp-content\/uploads\/2014\/05\/320_50-300x186.jpg 300w\" sizes=\"(max-width: 600px) 100vw, 600px\" \/><\/a><\/p>\n<p><span style=\"font-size: 10pt;\">Firmengeb\u00e4ude<\/span><\/p>\n<p><!--nextpage--><\/p>\n<p style=\"text-align: justify;\"><span style=\"font-size: 12pt;\">100 Jahre Tischlerei Wessels<\/span><\/p>\n<p style=\"text-align: justify;\"><a href=\"http:\/\/www.maritimemeile-haren.de\/admin\/wp-content\/uploads\/2014\/05\/320_4.jpg\"><img loading=\"lazy\" decoding=\"async\" class=\"alignnone size-full wp-image-4945\" src=\"http:\/\/www.maritimemeile-haren.de\/admin\/wp-content\/uploads\/2014\/05\/320_4.jpg\" alt=\"320_4\" width=\"300\" height=\"351\" srcset=\"http:\/\/www.maritimemeile-haren.de\/admin\/wp-content\/uploads\/2014\/05\/320_4.jpg 300w, http:\/\/www.maritimemeile-haren.de\/admin\/wp-content\/uploads\/2014\/05\/320_4-256x300.jpg 256w\" sizes=\"(max-width: 300px) 100vw, 300px\" \/><\/a><\/p>\n<p style=\"text-align: justify;\"><span style=\"font-size: 12pt;\">Ein Geschenk hat sich die Firma Tischlerei und Alubau Wessels zum 100-j\u00e4hrigen\u00a0Firmengeburtstag sozusagen selbst gemacht: Seit geraumer Zeit ist ein\u00a0neues CNC-Bearbeitungszentrum f\u00fcr Schiffseinrichtungen in Betrieb, mit dem\u00a0die Arbeit noch effektiver geleistet werden kann. Ein dazugeh\u00f6riges Lager sowie\u00a0ein gr\u00f6\u00dferer Spritz- und Lackierraum geh\u00f6ren ebenfalls zu den j\u00fcngsten\u00a0Investitionen des Familienbetriebes an der Industriestra\u00dfe.<\/span><\/p>\n<p style=\"text-align: justify;\"><span style=\"font-size: 12pt;\">Die Geschichte von Wessels begann in\u00a01914. Heinrich Wessels, Jahrgang 1893,\u00a0gr\u00fcndete den Betrieb als klassische Bautischlerei.\u00a0Zum Kerngesch\u00e4ft geh\u00f6rten\u00a0Fenster und T\u00fcren, Fassadenverkleidungen\u00a0und der Innenausbau. Unterbrochen\u00a0durch die Kriegsgeschehnisse nahm Gerhard\u00a0Wessels, der inzwischen die Firma\u00a0des Vaters \u00fcbernommen hatte, 1948\u00a0den Wiederaufbau seines Handwerksbetriebes\u00a0in die H\u00e4nde. Eine Werkstatt in\u00a0einer Scheune von Gut D\u00fcneburg diente\u00a0als vor\u00fcbergehende Bleibe. Der Wiederaufbau\u00a0in den Nachkriegsjahren brachte\u00a0Wessels reichlich Arbeit. Und neben der\u00a0Kernkompetenz \u00fcblicher Tischlerarbeiten\u00a0fand Wessels Zugang zur aufbl\u00fchenden\u00a0Schiffbaubranche. Bald entstanden erste\u00a0Ruderh\u00e4user aus Holz, erste Konstruktionen\u00a0aus Aluminium kamen in den siebziger\u00a0Jahren zur Auslieferung.\u00a0Die Firma expandierte, 1977 erfolgte der\u00a0Umzug aus dem Harener Stadtzentrum in\u00a0das Gewerbe und Industriegebiet am neuen\u00a0Hafen. Seitdem ist Wessels bei vielen\u00a0Schiffsneubauten, ob See- oder Binnenschiffen\u00a0oder auch Fluss Kreuzfahrtschiffen\u00a0eine feste Gr\u00f6\u00dfe im Bereich Schiffsinnenausbau\u00a0und Ruderh\u00e4user. Auf vielen\u00a0Werften, auch im europ\u00e4ischen Ausland.\u00a0gilt die Tischlerei und Alubau Wessels als\u00a0zuverl\u00e4ssiger Partner mit dem Ruf, hervorragende\u00a0Qualit\u00e4t zu liefern.<\/span><\/p>\n<p style=\"text-align: justify;\"><span style=\"font-size: 12pt;\">\u201eWir legen besonderen Wert auf Kundenzufriedenheit\u00a0und erreichen dies mit\u00a0gleich bleibender, hoher Qualit\u00e4t\u201c nennt\u00a0Johannes Wessels einen Punkt der Firmenphilosophie.\u00a0Zusammen mit seinem\u00a0Bruder Helmut f\u00fchrt er seit Jahresbeginn\u00a01996 das Unternehmen, unterst\u00fctzt\u00a0durch den Prokuristen Frank Albers.\u00a0Nach dem Motto: \u201eAlles aus einer Hand\u201c<\/span><\/p>\n","protected":false},"excerpt":{"rendered":"<p>Wessels Schiffsausbauten www.wessels.com Begonnen hatte es mit einer Holzhandlung von Gerhard Wessels (*1848), dem Urgro\u00dfvater der heutigen Firmeninhaber. Dessen Sohn Heinrich Wessels (*1883) baute 1914 eine Tischlerei mit M\u00f6belgesch\u00e4ft auf,&hellip; <\/p>\n","protected":false},"author":1,"featured_media":0,"parent":0,"menu_order":320,"comment_status":"closed","ping_status":"closed","template":"","meta":{"footnotes":""},"_links":{"self":[{"href":"http:\/\/www.maritimemeile-haren.de\/admin\/wp-json\/wp\/v2\/pages\/565"}],"collection":[{"href":"http:\/\/www.maritimemeile-haren.de\/admin\/wp-json\/wp\/v2\/pages"}],"about":[{"href":"http:\/\/www.maritimemeile-haren.de\/admin\/wp-json\/wp\/v2\/types\/page"}],"author":[{"embeddable":true,"href":"http:\/\/www.maritimemeile-haren.de\/admin\/wp-json\/wp\/v2\/users\/1"}],"replies":[{"embeddable":true,"href":"http:\/\/www.maritimemeile-haren.de\/admin\/wp-json\/wp\/v2\/comments?post=565"}],"version-history":[{"count":18,"href":"http:\/\/www.maritimemeile-haren.de\/admin\/wp-json\/wp\/v2\/pages\/565\/revisions"}],"predecessor-version":[{"id":4946,"href":"http:\/\/www.maritimemeile-haren.de\/admin\/wp-json\/wp\/v2\/pages\/565\/revisions\/4946"}],"wp:attachment":[{"href":"http:\/\/www.maritimemeile-haren.de\/admin\/wp-json\/wp\/v2\/media?parent=565"}],"curies":[{"name":"wp","href":"https:\/\/api.w.org\/{rel}","templated":true}]}}