{"id":608,"date":"2014-05-20T11:34:54","date_gmt":"2014-05-20T09:34:54","guid":{"rendered":"http:\/\/www.maritimemeile-haren.de\/admin\/?page_id=608"},"modified":"2014-11-05T15:20:15","modified_gmt":"2014-11-05T13:20:15","slug":"340-reederei-deymann-management-gmbh-co-kg","status":"publish","type":"page","link":"http:\/\/www.maritimemeile-haren.de\/admin\/340-reederei-deymann-management-gmbh-co-kg\/","title":{"rendered":"340 REEDEREI DEYMANN"},"content":{"rendered":"<p><a href=\"http:\/\/www.maritimemeile-haren.de\/admin\/wp-content\/uploads\/2014\/05\/340_tab1.jpg\"><img loading=\"lazy\" decoding=\"async\" class=\"alignnone size-full wp-image-4908\" src=\"http:\/\/www.maritimemeile-haren.de\/admin\/wp-content\/uploads\/2014\/05\/340_tab1.jpg\" alt=\"Layout 1\" width=\"600\" height=\"292\" srcset=\"http:\/\/www.maritimemeile-haren.de\/admin\/wp-content\/uploads\/2014\/05\/340_tab1.jpg 600w, http:\/\/www.maritimemeile-haren.de\/admin\/wp-content\/uploads\/2014\/05\/340_tab1-300x146.jpg 300w\" sizes=\"(max-width: 600px) 100vw, 600px\" \/><\/a><\/p>\n<p><span style=\"font-size: 12pt;\"><a href=\"http:\/\/www.reederei-deymann.de\">www.reederei-deymann.de<\/a><\/span><\/p>\n<p><a href=\"http:\/\/www.maritimemeile-haren.de\/admin\/wp-content\/uploads\/2014\/05\/340_Reederei-Deymann_1.jpg\"><img loading=\"lazy\" decoding=\"async\" class=\"alignnone size-full wp-image-2239\" src=\"http:\/\/www.maritimemeile-haren.de\/admin\/wp-content\/uploads\/2014\/05\/340_Reederei-Deymann_1.jpg\" alt=\"340_Reederei Deymann_1\" width=\"600\" height=\"398\" srcset=\"http:\/\/www.maritimemeile-haren.de\/admin\/wp-content\/uploads\/2014\/05\/340_Reederei-Deymann_1.jpg 600w, http:\/\/www.maritimemeile-haren.de\/admin\/wp-content\/uploads\/2014\/05\/340_Reederei-Deymann_1-300x199.jpg 300w\" sizes=\"(max-width: 600px) 100vw, 600px\" \/><\/a><\/p>\n<p><span style=\"font-size: 10pt;\">Reederei Deymann<\/span><\/p>\n<p><a href=\"http:\/\/www.maritimemeile-haren.de\/admin\/wp-content\/uploads\/2014\/05\/340_304.jpg\"><img loading=\"lazy\" decoding=\"async\" class=\"alignnone size-full wp-image-3700\" src=\"http:\/\/www.maritimemeile-haren.de\/admin\/wp-content\/uploads\/2014\/05\/340_304.jpg\" alt=\"340_304\" width=\"300\" height=\"554\" srcset=\"http:\/\/www.maritimemeile-haren.de\/admin\/wp-content\/uploads\/2014\/05\/340_304.jpg 300w, http:\/\/www.maritimemeile-haren.de\/admin\/wp-content\/uploads\/2014\/05\/340_304-162x300.jpg 162w\" sizes=\"(max-width: 300px) 100vw, 300px\" \/><\/a><\/p>\n<p><span style=\"font-size: 10pt;\">Martin Deymann<\/span><\/p>\n<h5>Biografie Martin Deymann<\/h5>\n<p><span style=\"font-size: 12pt;\">1992 selbstst\u00e4ndig Kauf Aviso II (I)<\/span><br \/>\n<span style=\"font-size: 12pt;\">1999 Kauf Aviso II (II)<\/span><br \/>\n<span style=\"font-size: 12pt;\"><em>2003<\/em> Taufe Aviso II (III)<\/span><br \/>\n<span style=\"font-size: 12pt;\">2005 Taufe Aviso II (IV)<\/span><\/p>\n<p><span style=\"font-size: 12pt;\">2003 Gr\u00fcndung \u201eReederei Gerhardt &amp; Deymann<\/span><br \/>\n<span style=\"font-size: 12pt;\">2005 an Land<\/span><br \/>\n<span style=\"font-size: 12pt;\">2005 B\u00fcro in Haren (8 Schiffe)<\/span><br \/>\n<span style=\"font-size: 12pt;\">2007 Umfirmierung zu Reederei Deymann<\/span><br \/>\n<span style=\"font-size: 12pt;\">2014 26 Schiffe<\/span><\/p>\n<p><a href=\"http:\/\/www.maritimemeile-haren.de\/admin\/wp-content\/uploads\/2014\/05\/Deymann_Artikel.pdf\"><img loading=\"lazy\" decoding=\"async\" class=\"alignnone size-full wp-image-4911\" src=\"http:\/\/www.maritimemeile-haren.de\/admin\/wp-content\/uploads\/2014\/05\/Deymann_Artikel.jpg\" alt=\"Deymann_Artikel\" width=\"300\" height=\"452\" srcset=\"http:\/\/www.maritimemeile-haren.de\/admin\/wp-content\/uploads\/2014\/05\/Deymann_Artikel.jpg 300w, http:\/\/www.maritimemeile-haren.de\/admin\/wp-content\/uploads\/2014\/05\/Deymann_Artikel-199x300.jpg 199w\" sizes=\"(max-width: 300px) 100vw, 300px\" \/><\/a><\/p>\n<p><!--nextpage--><\/p>\n<p><a href=\"http:\/\/www.maritimemeile-haren.de\/admin\/wp-content\/uploads\/2014\/05\/340_303.jpg\"><img loading=\"lazy\" decoding=\"async\" class=\"alignnone size-full wp-image-3701\" src=\"http:\/\/www.maritimemeile-haren.de\/admin\/wp-content\/uploads\/2014\/05\/340_303.jpg\" alt=\"340_303\" width=\"600\" height=\"367\" srcset=\"http:\/\/www.maritimemeile-haren.de\/admin\/wp-content\/uploads\/2014\/05\/340_303.jpg 600w, http:\/\/www.maritimemeile-haren.de\/admin\/wp-content\/uploads\/2014\/05\/340_303-300x183.jpg 300w\" sizes=\"(max-width: 600px) 100vw, 600px\" \/><\/a><\/p>\n<p><a href=\"http:\/\/www.maritimemeile-haren.de\/admin\/wp-content\/uploads\/2014\/05\/340_302.jpg\"><img loading=\"lazy\" decoding=\"async\" class=\"alignnone size-full wp-image-3702\" src=\"http:\/\/www.maritimemeile-haren.de\/admin\/wp-content\/uploads\/2014\/05\/340_302.jpg\" alt=\"340_302\" width=\"600\" height=\"315\" srcset=\"http:\/\/www.maritimemeile-haren.de\/admin\/wp-content\/uploads\/2014\/05\/340_302.jpg 600w, http:\/\/www.maritimemeile-haren.de\/admin\/wp-content\/uploads\/2014\/05\/340_302-300x157.jpg 300w\" sizes=\"(max-width: 600px) 100vw, 600px\" \/><\/a><\/p>\n<p><a href=\"http:\/\/www.maritimemeile-haren.de\/admin\/wp-content\/uploads\/2014\/05\/340_301.jpg\"><img loading=\"lazy\" decoding=\"async\" class=\"alignnone size-full wp-image-3703\" src=\"http:\/\/www.maritimemeile-haren.de\/admin\/wp-content\/uploads\/2014\/05\/340_301.jpg\" alt=\"OLYMPUS DIGITAL CAMERA\" width=\"600\" height=\"292\" srcset=\"http:\/\/www.maritimemeile-haren.de\/admin\/wp-content\/uploads\/2014\/05\/340_301.jpg 600w, http:\/\/www.maritimemeile-haren.de\/admin\/wp-content\/uploads\/2014\/05\/340_301-300x146.jpg 300w\" sizes=\"(max-width: 600px) 100vw, 600px\" \/><\/a><!--nextpage--><\/p>\n<p>&nbsp;<\/p>\n<p>&nbsp;<\/p>\n<p><a href=\"http:\/\/www.maritimemeile-haren.de\/admin\/wp-content\/uploads\/2014\/05\/340_300.jpg\"><img loading=\"lazy\" decoding=\"async\" class=\"alignnone size-full wp-image-3704\" src=\"http:\/\/www.maritimemeile-haren.de\/admin\/wp-content\/uploads\/2014\/05\/340_300.jpg\" alt=\"340_300\" width=\"600\" height=\"237\" srcset=\"http:\/\/www.maritimemeile-haren.de\/admin\/wp-content\/uploads\/2014\/05\/340_300.jpg 600w, http:\/\/www.maritimemeile-haren.de\/admin\/wp-content\/uploads\/2014\/05\/340_300-300x118.jpg 300w\" sizes=\"(max-width: 600px) 100vw, 600px\" \/><\/a><\/p>\n<p><a href=\"http:\/\/www.maritimemeile-haren.de\/admin\/wp-content\/uploads\/2014\/05\/Deymann_301.jpg\"><img loading=\"lazy\" decoding=\"async\" class=\"alignnone size-full wp-image-3585\" src=\"http:\/\/www.maritimemeile-haren.de\/admin\/wp-content\/uploads\/2014\/05\/Deymann_301.jpg\" alt=\"Deymann_301\" width=\"600\" height=\"314\" srcset=\"http:\/\/www.maritimemeile-haren.de\/admin\/wp-content\/uploads\/2014\/05\/Deymann_301.jpg 600w, http:\/\/www.maritimemeile-haren.de\/admin\/wp-content\/uploads\/2014\/05\/Deymann_301-300x157.jpg 300w\" sizes=\"(max-width: 600px) 100vw, 600px\" \/><\/a><\/p>\n<p><a href=\"http:\/\/www.maritimemeile-haren.de\/admin\/wp-content\/uploads\/2014\/05\/Deymann_300.jpg\"><img loading=\"lazy\" decoding=\"async\" class=\"alignnone size-full wp-image-3586\" src=\"http:\/\/www.maritimemeile-haren.de\/admin\/wp-content\/uploads\/2014\/05\/Deymann_300.jpg\" alt=\"Deymann_300\" width=\"600\" height=\"354\" srcset=\"http:\/\/www.maritimemeile-haren.de\/admin\/wp-content\/uploads\/2014\/05\/Deymann_300.jpg 600w, http:\/\/www.maritimemeile-haren.de\/admin\/wp-content\/uploads\/2014\/05\/Deymann_300-300x177.jpg 300w\" sizes=\"(max-width: 600px) 100vw, 600px\" \/><\/a><\/p>\n<p><!--nextpage--><\/p>\n<h5>Zur Geschichte:<\/h5>\n<h5>Ausz\u00fcge aus Band II<\/h5>\n<p><a href=\"http:\/\/www.maritimemeile-haren.de\/admin\/wp-content\/uploads\/2014\/05\/340_8.jpg\"><img loading=\"lazy\" decoding=\"async\" class=\"alignnone size-full wp-image-3183\" src=\"http:\/\/www.maritimemeile-haren.de\/admin\/wp-content\/uploads\/2014\/05\/340_8.jpg\" alt=\"340_8\" width=\"600\" height=\"229\" srcset=\"http:\/\/www.maritimemeile-haren.de\/admin\/wp-content\/uploads\/2014\/05\/340_8.jpg 600w, http:\/\/www.maritimemeile-haren.de\/admin\/wp-content\/uploads\/2014\/05\/340_8-300x114.jpg 300w\" sizes=\"(max-width: 600px) 100vw, 600px\" \/><\/a><\/p>\n<p><span style=\"font-size: 10pt;\">AVISO II mit 4 Lagen Containern in Wesel (Foto: Martin Deymann)<\/span><\/p>\n<p style=\"text-align: justify;\"><span style=\"font-size: 12pt;\">Die Geschichte des Betriebes beginnt mit dem Schneidermeister Otto Deymann (*1905) und seiner Frau Maria, geb. Westerkamp (*1907). Sie hatten zusammen acht Kinder (6 J \/ 2 M), von denen sich zwei Jungen der Schifffahrt zuwandten. Otto (*1939) erlernte den Beruf ab 1954 auf dem Binnenschiff &#8222;RITA&#8220; und wechselte 1955 in die Seefahrt. Er fuhr auf der &#8222;WITTEKIND&#8220;, machte 1960 sein Kapit\u00e4nspatent an der Seefahrtschule Leer und war bis 1964 als Steuermann auf M\/S &#8222;REINT&#8220; besch\u00e4ftigt. Im selben Jahr erwarb er das M\/S &#8222;AVISO&#8220; und wagte damit den Schritt in die Selbstst\u00e4ndigkeit.<\/span><\/p>\n<p style=\"text-align: justify;\"><a href=\"http:\/\/www.maritimemeile-haren.de\/admin\/wp-content\/uploads\/2014\/05\/340_7.jpg\"><img loading=\"lazy\" decoding=\"async\" class=\"alignnone size-full wp-image-3184\" src=\"http:\/\/www.maritimemeile-haren.de\/admin\/wp-content\/uploads\/2014\/05\/340_7.jpg\" alt=\"340_7\" width=\"600\" height=\"383\" srcset=\"http:\/\/www.maritimemeile-haren.de\/admin\/wp-content\/uploads\/2014\/05\/340_7.jpg 600w, http:\/\/www.maritimemeile-haren.de\/admin\/wp-content\/uploads\/2014\/05\/340_7-300x191.jpg 300w\" sizes=\"(max-width: 600px) 100vw, 600px\" \/><\/a><\/p>\n<p><span style=\"font-size: 10pt;\">Familie Deymann (1962) v.l.: Luise, Rudolf, Bernhard G\u00fcnter, Maria (*1907),<\/span><br \/>\n<span style=\"font-size: 10pt;\">Otto, Maria, Otto (*1905), Walter, Reinhold<\/span><\/p>\n<p style=\"text-align: justify;\"><span style=\"font-size: 12pt;\">1969 kaufte er die &#8222;MARIA LUISE&#8220;, auf der er bis zum Verkauf 1998 t\u00e4tig war. Die &#8222;AVISO&#8220; ging an seinen Bruder Rudolf. Rudolf (*1945) fuhr zun\u00e4chst als Decksjunge auf dem K\u00fcstenmotorschiff &#8222;JOHANN SCHEPERS&#8220; , wechselte dann in die Binnenfahrt und machte sich 1968 mit der &#8222;AVISO&#8220; selbstst\u00e4ndig. Im Jahre 1989 erwarb er mit der &#8222;AVISO II&#8220; ein gr\u00f6\u00dferes Schiff, das er 1992 an seinen \u00e4ltesten Sohn Martin verkaufte, der wie seine Br\u00fcder Manfred und Thomas die Schifffahrtstradition fortf\u00fchren. Auch in seiner Freizeit bleibt Rudolf Deymann der Schifffahrt weiterhin treu: Er hilft seinen S\u00f6hnen und kaufte 1993 das ehemalige Streckenboot &#8222;D\u00d6RPEN&#8220; des WSA Meppen, dem er den traditionellen Namen &#8222;AVISO&#8220; gab. Martin (*1970) begann seine Lehre 1987 auf dem elterlichen Schiff; er erwarb die n\u00f6tigen Patente und kaufte 1992 die &#8222;AVISO II&#8220;, mit der er in die Containerfahrt einstieg. 1997 heiratete er Tanja Kappen, die ihren gelernten Beruf aufgab, &#8218;umschulte&#8216; und im Jahre 2000 das Rheinpatent machte.<\/span><\/p>\n<p style=\"text-align: justify;\"><a href=\"http:\/\/www.maritimemeile-haren.de\/admin\/wp-content\/uploads\/2014\/05\/340_10.jpg\"><img loading=\"lazy\" decoding=\"async\" class=\"alignnone size-full wp-image-3181\" src=\"http:\/\/www.maritimemeile-haren.de\/admin\/wp-content\/uploads\/2014\/05\/340_10.jpg\" alt=\"340_10\" width=\"600\" height=\"389\" srcset=\"http:\/\/www.maritimemeile-haren.de\/admin\/wp-content\/uploads\/2014\/05\/340_10.jpg 600w, http:\/\/www.maritimemeile-haren.de\/admin\/wp-content\/uploads\/2014\/05\/340_10-300x194.jpg 300w\" sizes=\"(max-width: 600px) 100vw, 600px\" \/><\/a><\/p>\n<p><span style=\"font-size: 10pt;\">Otto Deymann (*1939) (Foto: Otto Deymann) an Bord der MARIA LUISE<\/span><\/p>\n<p><!--nextpage--><\/p>\n<p style=\"text-align: justify;\"><span style=\"font-size: 12pt;\">1999 wurde die erste AVISO II verkauft und ein gr\u00f6\u00dferes Schiff aus den Niederlanden erworben. Gemeinsam gr\u00fcndeten sie 2002 die M + T Deymann GbR, verkauften das alte Schiff und lie\u00dfen das zur Zeit gr\u00f6\u00dfte Harener Binnenschiff bauen, das sie auf den Namen &#8222;AVISO II&#8220; tauften. Dieser Neubau ist 110 Meter lang, 11,45 Meter breit, hat einen Tiefgang von 3,60 Meter und ein Ladeverm\u00f6gen von 3.206 t; die Containerkapazit\u00e4t bel\u00e4uft sich auf 208 TEU in vier Lagen. In K\u00fcrze wird die \u201cAVISO II\u201d bereits wieder verkauft; ein Tankschiff (Typ C) gleicher Gr\u00f6\u00dfe und mit Edelstahltanks ausger\u00fcstet wurde bei der Schiffswerft Damen in Millingen in Auftrag gegeben und wird im April 2005 f\u00fcr die M + T Deymann GbR in Fahrt gehen.<\/span><\/p>\n<p style=\"text-align: justify;\"><span style=\"font-size: 12pt;\">Nur drei Monate sp\u00e4ter folgt im Auftrag der Fa. Gerhardt &amp; Deymann GmbH &amp; Co. KG die \u201cLEONIE DEYMANN\u201d, ein Schwesterschiff der \u201cAVISO II\u201d. Gleichzeitig wird das Tankschiff \u201cLRG 212\u201d zu einem C Typ Tanker umgebaut und anschlie\u00dfend als \u201cMARTEN DEYMANN\u201d die Kan\u00e4le befahren. Manfred (*1972) erlernte den Beruf des Schiffsf\u00fchrers bei der Tankerfirma R\u00fcckwarth aus Minden. Nach dem erfolgreichen Erwerb der Patente begann er 1994 mit der &#8222;AVISO III&#8220; sein Leben als selbstst\u00e4ndiger Binnenschiffer und spezialisierte sich auf den Transport von Containern. <\/span><\/p>\n<p style=\"text-align: justify;\"><a href=\"http:\/\/www.maritimemeile-haren.de\/admin\/wp-content\/uploads\/2014\/05\/340_9.jpg\"><img loading=\"lazy\" decoding=\"async\" class=\"alignnone size-full wp-image-3182\" src=\"http:\/\/www.maritimemeile-haren.de\/admin\/wp-content\/uploads\/2014\/05\/340_9.jpg\" alt=\"340_9\" width=\"600\" height=\"378\" srcset=\"http:\/\/www.maritimemeile-haren.de\/admin\/wp-content\/uploads\/2014\/05\/340_9.jpg 600w, http:\/\/www.maritimemeile-haren.de\/admin\/wp-content\/uploads\/2014\/05\/340_9-300x189.jpg 300w\" sizes=\"(max-width: 600px) 100vw, 600px\" \/><\/a><\/p>\n<p style=\"text-align: justify;\"><span style=\"font-size: 12pt;\">Auch seine Frau Christiane machte die erforderlichen Patente und trug damit ihren Teil dazu bei, dass beide im Dezember 2000 mit ihrem Neubau &#8222;AVISO I&#8220; in Fahrt gehen konnten. Das Schiff ist 85,00 m lang, 9,60 m breit, hat einen Tiefgang von 3,20 m und eine Tragf\u00e4higkeit von 1.800 t (120 TEU). Durch die Mitnahme von Schubleichtern kann die Tonnage um das Doppelte, die Containerkapazit\u00e4t um das Dreifache vergr\u00f6\u00dfert werden. Ihr altes Schiff, die &#8222;AVISO III&#8220; wurde an den j\u00fcngsten Bruder verkauft. Thomas (*1976) machte die Ausbildung bei seinem Vater Rudolf und seinem Bruder Martin. Danach fuhr er auf Container- (Fa. Seibert) und Tankschiffen (Fa. Stolt) in der Rheinschifffahrt und erwarb seine Patente. Im Dezember 2000 machte auch er sich mit dem Kauf der &#8222;AVISO III&#8220; selbstst\u00e4ndig.<\/span><\/p>\n","protected":false},"excerpt":{"rendered":"<p>www.reederei-deymann.de Reederei Deymann Martin Deymann Biografie Martin Deymann 1992 selbstst\u00e4ndig Kauf Aviso II (I) 1999 Kauf Aviso II (II) 2003 Taufe Aviso II (III) 2005 Taufe Aviso II (IV) 2003&hellip; <\/p>\n","protected":false},"author":1,"featured_media":0,"parent":0,"menu_order":340,"comment_status":"closed","ping_status":"closed","template":"","meta":{"footnotes":""},"_links":{"self":[{"href":"http:\/\/www.maritimemeile-haren.de\/admin\/wp-json\/wp\/v2\/pages\/608"}],"collection":[{"href":"http:\/\/www.maritimemeile-haren.de\/admin\/wp-json\/wp\/v2\/pages"}],"about":[{"href":"http:\/\/www.maritimemeile-haren.de\/admin\/wp-json\/wp\/v2\/types\/page"}],"author":[{"embeddable":true,"href":"http:\/\/www.maritimemeile-haren.de\/admin\/wp-json\/wp\/v2\/users\/1"}],"replies":[{"embeddable":true,"href":"http:\/\/www.maritimemeile-haren.de\/admin\/wp-json\/wp\/v2\/comments?post=608"}],"version-history":[{"count":27,"href":"http:\/\/www.maritimemeile-haren.de\/admin\/wp-json\/wp\/v2\/pages\/608\/revisions"}],"predecessor-version":[{"id":4915,"href":"http:\/\/www.maritimemeile-haren.de\/admin\/wp-json\/wp\/v2\/pages\/608\/revisions\/4915"}],"wp:attachment":[{"href":"http:\/\/www.maritimemeile-haren.de\/admin\/wp-json\/wp\/v2\/media?parent=608"}],"curies":[{"name":"wp","href":"https:\/\/api.w.org\/{rel}","templated":true}]}}